{"id":16590,"date":"2024-04-10T17:34:44","date_gmt":"2024-04-10T17:34:44","guid":{"rendered":"https:\/\/stag.lawhiskeria.cr\/?page_id=16590"},"modified":"2026-04-20T02:51:10","modified_gmt":"2026-04-20T02:51:10","slug":"enofilos-abc-del-vino","status":"publish","type":"page","link":"https:\/\/lawhiskeria.cr\/?page_id=16590","title":{"rendered":"En\u00f3filos ABC del Vino"},"content":{"rendered":"\t\t<div data-elementor-type=\"wp-page\" data-elementor-id=\"16590\" class=\"elementor elementor-16590\">\n\t\t\t\t<div class=\"wd-negative-gap elementor-element elementor-element-3c135ff e-flex e-con-boxed e-con e-parent\" data-id=\"3c135ff\" data-element_type=\"container\" data-e-type=\"container\">\n\t\t\t\t\t<div class=\"e-con-inner\">\n\t\t<div class=\"elementor-element elementor-element-3ad3d5b e-con-full e-flex e-con e-child\" data-id=\"3ad3d5b\" data-element_type=\"container\" data-e-type=\"container\">\n\t\t\t\t<div class=\"elementor-element elementor-element-2b484f4 elementor-widget elementor-widget-heading\" data-id=\"2b484f4\" data-element_type=\"widget\" data-e-type=\"widget\" data-widget_type=\"heading.default\">\n\t\t\t\t<div class=\"elementor-widget-container\">\n\t\t\t\t\t<h2 class=\"elementor-heading-title elementor-size-default\">\"Convento Oreja Memoria\"<\/h2>\t\t\t\t<\/div>\n\t\t\t\t<\/div>\n\t\t\t\t<div class=\"elementor-element elementor-element-b042172 elementor-widget elementor-widget-wd_text_block\" data-id=\"b042172\" data-element_type=\"widget\" data-e-type=\"widget\" data-widget_type=\"wd_text_block.default\">\n\t\t\t\t<div class=\"elementor-widget-container\">\n\t\t\t\t\t\t\t<div class=\"wd-text-block reset-last-child text-center\">\n\t\t\t\n\t\t\t<p style=\"text-align: center;\">Te invitamos a un nuevo episodio de nuestro podcast del vino, donde exploraremos el Convento Oreja Memoria Reserva 2021, un vino que habla de origen, altura y precisi\u00f3n.<\/p><p style=\"text-align: center;\">Un Reserva 100% Tempranillo con 93 puntos, nacido a 900 metros y criado 13 meses en roble franc\u00e9s: intenso, sedoso, equilibrado y de gran persistencia.<\/p><p style=\"text-align: center;\">Invitada especial: Sommelier Jimena Sibaja.<\/p><p>21 de abril 2026.<\/p>\n\t\t\t\t\t<\/div>\n\t\t\t\t\t\t<\/div>\n\t\t\t\t<\/div>\n\t\t\t\t<\/div>\n\t\t<div class=\"elementor-element elementor-element-f2651d3 e-con-full e-flex e-con e-child\" data-id=\"f2651d3\" data-element_type=\"container\" data-e-type=\"container\">\n\t\t\t\t<div class=\"elementor-element elementor-element-f91aa5f elementor-widget elementor-widget-video\" data-id=\"f91aa5f\" data-element_type=\"widget\" data-e-type=\"widget\" data-settings=\"{&quot;youtube_url&quot;:&quot;https:\\\/\\\/www.youtube.com\\\/watch?v=ih76OeeV5V8&quot;,&quot;video_type&quot;:&quot;youtube&quot;,&quot;controls&quot;:&quot;yes&quot;}\" data-widget_type=\"video.default\">\n\t\t\t\t<div class=\"elementor-widget-container\">\n\t\t\t\t\t\t\t<div class=\"elementor-wrapper elementor-open-inline\">\n\t\t\t<div class=\"elementor-video\"><\/div>\t\t<\/div>\n\t\t\t\t\t\t<\/div>\n\t\t\t\t<\/div>\n\t\t\t\t<\/div>\n\t\t\t\t\t<\/div>\n\t\t\t\t<\/div>\n\t\t<div class=\"wd-negative-gap elementor-element elementor-element-a6818ea e-flex e-con-boxed e-con e-parent\" data-id=\"a6818ea\" data-element_type=\"container\" data-e-type=\"container\">\n\t\t\t\t\t<div class=\"e-con-inner\">\n\t\t<div class=\"elementor-element elementor-element-8875d4e e-con-full e-flex e-con e-child\" data-id=\"8875d4e\" data-element_type=\"container\" data-e-type=\"container\">\n\t\t\t\t<div class=\"elementor-element elementor-element-5a82353 elementor-widget elementor-widget-heading\" data-id=\"5a82353\" data-element_type=\"widget\" data-e-type=\"widget\" data-widget_type=\"heading.default\">\n\t\t\t\t<div class=\"elementor-widget-container\">\n\t\t\t\t\t<h2 class=\"elementor-heading-title elementor-size-default\">\"Balsa de Piedra Malbec &amp; Cabernet Franc\"<\/h2>\t\t\t\t<\/div>\n\t\t\t\t<\/div>\n\t\t\t\t<div class=\"elementor-element elementor-element-01036e5 elementor-widget elementor-widget-wd_text_block\" data-id=\"01036e5\" data-element_type=\"widget\" data-e-type=\"widget\" data-widget_type=\"wd_text_block.default\">\n\t\t\t\t<div class=\"elementor-widget-container\">\n\t\t\t\t\t\t\t<div class=\"wd-text-block reset-last-child text-center\">\n\t\t\t\n\t\t\t<p style=\"text-align: center;\">Este martes nos vamos directo a Tupungato con un vino que habla claro: fresco, elegante y con puro car\u00e1cter de altura.<\/p><p style=\"text-align: center;\">Acomp\u00e1\u00f1anos a descubrir junto a Jos\u00e9 Pablo Castro, el Michelini i Mufatto \u2013 Balsa de Piedra Malbec &amp; Cabernet Franc 2021, un blend que combina fruta, tensi\u00f3n y mucha personalidad. Una conversaci\u00f3n sin filtros sobre vino, terroir y lo que realmente hay detr\u00e1s de la botella.<\/p><p style=\"text-align: center;\">Con\u00e9ctate en vivo, s\u00edrvete una copa y disfruta con nosotros.<\/p><p>7 de abril 2026.<\/p>\n\t\t\t\t\t<\/div>\n\t\t\t\t\t\t<\/div>\n\t\t\t\t<\/div>\n\t\t\t\t<\/div>\n\t\t<div class=\"elementor-element elementor-element-6ebd986 e-con-full e-flex e-con e-child\" data-id=\"6ebd986\" data-element_type=\"container\" data-e-type=\"container\">\n\t\t\t\t<div class=\"elementor-element elementor-element-0509ed0 elementor-widget elementor-widget-video\" data-id=\"0509ed0\" data-element_type=\"widget\" data-e-type=\"widget\" data-settings=\"{&quot;youtube_url&quot;:&quot;https:\\\/\\\/www.youtube.com\\\/watch?v=bSTkcSxN1qY&quot;,&quot;video_type&quot;:&quot;youtube&quot;,&quot;controls&quot;:&quot;yes&quot;}\" data-widget_type=\"video.default\">\n\t\t\t\t<div class=\"elementor-widget-container\">\n\t\t\t\t\t\t\t<div class=\"elementor-wrapper elementor-open-inline\">\n\t\t\t<div class=\"elementor-video\"><\/div>\t\t<\/div>\n\t\t\t\t\t\t<\/div>\n\t\t\t\t<\/div>\n\t\t\t\t<\/div>\n\t\t\t\t\t<\/div>\n\t\t\t\t<\/div>\n\t\t<div class=\"wd-negative-gap elementor-element elementor-element-22f8e16 e-flex e-con-boxed e-con e-parent\" data-id=\"22f8e16\" data-element_type=\"container\" data-e-type=\"container\">\n\t\t\t\t\t<div class=\"e-con-inner\">\n\t\t<div class=\"elementor-element elementor-element-9819cda e-con-full e-flex e-con e-child\" data-id=\"9819cda\" data-element_type=\"container\" data-e-type=\"container\">\n\t\t\t\t<div class=\"elementor-element elementor-element-5dfba09 elementor-widget elementor-widget-heading\" data-id=\"5dfba09\" data-element_type=\"widget\" data-e-type=\"widget\" data-widget_type=\"heading.default\">\n\t\t\t\t<div class=\"elementor-widget-container\">\n\t\t\t\t\t<h2 class=\"elementor-heading-title elementor-size-default\">\"Alce\u00f1o 4 Organic\"<\/h2>\t\t\t\t<\/div>\n\t\t\t\t<\/div>\n\t\t\t\t<div class=\"elementor-element elementor-element-09d6d04 elementor-widget elementor-widget-wd_text_block\" data-id=\"09d6d04\" data-element_type=\"widget\" data-e-type=\"widget\" data-widget_type=\"wd_text_block.default\">\n\t\t\t\t<div class=\"elementor-widget-container\">\n\t\t\t\t\t\t\t<div class=\"wd-text-block reset-last-child text-center\">\n\t\t\t\n\t\t\t<p style=\"text-align: center;\">Este martes en En\u00f3filos nos vamos directo a Jumilla para descubrir un vino que sorprende por su car\u00e1cter y equilibrio: Alce\u00f1o 4 Meses.<\/p><p style=\"text-align: center;\">Acomp\u00e1\u00f1anos este martes 24 de marzo a las 8:00 pm junto a nuestro invitado Jos\u00e9 Pablo Castro, donde hablaremos de su origen, perfil, y todo lo que hay detr\u00e1s de este tinto que vale la pena conocer y disfrutar. Si te gusta el vino sin complicaciones, pero con personalidad, este episodio es para vos.<\/p><p>24 de marzo 2026.<\/p>\n\t\t\t\t\t<\/div>\n\t\t\t\t\t\t<\/div>\n\t\t\t\t<\/div>\n\t\t\t\t<\/div>\n\t\t<div class=\"elementor-element elementor-element-e7d9656 e-con-full e-flex e-con e-child\" data-id=\"e7d9656\" data-element_type=\"container\" data-e-type=\"container\">\n\t\t\t\t<div class=\"elementor-element elementor-element-d9ff63e elementor-widget elementor-widget-video\" data-id=\"d9ff63e\" data-element_type=\"widget\" data-e-type=\"widget\" data-settings=\"{&quot;youtube_url&quot;:&quot;https:\\\/\\\/www.youtube.com\\\/watch?v=P8mYixck56Q&quot;,&quot;video_type&quot;:&quot;youtube&quot;,&quot;controls&quot;:&quot;yes&quot;}\" data-widget_type=\"video.default\">\n\t\t\t\t<div class=\"elementor-widget-container\">\n\t\t\t\t\t\t\t<div class=\"elementor-wrapper elementor-open-inline\">\n\t\t\t<div class=\"elementor-video\"><\/div>\t\t<\/div>\n\t\t\t\t\t\t<\/div>\n\t\t\t\t<\/div>\n\t\t\t\t<\/div>\n\t\t\t\t\t<\/div>\n\t\t\t\t<\/div>\n\t\t<div class=\"wd-negative-gap elementor-element elementor-element-f6a94d9 e-flex e-con-boxed e-con e-parent\" data-id=\"f6a94d9\" data-element_type=\"container\" data-e-type=\"container\">\n\t\t\t\t\t<div class=\"e-con-inner\">\n\t\t<div class=\"elementor-element elementor-element-de7157e e-con-full e-flex e-con e-child\" data-id=\"de7157e\" data-element_type=\"container\" data-e-type=\"container\">\n\t\t\t\t<div class=\"elementor-element elementor-element-e082a61 elementor-widget elementor-widget-heading\" data-id=\"e082a61\" data-element_type=\"widget\" data-e-type=\"widget\" data-widget_type=\"heading.default\">\n\t\t\t\t<div class=\"elementor-widget-container\">\n\t\t\t\t\t<h2 class=\"elementor-heading-title elementor-size-default\">\"Alegro - Rioja\"<\/h2>\t\t\t\t<\/div>\n\t\t\t\t<\/div>\n\t\t\t\t<div class=\"elementor-element elementor-element-32649ca elementor-widget elementor-widget-wd_text_block\" data-id=\"32649ca\" data-element_type=\"widget\" data-e-type=\"widget\" data-widget_type=\"wd_text_block.default\">\n\t\t\t\t<div class=\"elementor-widget-container\">\n\t\t\t\t\t\t\t<div class=\"wd-text-block reset-last-child text-center\">\n\t\t\t\n\t\t\t<p style=\"text-align: center;\">Este martes en En\u00f3filos conoceremos dos vinos que representan muy bien la esencia de la Rioja DOCa: Alegro Tempranillo y Alegro Crianza. Dos expresiones del tempranillo que muestran el car\u00e1cter de esta hist\u00f3rica regi\u00f3n espa\u00f1ola, desde la frescura y fruta del Tempranillo joven hasta la mayor complejidad que aporta la crianza en barrica.<\/p><p style=\"text-align: center;\">Junto a Jos\u00e9 Pablo Castro conversaremos sobre su origen, su proceso de elaboraci\u00f3n y las caracter\u00edsticas que hacen de estos vinos una expresi\u00f3n aut\u00e9ntica del tempranillo.<\/p><p>10 de marzo 2026.<\/p>\n\t\t\t\t\t<\/div>\n\t\t\t\t\t\t<\/div>\n\t\t\t\t<\/div>\n\t\t\t\t<\/div>\n\t\t<div class=\"elementor-element elementor-element-97dec8a e-con-full e-flex e-con e-child\" data-id=\"97dec8a\" data-element_type=\"container\" data-e-type=\"container\">\n\t\t\t\t<div class=\"elementor-element elementor-element-58f2441 elementor-widget elementor-widget-video\" data-id=\"58f2441\" data-element_type=\"widget\" data-e-type=\"widget\" data-settings=\"{&quot;youtube_url&quot;:&quot;https:\\\/\\\/www.youtube.com\\\/watch?v=xiym9mxFiwk&quot;,&quot;video_type&quot;:&quot;youtube&quot;,&quot;controls&quot;:&quot;yes&quot;}\" data-widget_type=\"video.default\">\n\t\t\t\t<div class=\"elementor-widget-container\">\n\t\t\t\t\t\t\t<div class=\"elementor-wrapper elementor-open-inline\">\n\t\t\t<div class=\"elementor-video\"><\/div>\t\t<\/div>\n\t\t\t\t\t\t<\/div>\n\t\t\t\t<\/div>\n\t\t\t\t<\/div>\n\t\t\t\t\t<\/div>\n\t\t\t\t<\/div>\n\t\t<div class=\"wd-negative-gap elementor-element elementor-element-5b76698 e-flex e-con-boxed e-con e-parent\" data-id=\"5b76698\" data-element_type=\"container\" data-e-type=\"container\">\n\t\t\t\t\t<div class=\"e-con-inner\">\n\t\t<div class=\"elementor-element elementor-element-61883d7 e-con-full e-flex e-con e-child\" data-id=\"61883d7\" data-element_type=\"container\" data-e-type=\"container\">\n\t\t\t\t<div class=\"elementor-element elementor-element-1f079d5 elementor-widget elementor-widget-heading\" data-id=\"1f079d5\" data-element_type=\"widget\" data-e-type=\"widget\" data-widget_type=\"heading.default\">\n\t\t\t\t<div class=\"elementor-widget-container\">\n\t\t\t\t\t<h2 class=\"elementor-heading-title elementor-size-default\">\"Magna Vides Tinto\"<\/h2>\t\t\t\t<\/div>\n\t\t\t\t<\/div>\n\t\t\t\t<div class=\"elementor-element elementor-element-ff39a28 elementor-widget elementor-widget-wd_text_block\" data-id=\"ff39a28\" data-element_type=\"widget\" data-e-type=\"widget\" data-widget_type=\"wd_text_block.default\">\n\t\t\t\t<div class=\"elementor-widget-container\">\n\t\t\t\t\t\t\t<div class=\"wd-text-block reset-last-child text-center\">\n\t\t\t\n\t\t\t<p style=\"text-align: center;\">Este martes viajamos al coraz\u00f3n de la Ribera del Duero para descorchar Magna Vides, nacido de vi\u00f1edos centenarios en La Aguilera, una de las zonas m\u00e1s codiciadas de Ribera del Duero. Un vino con ra\u00edz profunda y car\u00e1cter aut\u00e9ntico.<\/p><p style=\"text-align: center;\">Junto a Jos\u00e9 Pablo Castro exploraremos la filosof\u00eda detr\u00e1s del proyecto, el valor de las cepas viejas y una elaboraci\u00f3n que busca expresar la tierra con precisi\u00f3n y alma. Un Ribera que rompe expectativas y convierte cada botella en un puente entre pasado y presente.<\/p><p>24 de febrero 2026.<\/p>\n\t\t\t\t\t<\/div>\n\t\t\t\t\t\t<\/div>\n\t\t\t\t<\/div>\n\t\t\t\t<\/div>\n\t\t<div class=\"elementor-element elementor-element-62c0ecf e-con-full e-flex e-con e-child\" data-id=\"62c0ecf\" data-element_type=\"container\" data-e-type=\"container\">\n\t\t\t\t<div class=\"elementor-element elementor-element-1bbe837 elementor-widget elementor-widget-video\" data-id=\"1bbe837\" data-element_type=\"widget\" data-e-type=\"widget\" data-settings=\"{&quot;youtube_url&quot;:&quot;https:\\\/\\\/www.youtube.com\\\/watch?v=kjI1RuCFn9I&quot;,&quot;video_type&quot;:&quot;youtube&quot;,&quot;controls&quot;:&quot;yes&quot;}\" data-widget_type=\"video.default\">\n\t\t\t\t<div class=\"elementor-widget-container\">\n\t\t\t\t\t\t\t<div class=\"elementor-wrapper elementor-open-inline\">\n\t\t\t<div class=\"elementor-video\"><\/div>\t\t<\/div>\n\t\t\t\t\t\t<\/div>\n\t\t\t\t<\/div>\n\t\t\t\t<\/div>\n\t\t\t\t\t<\/div>\n\t\t\t\t<\/div>\n\t\t<div class=\"wd-negative-gap elementor-element elementor-element-20c1ed3 e-flex e-con-boxed e-con e-parent\" data-id=\"20c1ed3\" data-element_type=\"container\" data-e-type=\"container\">\n\t\t\t\t\t<div class=\"e-con-inner\">\n\t\t<div class=\"elementor-element elementor-element-fc56043 e-con-full e-flex e-con e-child\" data-id=\"fc56043\" data-element_type=\"container\" data-e-type=\"container\">\n\t\t\t\t<div class=\"elementor-element elementor-element-fa2d4fd elementor-widget elementor-widget-heading\" data-id=\"fa2d4fd\" data-element_type=\"widget\" data-e-type=\"widget\" data-widget_type=\"heading.default\">\n\t\t\t\t<div class=\"elementor-widget-container\">\n\t\t\t\t\t<h2 class=\"elementor-heading-title elementor-size-default\">\"Los Poetas Malbec\"<\/h2>\t\t\t\t<\/div>\n\t\t\t\t<\/div>\n\t\t\t\t<div class=\"elementor-element elementor-element-6c0008d elementor-widget elementor-widget-wd_text_block\" data-id=\"6c0008d\" data-element_type=\"widget\" data-e-type=\"widget\" data-widget_type=\"wd_text_block.default\">\n\t\t\t\t<div class=\"elementor-widget-container\">\n\t\t\t\t\t\t\t<div class=\"wd-text-block reset-last-child text-center\">\n\t\t\t\n\t\t\t<p style=\"text-align: center;\">Los Poetas es un Malbec intenso y audaz nacido en Mendoza, Argentina, una de las regiones m\u00e1s reconocidas del mundo por la calidad de sus Malbec. Expresivo en fruta, con car\u00e1cter y buena estructura, es un vino que invita a detenerse y disfrutar cada sorbo.<\/p><p style=\"text-align: center;\">Este martes 10 de febrero a las 8 pm estaremos en vivo conversando junto a nuestro invitado, Jos\u00e9 Pablo Castro, quien nos llevar\u00e1 por la historia del vino, su perfil y todo lo que lo hace especial en la copa.<\/p><p>10 de febrero 2026.<\/p>\n\t\t\t\t\t<\/div>\n\t\t\t\t\t\t<\/div>\n\t\t\t\t<\/div>\n\t\t\t\t<\/div>\n\t\t<div class=\"elementor-element elementor-element-78a10e1 e-con-full e-flex e-con e-child\" data-id=\"78a10e1\" data-element_type=\"container\" data-e-type=\"container\">\n\t\t\t\t<div class=\"elementor-element elementor-element-aaa6033 elementor-widget elementor-widget-video\" data-id=\"aaa6033\" data-element_type=\"widget\" data-e-type=\"widget\" data-settings=\"{&quot;youtube_url&quot;:&quot;https:\\\/\\\/www.youtube.com\\\/watch?v=VY5DoCpjtI4&quot;,&quot;video_type&quot;:&quot;youtube&quot;,&quot;controls&quot;:&quot;yes&quot;}\" data-widget_type=\"video.default\">\n\t\t\t\t<div class=\"elementor-widget-container\">\n\t\t\t\t\t\t\t<div class=\"elementor-wrapper elementor-open-inline\">\n\t\t\t<div class=\"elementor-video\"><\/div>\t\t<\/div>\n\t\t\t\t\t\t<\/div>\n\t\t\t\t<\/div>\n\t\t\t\t<\/div>\n\t\t\t\t\t<\/div>\n\t\t\t\t<\/div>\n\t\t<div class=\"wd-negative-gap elementor-element elementor-element-66931c0 e-flex e-con-boxed e-con e-parent\" data-id=\"66931c0\" data-element_type=\"container\" data-e-type=\"container\">\n\t\t\t\t\t<div class=\"e-con-inner\">\n\t\t<div class=\"elementor-element elementor-element-a00e887 e-con-full e-flex e-con e-child\" data-id=\"a00e887\" data-element_type=\"container\" data-e-type=\"container\">\n\t\t\t\t<div class=\"elementor-element elementor-element-81d57b6 elementor-widget elementor-widget-heading\" data-id=\"81d57b6\" data-element_type=\"widget\" data-e-type=\"widget\" data-widget_type=\"heading.default\">\n\t\t\t\t<div class=\"elementor-widget-container\">\n\t\t\t\t\t<h2 class=\"elementor-heading-title elementor-size-default\">\"Lui Wind Blend 2024\"<\/h2>\t\t\t\t<\/div>\n\t\t\t\t<\/div>\n\t\t\t\t<div class=\"elementor-element elementor-element-5139272 elementor-widget elementor-widget-wd_text_block\" data-id=\"5139272\" data-element_type=\"widget\" data-e-type=\"widget\" data-widget_type=\"wd_text_block.default\">\n\t\t\t\t<div class=\"elementor-widget-container\">\n\t\t\t\t\t\t\t<div class=\"wd-text-block reset-last-child text-center\">\n\t\t\t\n\t\t\t<p style=\"text-align: center;\">Este martes en nuestro podcast conoceremos la bodega de Lui Wines, un proyecto joven que nace con una visi\u00f3n clara: hacer vinos actuales, honestos y con identidad, pensados para disfrutarse.<\/p><p style=\"text-align: center;\">En el podcast hablaremos del origen de la bodega, su filosof\u00eda, el camino que est\u00e1 construyendo y c\u00f3mo esa mirada se traduce en su l\u00ednea Lui Wind Blend, una propuesta que refleja el esp\u00edritu del proyecto.<\/p><p style=\"text-align: center;\">Nos acompa\u00f1ar\u00e1n la sommelier Jimena Sibaja y desde Argentina el se\u00f1or Lucas Dalla Torre, copropietario de la bodega.<\/p><p>20 de enero 2026.<\/p>\n\t\t\t\t\t<\/div>\n\t\t\t\t\t\t<\/div>\n\t\t\t\t<\/div>\n\t\t\t\t<\/div>\n\t\t<div class=\"elementor-element elementor-element-d7e1e23 e-con-full e-flex e-con e-child\" data-id=\"d7e1e23\" data-element_type=\"container\" data-e-type=\"container\">\n\t\t\t\t<div class=\"elementor-element elementor-element-c295738 elementor-widget elementor-widget-video\" data-id=\"c295738\" data-element_type=\"widget\" data-e-type=\"widget\" data-settings=\"{&quot;youtube_url&quot;:&quot;https:\\\/\\\/www.youtube.com\\\/watch?v=W0RLmCR3xsw&quot;,&quot;video_type&quot;:&quot;youtube&quot;,&quot;controls&quot;:&quot;yes&quot;}\" data-widget_type=\"video.default\">\n\t\t\t\t<div class=\"elementor-widget-container\">\n\t\t\t\t\t\t\t<div class=\"elementor-wrapper elementor-open-inline\">\n\t\t\t<div class=\"elementor-video\"><\/div>\t\t<\/div>\n\t\t\t\t\t\t<\/div>\n\t\t\t\t<\/div>\n\t\t\t\t<\/div>\n\t\t\t\t\t<\/div>\n\t\t\t\t<\/div>\n\t\t<div class=\"wd-negative-gap elementor-element elementor-element-f005db8 e-flex e-con-boxed e-con e-parent\" data-id=\"f005db8\" data-element_type=\"container\" data-e-type=\"container\">\n\t\t\t\t\t<div class=\"e-con-inner\">\n\t\t<div class=\"elementor-element elementor-element-62a9498 e-con-full e-flex e-con e-child\" data-id=\"62a9498\" data-element_type=\"container\" data-e-type=\"container\">\n\t\t\t\t<div class=\"elementor-element elementor-element-d3331e8 elementor-widget elementor-widget-heading\" data-id=\"d3331e8\" data-element_type=\"widget\" data-e-type=\"widget\" data-widget_type=\"heading.default\">\n\t\t\t\t<div class=\"elementor-widget-container\">\n\t\t\t\t\t<h2 class=\"elementor-heading-title elementor-size-default\">\"Bar\u00f3n de Ley Blanco - Rioja\"<\/h2>\t\t\t\t<\/div>\n\t\t\t\t<\/div>\n\t\t\t\t<div class=\"elementor-element elementor-element-784c4f9 elementor-widget elementor-widget-wd_text_block\" data-id=\"784c4f9\" data-element_type=\"widget\" data-e-type=\"widget\" data-widget_type=\"wd_text_block.default\">\n\t\t\t\t<div class=\"elementor-widget-container\">\n\t\t\t\t\t\t\t<div class=\"wd-text-block reset-last-child text-center\">\n\t\t\t\n\t\t\t<p>En el primer episodio del 2026, te invitamos a descubrir Bar\u00f3n de Ley Blanco, un vino que refleja la elegancia y el car\u00e1cter de la Rioja m\u00e1s fresca y moderna. Elaborado principalmente con Viura, este blanco se distingue por su perfil arom\u00e1tico limpio y expresivo.<\/p><p>Junto a la sommelier Gabriela Guzm\u00e1n, hablaremos de su origen en Rioja y el estilo de la bodega Bar\u00f3n de Ley; sus caracter\u00edsticas principales y perfil sensorial.<\/p><p>6 de enero 2026.<\/p>\n\t\t\t\t\t<\/div>\n\t\t\t\t\t\t<\/div>\n\t\t\t\t<\/div>\n\t\t\t\t<\/div>\n\t\t<div class=\"elementor-element elementor-element-fc7f24a e-con-full e-flex e-con e-child\" data-id=\"fc7f24a\" data-element_type=\"container\" data-e-type=\"container\">\n\t\t\t\t<div class=\"elementor-element elementor-element-18b2ab3 elementor-widget elementor-widget-video\" data-id=\"18b2ab3\" data-element_type=\"widget\" data-e-type=\"widget\" data-settings=\"{&quot;youtube_url&quot;:&quot;https:\\\/\\\/www.youtube.com\\\/watch?v=GaHyVJI4VHw&quot;,&quot;video_type&quot;:&quot;youtube&quot;,&quot;controls&quot;:&quot;yes&quot;}\" data-widget_type=\"video.default\">\n\t\t\t\t<div class=\"elementor-widget-container\">\n\t\t\t\t\t\t\t<div class=\"elementor-wrapper elementor-open-inline\">\n\t\t\t<div class=\"elementor-video\"><\/div>\t\t<\/div>\n\t\t\t\t\t\t<\/div>\n\t\t\t\t<\/div>\n\t\t\t\t<\/div>\n\t\t\t\t\t<\/div>\n\t\t\t\t<\/div>\n\t\t<div class=\"wd-negative-gap elementor-element elementor-element-6de7a4c e-flex e-con-boxed e-con e-parent\" data-id=\"6de7a4c\" data-element_type=\"container\" data-e-type=\"container\">\n\t\t\t\t\t<div class=\"e-con-inner\">\n\t\t<div class=\"elementor-element elementor-element-b5d18d1 e-con-full e-flex e-con e-child\" data-id=\"b5d18d1\" data-element_type=\"container\" data-e-type=\"container\">\n\t\t\t\t<div class=\"elementor-element elementor-element-c65f983 elementor-widget elementor-widget-heading\" data-id=\"c65f983\" data-element_type=\"widget\" data-e-type=\"widget\" data-widget_type=\"heading.default\">\n\t\t\t\t<div class=\"elementor-widget-container\">\n\t\t\t\t\t<h2 class=\"elementor-heading-title elementor-size-default\">\"Cleto Chiarli Ros\u00e9 De Noir\"<\/h2>\t\t\t\t<\/div>\n\t\t\t\t<\/div>\n\t\t\t\t<div class=\"elementor-element elementor-element-f6caa70 elementor-widget elementor-widget-wd_text_block\" data-id=\"f6caa70\" data-element_type=\"widget\" data-e-type=\"widget\" data-widget_type=\"wd_text_block.default\">\n\t\t\t\t<div class=\"elementor-widget-container\">\n\t\t\t\t\t\t\t<div class=\"wd-text-block reset-last-child text-center\">\n\t\t\t\n\t\t\t<p>Prep\u00e1rate para un episodio que no te vas a querer perder. Vamos a descorchar el Cleto Chiarli Ros\u00e9 de Noir, un espumante italiano nacido en Emilia-Roma\u00f1a, elaborado a partir de uvas Pinot Noir que le dan esa elegancia, frescura y notas delicadas que lo han convertido en uno de los ros\u00e9s m\u00e1s comentados de la casa Chiarli.<\/p><p>Nos acompa\u00f1a el Sommelier Carlos Tamez, listo para profundizar en su origen, su estilo y lo que hace tan especial a esta interpretaci\u00f3n moderna del m\u00e9todo Charmat<\/p><p>9 de diciembre 2025.<\/p>\n\t\t\t\t\t<\/div>\n\t\t\t\t\t\t<\/div>\n\t\t\t\t<\/div>\n\t\t\t\t<\/div>\n\t\t<div class=\"elementor-element elementor-element-c9bbf5f e-con-full e-flex e-con e-child\" data-id=\"c9bbf5f\" data-element_type=\"container\" data-e-type=\"container\">\n\t\t\t\t<div class=\"elementor-element elementor-element-28d4b62 elementor-widget elementor-widget-video\" data-id=\"28d4b62\" data-element_type=\"widget\" data-e-type=\"widget\" data-settings=\"{&quot;youtube_url&quot;:&quot;https:\\\/\\\/www.youtube.com\\\/watch?v=Fh4clFh-R8k&quot;,&quot;video_type&quot;:&quot;youtube&quot;,&quot;controls&quot;:&quot;yes&quot;}\" data-widget_type=\"video.default\">\n\t\t\t\t<div class=\"elementor-widget-container\">\n\t\t\t\t\t\t\t<div class=\"elementor-wrapper elementor-open-inline\">\n\t\t\t<div class=\"elementor-video\"><\/div>\t\t<\/div>\n\t\t\t\t\t\t<\/div>\n\t\t\t\t<\/div>\n\t\t\t\t<\/div>\n\t\t\t\t\t<\/div>\n\t\t\t\t<\/div>\n\t\t<div class=\"wd-negative-gap elementor-element elementor-element-3f2aede e-flex e-con-boxed e-con e-parent\" data-id=\"3f2aede\" data-element_type=\"container\" data-e-type=\"container\">\n\t\t\t\t\t<div class=\"e-con-inner\">\n\t\t<div class=\"elementor-element elementor-element-256f7f1 e-con-full e-flex e-con e-child\" data-id=\"256f7f1\" data-element_type=\"container\" data-e-type=\"container\">\n\t\t\t\t<div class=\"elementor-element elementor-element-bf49e14 elementor-widget elementor-widget-heading\" data-id=\"bf49e14\" data-element_type=\"widget\" data-e-type=\"widget\" data-widget_type=\"heading.default\">\n\t\t\t\t<div class=\"elementor-widget-container\">\n\t\t\t\t\t<h2 class=\"elementor-heading-title elementor-size-default\">\"Selva Albana y Palpedrigo\"<\/h2>\t\t\t\t<\/div>\n\t\t\t\t<\/div>\n\t\t\t\t<div class=\"elementor-element elementor-element-bc71344 elementor-widget elementor-widget-wd_text_block\" data-id=\"bc71344\" data-element_type=\"widget\" data-e-type=\"widget\" data-widget_type=\"wd_text_block.default\">\n\t\t\t\t<div class=\"elementor-widget-container\">\n\t\t\t\t\t\t\t<div class=\"wd-text-block reset-last-child text-center\">\n\t\t\t\n\t\t\t<p>Este martes en nuestro podcast, nos vamos a Italia a la Bodega Campo del Sole, ubicada en una regi\u00f3n con fuerte tradici\u00f3n vin\u00edcola. La bodega destaca por su enfoque en uvas locales y una combinaci\u00f3n de m\u00e9todos modernos con el estilo cl\u00e1sico de la zona.<\/p><p>Hablaremos de dos etiquetas destacadas: Selva Albana DOCG, un blanco arom\u00e1tico, fresco, con buena acidez y muy marcado por su origen, y Palpedrigo IGP, m\u00e1s frutal, redondo y con esa textura que lo hace muy f\u00e1cil de disfrutar.<\/p><p>Nos acompa\u00f1a el Sommelier Carlos T\u00e1mez, listo para profundizar en la historia de la bodega y en las particularidades de estos vinos.<\/p><p>25 de noviembre 2025.<\/p>\n\t\t\t\t\t<\/div>\n\t\t\t\t\t\t<\/div>\n\t\t\t\t<\/div>\n\t\t\t\t<\/div>\n\t\t<div class=\"elementor-element elementor-element-798186f e-con-full e-flex e-con e-child\" data-id=\"798186f\" data-element_type=\"container\" data-e-type=\"container\">\n\t\t\t\t<div class=\"elementor-element elementor-element-ca94421 elementor-widget elementor-widget-video\" data-id=\"ca94421\" data-element_type=\"widget\" data-e-type=\"widget\" data-settings=\"{&quot;youtube_url&quot;:&quot;https:\\\/\\\/www.youtube.com\\\/watch?v=tqgL8WtC3d8&quot;,&quot;video_type&quot;:&quot;youtube&quot;,&quot;controls&quot;:&quot;yes&quot;}\" data-widget_type=\"video.default\">\n\t\t\t\t<div class=\"elementor-widget-container\">\n\t\t\t\t\t\t\t<div class=\"elementor-wrapper elementor-open-inline\">\n\t\t\t<div class=\"elementor-video\"><\/div>\t\t<\/div>\n\t\t\t\t\t\t<\/div>\n\t\t\t\t<\/div>\n\t\t\t\t<\/div>\n\t\t\t\t\t<\/div>\n\t\t\t\t<\/div>\n\t\t<div class=\"wd-negative-gap elementor-element elementor-element-9684bab e-flex e-con-boxed e-con e-parent\" data-id=\"9684bab\" data-element_type=\"container\" data-e-type=\"container\">\n\t\t\t\t\t<div class=\"e-con-inner\">\n\t\t<div class=\"elementor-element elementor-element-9c81d16 e-con-full e-flex e-con e-child\" data-id=\"9c81d16\" data-element_type=\"container\" data-e-type=\"container\">\n\t\t\t\t<div class=\"elementor-element elementor-element-9eeadf2 elementor-widget elementor-widget-heading\" data-id=\"9eeadf2\" data-element_type=\"widget\" data-e-type=\"widget\" data-widget_type=\"heading.default\">\n\t\t\t\t<div class=\"elementor-widget-container\">\n\t\t\t\t\t<h2 class=\"elementor-heading-title elementor-size-default\">\"Adulation Pinot Noir\u201d<\/h2>\t\t\t\t<\/div>\n\t\t\t\t<\/div>\n\t\t\t\t<div class=\"elementor-element elementor-element-f2851de elementor-widget elementor-widget-wd_text_block\" data-id=\"f2851de\" data-element_type=\"widget\" data-e-type=\"widget\" data-widget_type=\"wd_text_block.default\">\n\t\t\t\t<div class=\"elementor-widget-container\">\n\t\t\t\t\t\t\t<div class=\"wd-text-block reset-last-child text-center\">\n\t\t\t\n\t\t\t<p>En la edici\u00f3n de esta semana de nuestro podcast, descubriremos el \u201cAdulation Pinot Noir\u201d, un vino californiano elegante y seductor, con aromas a frutos rojos maduros, violetas y un toque de vainilla, acompa\u00f1ado de taninos suaves y un final aterciopelado.<\/p><p>Nos acompa\u00f1a la Sommelier Gabriela Guzm\u00e1n, quien nos llevar\u00e1 a explorar la expresi\u00f3n m\u00e1s delicada y equilibrada de esta uva tan cautivadora.<\/p><p>11 de noviembre 2025.<\/p>\n\t\t\t\t\t<\/div>\n\t\t\t\t\t\t<\/div>\n\t\t\t\t<\/div>\n\t\t\t\t<\/div>\n\t\t<div class=\"elementor-element elementor-element-0dfa04c e-con-full e-flex e-con e-child\" data-id=\"0dfa04c\" data-element_type=\"container\" data-e-type=\"container\">\n\t\t\t\t<div class=\"elementor-element elementor-element-6105233 elementor-widget elementor-widget-video\" data-id=\"6105233\" data-element_type=\"widget\" data-e-type=\"widget\" data-settings=\"{&quot;youtube_url&quot;:&quot;https:\\\/\\\/www.youtube.com\\\/watch?v=Qoo9YddU78c&quot;,&quot;video_type&quot;:&quot;youtube&quot;,&quot;controls&quot;:&quot;yes&quot;}\" data-widget_type=\"video.default\">\n\t\t\t\t<div class=\"elementor-widget-container\">\n\t\t\t\t\t\t\t<div class=\"elementor-wrapper elementor-open-inline\">\n\t\t\t<div class=\"elementor-video\"><\/div>\t\t<\/div>\n\t\t\t\t\t\t<\/div>\n\t\t\t\t<\/div>\n\t\t\t\t<\/div>\n\t\t\t\t\t<\/div>\n\t\t\t\t<\/div>\n\t\t<div class=\"wd-negative-gap elementor-element elementor-element-5731cb4 e-flex e-con-boxed e-con e-parent\" data-id=\"5731cb4\" data-element_type=\"container\" data-e-type=\"container\">\n\t\t\t\t\t<div class=\"e-con-inner\">\n\t\t<div class=\"elementor-element elementor-element-9fbefdb e-con-full e-flex e-con e-child\" data-id=\"9fbefdb\" data-element_type=\"container\" data-e-type=\"container\">\n\t\t\t\t<div class=\"elementor-element elementor-element-3e9bfde elementor-widget elementor-widget-heading\" data-id=\"3e9bfde\" data-element_type=\"widget\" data-e-type=\"widget\" data-widget_type=\"heading.default\">\n\t\t\t\t<div class=\"elementor-widget-container\">\n\t\t\t\t\t<h2 class=\"elementor-heading-title elementor-size-default\">\"Protos 27\"<\/h2>\t\t\t\t<\/div>\n\t\t\t\t<\/div>\n\t\t\t\t<div class=\"elementor-element elementor-element-c1ebbac elementor-widget elementor-widget-wd_text_block\" data-id=\"c1ebbac\" data-element_type=\"widget\" data-e-type=\"widget\" data-widget_type=\"wd_text_block.default\">\n\t\t\t\t<div class=\"elementor-widget-container\">\n\t\t\t\t\t\t\t<div class=\"wd-text-block reset-last-child text-center\">\n\t\t\t\n\t\t\t<p>En nuestro podcast de esta semana descorcharemos una joya de Ribera del Duero. Un vino que combina potencia y elegancia, elaborado 100% con Tempranillo de vi\u00f1as viejas y criado en roble franc\u00e9s. Un tinto con car\u00e1cter, moderno, pero fiel a la esencia de Protos; con notas de fruta negra madura, cacao, caf\u00e9 tostado y un final largo y sedoso.<\/p><p>El invitado especial Jeffrey Zamora, nos ayudar\u00e1 a descubrir los secretos detr\u00e1s de este gran vino y su historia.<\/p><p>4 noviembre 2025<\/p>\n\t\t\t\t\t<\/div>\n\t\t\t\t\t\t<\/div>\n\t\t\t\t<\/div>\n\t\t\t\t<\/div>\n\t\t<div class=\"elementor-element elementor-element-0289a3f e-con-full e-flex e-con e-child\" data-id=\"0289a3f\" data-element_type=\"container\" data-e-type=\"container\">\n\t\t\t\t<div class=\"elementor-element elementor-element-6cf69f5 elementor-widget elementor-widget-video\" data-id=\"6cf69f5\" data-element_type=\"widget\" data-e-type=\"widget\" data-settings=\"{&quot;youtube_url&quot;:&quot;https:\\\/\\\/www.youtube.com\\\/watch?v=hHp7zjzK8Ck&quot;,&quot;video_type&quot;:&quot;youtube&quot;,&quot;controls&quot;:&quot;yes&quot;}\" data-widget_type=\"video.default\">\n\t\t\t\t<div class=\"elementor-widget-container\">\n\t\t\t\t\t\t\t<div class=\"elementor-wrapper elementor-open-inline\">\n\t\t\t<div class=\"elementor-video\"><\/div>\t\t<\/div>\n\t\t\t\t\t\t<\/div>\n\t\t\t\t<\/div>\n\t\t\t\t<\/div>\n\t\t\t\t\t<\/div>\n\t\t\t\t<\/div>\n\t\t<div class=\"wd-negative-gap elementor-element elementor-element-3153e39 e-flex e-con-boxed e-con e-parent\" data-id=\"3153e39\" data-element_type=\"container\" data-e-type=\"container\">\n\t\t\t\t\t<div class=\"e-con-inner\">\n\t\t<div class=\"elementor-element elementor-element-e49a526 e-con-full e-flex e-con e-child\" data-id=\"e49a526\" data-element_type=\"container\" data-e-type=\"container\">\n\t\t\t\t<div class=\"elementor-element elementor-element-87617ca elementor-widget elementor-widget-heading\" data-id=\"87617ca\" data-element_type=\"widget\" data-e-type=\"widget\" data-widget_type=\"heading.default\">\n\t\t\t\t<div class=\"elementor-widget-container\">\n\t\t\t\t\t<h2 class=\"elementor-heading-title elementor-size-default\">\"Convento Oreja Crianza\"<\/h2>\t\t\t\t<\/div>\n\t\t\t\t<\/div>\n\t\t\t\t<div class=\"elementor-element elementor-element-0c49e8d elementor-widget elementor-widget-wd_text_block\" data-id=\"0c49e8d\" data-element_type=\"widget\" data-e-type=\"widget\" data-widget_type=\"wd_text_block.default\">\n\t\t\t\t<div class=\"elementor-widget-container\">\n\t\t\t\t\t\t\t<div class=\"wd-text-block reset-last-child text-center\">\n\t\t\t\n\t\t\t<p>Esta semana te invitamos a descubrir un tinto excepcional: Convento Oreja Crianza, un vino nacido en el coraz\u00f3n de Ribera del Duero, elaborado principalmente con uva Tempranillo.<\/p><p>En este episodio exploraremos su elegante paso por barricas de roble franc\u00e9s y americano, su equilibrio entre fruta madura, notas de vainilla y tostados, y esa estructura sedosa que lo convierte en un vino perfecto para los amantes de los tintos con car\u00e1cter y refinamiento.<\/p><p>Acomp\u00e1\u00f1anos en este lanzamiento exclusivo y d\u00e9jate envolver por los aromas, la historia y el esp\u00edritu de la bodega Convento Oreja.<\/p><p>Invitados especiales: Jimena Sibaja (Sommelier) y Julio Samaniego (Socio bodega).<\/p><p>21 octubre 2025<\/p>\n\t\t\t\t\t<\/div>\n\t\t\t\t\t\t<\/div>\n\t\t\t\t<\/div>\n\t\t\t\t<\/div>\n\t\t<div class=\"elementor-element elementor-element-7ac9c7e e-con-full e-flex e-con e-child\" data-id=\"7ac9c7e\" data-element_type=\"container\" data-e-type=\"container\">\n\t\t\t\t<div class=\"elementor-element elementor-element-999a95d elementor-widget elementor-widget-video\" data-id=\"999a95d\" data-element_type=\"widget\" data-e-type=\"widget\" data-settings=\"{&quot;youtube_url&quot;:&quot;https:\\\/\\\/www.youtube.com\\\/watch?v=Q_16qsGhNck&quot;,&quot;video_type&quot;:&quot;youtube&quot;,&quot;controls&quot;:&quot;yes&quot;}\" data-widget_type=\"video.default\">\n\t\t\t\t<div class=\"elementor-widget-container\">\n\t\t\t\t\t\t\t<div class=\"elementor-wrapper elementor-open-inline\">\n\t\t\t<div class=\"elementor-video\"><\/div>\t\t<\/div>\n\t\t\t\t\t\t<\/div>\n\t\t\t\t<\/div>\n\t\t\t\t<\/div>\n\t\t\t\t\t<\/div>\n\t\t\t\t<\/div>\n\t\t<div class=\"wd-negative-gap elementor-element elementor-element-7923be1 e-flex e-con-boxed e-con e-parent\" data-id=\"7923be1\" data-element_type=\"container\" data-e-type=\"container\">\n\t\t\t\t\t<div class=\"e-con-inner\">\n\t\t<div class=\"elementor-element elementor-element-0996361 e-con-full e-flex e-con e-child\" data-id=\"0996361\" data-element_type=\"container\" data-e-type=\"container\">\n\t\t\t\t<div class=\"elementor-element elementor-element-ab7c3db elementor-widget elementor-widget-heading\" data-id=\"ab7c3db\" data-element_type=\"widget\" data-e-type=\"widget\" data-widget_type=\"heading.default\">\n\t\t\t\t<div class=\"elementor-widget-container\">\n\t\t\t\t\t<h2 class=\"elementor-heading-title elementor-size-default\">\"Vecchia Modena y Pruno Nero\"<\/h2>\t\t\t\t<\/div>\n\t\t\t\t<\/div>\n\t\t\t\t<div class=\"elementor-element elementor-element-14ccd96 elementor-widget elementor-widget-wd_text_block\" data-id=\"14ccd96\" data-element_type=\"widget\" data-e-type=\"widget\" data-widget_type=\"wd_text_block.default\">\n\t\t\t\t<div class=\"elementor-widget-container\">\n\t\t\t\t\t\t\t<div class=\"wd-text-block reset-last-child text-center\">\n\t\t\t\n\t\t\t<p>Esta semana nos sumergimos en el coraz\u00f3n de Emilia-Romagna, Italia, para descubrir dos expresiones fascinantes del Lambrusco: Vecchia Modena Lambrusco di Sorbara DOC y Pruno Nero Dry Lambrusco di Modena DOC, ambos de la hist\u00f3rica bodega Cleto Chiarli. Acomp\u00e1\u00f1anos a explorar c\u00f3mo estas burbujas tintas revelan el equilibrio perfecto entre tradici\u00f3n y modernidad: la elegancia floral del Vecchia Modena y la intensidad frutal del Pruno Nero Dry. Descubre por qu\u00e9 el Lambrusco ha dejado atr\u00e1s su fama de vino dulce para convertirse en uno de los espumantes italianos m\u00e1s sorprendentes del momento.<\/p><p>Invitado especial: Carlos Tamez (Chef y Sommelier).<\/p><p>7 octubre 2025<\/p>\n\t\t\t\t\t<\/div>\n\t\t\t\t\t\t<\/div>\n\t\t\t\t<\/div>\n\t\t\t\t<\/div>\n\t\t<div class=\"elementor-element elementor-element-44b32ff e-con-full e-flex e-con e-child\" data-id=\"44b32ff\" data-element_type=\"container\" data-e-type=\"container\">\n\t\t\t\t<div class=\"elementor-element elementor-element-d2f7c10 elementor-widget elementor-widget-video\" data-id=\"d2f7c10\" data-element_type=\"widget\" data-e-type=\"widget\" data-settings=\"{&quot;youtube_url&quot;:&quot;https:\\\/\\\/www.youtube.com\\\/watch?v=2sE59kwRYT0&quot;,&quot;video_type&quot;:&quot;youtube&quot;,&quot;controls&quot;:&quot;yes&quot;}\" data-widget_type=\"video.default\">\n\t\t\t\t<div class=\"elementor-widget-container\">\n\t\t\t\t\t\t\t<div class=\"elementor-wrapper elementor-open-inline\">\n\t\t\t<div class=\"elementor-video\"><\/div>\t\t<\/div>\n\t\t\t\t\t\t<\/div>\n\t\t\t\t<\/div>\n\t\t\t\t<\/div>\n\t\t\t\t\t<\/div>\n\t\t\t\t<\/div>\n\t\t<div class=\"wd-negative-gap elementor-element elementor-element-8e0ed00 e-flex e-con-boxed e-con e-parent\" data-id=\"8e0ed00\" data-element_type=\"container\" data-e-type=\"container\">\n\t\t\t\t\t<div class=\"e-con-inner\">\n\t\t<div class=\"elementor-element elementor-element-a16e80a e-con-full e-flex e-con e-child\" data-id=\"a16e80a\" data-element_type=\"container\" data-e-type=\"container\">\n\t\t\t\t<div class=\"elementor-element elementor-element-5788b6f elementor-widget elementor-widget-heading\" data-id=\"5788b6f\" data-element_type=\"widget\" data-e-type=\"widget\" data-widget_type=\"heading.default\">\n\t\t\t\t<div class=\"elementor-widget-container\">\n\t\t\t\t\t<h2 class=\"elementor-heading-title elementor-size-default\">\"Pezat Bordeaux Superieur\"<\/h2>\t\t\t\t<\/div>\n\t\t\t\t<\/div>\n\t\t\t\t<div class=\"elementor-element elementor-element-e9bcc23 elementor-widget elementor-widget-wd_text_block\" data-id=\"e9bcc23\" data-element_type=\"widget\" data-e-type=\"widget\" data-widget_type=\"wd_text_block.default\">\n\t\t\t\t<div class=\"elementor-widget-container\">\n\t\t\t\t\t\t\t<div class=\"wd-text-block reset-last-child text-center\">\n\t\t\t\n\t\t\t<p>Este martes hablaremos de un vino de Bordeaux: moderno, accesible y con car\u00e1cter, ideal para descubrir lo mejor de esta ic\u00f3nica regi\u00f3n francesa. Es un blend elegante de Merlot y Cabernet Franc, que destaca por su intensidad arom\u00e1tica de frutos rojos maduros, notas de especias finas y un paladar suave y equilibrado, con taninos redondos que invitan a seguirlo disfrutando.<\/p><p>Invitada especial: Sommelier Gabriela Guzm\u00e1n.<\/p><p>23 setiembre 2025<\/p>\n\t\t\t\t\t<\/div>\n\t\t\t\t\t\t<\/div>\n\t\t\t\t<\/div>\n\t\t\t\t<\/div>\n\t\t<div class=\"elementor-element elementor-element-eb0e76a e-con-full e-flex e-con e-child\" data-id=\"eb0e76a\" data-element_type=\"container\" data-e-type=\"container\">\n\t\t\t\t<div class=\"elementor-element elementor-element-5bf494b elementor-widget elementor-widget-video\" data-id=\"5bf494b\" data-element_type=\"widget\" data-e-type=\"widget\" data-settings=\"{&quot;youtube_url&quot;:&quot;https:\\\/\\\/www.youtube.com\\\/watch?v=wNcIm0OsxNM&quot;,&quot;video_type&quot;:&quot;youtube&quot;,&quot;controls&quot;:&quot;yes&quot;}\" data-widget_type=\"video.default\">\n\t\t\t\t<div class=\"elementor-widget-container\">\n\t\t\t\t\t\t\t<div class=\"elementor-wrapper elementor-open-inline\">\n\t\t\t<div class=\"elementor-video\"><\/div>\t\t<\/div>\n\t\t\t\t\t\t<\/div>\n\t\t\t\t<\/div>\n\t\t\t\t<\/div>\n\t\t\t\t\t<\/div>\n\t\t\t\t<\/div>\n\t\t<div class=\"wd-negative-gap elementor-element elementor-element-386aece e-flex e-con-boxed e-con e-parent\" data-id=\"386aece\" data-element_type=\"container\" data-e-type=\"container\">\n\t\t\t\t\t<div class=\"e-con-inner\">\n\t\t<div class=\"elementor-element elementor-element-248e57a e-con-full e-flex e-con e-child\" data-id=\"248e57a\" data-element_type=\"container\" data-e-type=\"container\">\n\t\t\t\t<div class=\"elementor-element elementor-element-67fd7ef elementor-widget elementor-widget-heading\" data-id=\"67fd7ef\" data-element_type=\"widget\" data-e-type=\"widget\" data-widget_type=\"heading.default\">\n\t\t\t\t<div class=\"elementor-widget-container\">\n\t\t\t\t\t<h2 class=\"elementor-heading-title elementor-size-default\">\"Petite Fleur Malbec\"<\/h2>\t\t\t\t<\/div>\n\t\t\t\t<\/div>\n\t\t\t\t<div class=\"elementor-element elementor-element-dc422d3 elementor-widget elementor-widget-wd_text_block\" data-id=\"dc422d3\" data-element_type=\"widget\" data-e-type=\"widget\" data-widget_type=\"wd_text_block.default\">\n\t\t\t\t<div class=\"elementor-widget-container\">\n\t\t\t\t\t\t\t<div class=\"wd-text-block reset-last-child text-center\">\n\t\t\t\n\t\t\t<p>Esta vez exploraremos el Petite Fleur Malbec, un vino argentino que combina elegancia y car\u00e1cter. Con notas de frutas rojas maduras, sutiles toques especiados y taninos aterciopelados, es un Malbec que refleja la frescura de la Patagonia y la pasi\u00f3n enol\u00f3gica de la familia Monteviejo.<\/p><p>Invitada especial: Sommelier Gabriela Guzm\u00e1n.<\/p><p>9 setiembre 2025<\/p>\n\t\t\t\t\t<\/div>\n\t\t\t\t\t\t<\/div>\n\t\t\t\t<\/div>\n\t\t\t\t<\/div>\n\t\t<div class=\"elementor-element elementor-element-639e2db e-con-full e-flex e-con e-child\" data-id=\"639e2db\" data-element_type=\"container\" data-e-type=\"container\">\n\t\t\t\t<div class=\"elementor-element elementor-element-e9af42a elementor-widget elementor-widget-video\" data-id=\"e9af42a\" data-element_type=\"widget\" data-e-type=\"widget\" data-settings=\"{&quot;youtube_url&quot;:&quot;https:\\\/\\\/www.youtube.com\\\/watch?v=JoeeRC_Wvpo&quot;,&quot;video_type&quot;:&quot;youtube&quot;,&quot;controls&quot;:&quot;yes&quot;}\" data-widget_type=\"video.default\">\n\t\t\t\t<div class=\"elementor-widget-container\">\n\t\t\t\t\t\t\t<div class=\"elementor-wrapper elementor-open-inline\">\n\t\t\t<div class=\"elementor-video\"><\/div>\t\t<\/div>\n\t\t\t\t\t\t<\/div>\n\t\t\t\t<\/div>\n\t\t\t\t<\/div>\n\t\t\t\t\t<\/div>\n\t\t\t\t<\/div>\n\t\t<div class=\"wd-negative-gap elementor-element elementor-element-08be4ba e-flex e-con-boxed e-con e-parent\" data-id=\"08be4ba\" data-element_type=\"container\" data-e-type=\"container\">\n\t\t\t\t\t<div class=\"e-con-inner\">\n\t\t<div class=\"elementor-element elementor-element-0147228 e-con-full e-flex e-con e-child\" data-id=\"0147228\" data-element_type=\"container\" data-e-type=\"container\">\n\t\t\t\t<div class=\"elementor-element elementor-element-92085b3 elementor-widget elementor-widget-heading\" data-id=\"92085b3\" data-element_type=\"widget\" data-e-type=\"widget\" data-widget_type=\"heading.default\">\n\t\t\t\t<div class=\"elementor-widget-container\">\n\t\t\t\t\t<h2 class=\"elementor-heading-title elementor-size-default\">\"7 Colores Reserva\"<\/h2>\t\t\t\t<\/div>\n\t\t\t\t<\/div>\n\t\t\t\t<div class=\"elementor-element elementor-element-7e2d03d elementor-widget elementor-widget-wd_text_block\" data-id=\"7e2d03d\" data-element_type=\"widget\" data-e-type=\"widget\" data-widget_type=\"wd_text_block.default\">\n\t\t\t\t<div class=\"elementor-widget-container\">\n\t\t\t\t\t\t\t<div class=\"wd-text-block reset-last-child text-center\">\n\t\t\t\n\t\t\t<p>Esta vez nos vamos hasta Chile, para hablar de una propuesta diferente y muy vibrante: los vinos 7Colores. Vinos frescos, modernos, con mucha fruta, f\u00e1ciles de disfrutar y que invitan a compartir.<\/p><p>Si te gustan los vinos con onda y quieres conocer m\u00e1s sobre esta bodega que rompe esquemas, no te pierdas la charla.\u00a0<\/p><p>Prepara tu copa y acomp\u00e1\u00f1anos en esta conversaci\u00f3n relajada sobre lo que significa disfrutar el vino a nuestra manera.<\/p><p>19 agosto 2025<\/p>\n\t\t\t\t\t<\/div>\n\t\t\t\t\t\t<\/div>\n\t\t\t\t<\/div>\n\t\t\t\t<\/div>\n\t\t<div class=\"elementor-element elementor-element-24e2739 e-con-full e-flex e-con e-child\" data-id=\"24e2739\" data-element_type=\"container\" data-e-type=\"container\">\n\t\t\t\t<div class=\"elementor-element elementor-element-00f1f4b elementor-widget elementor-widget-video\" data-id=\"00f1f4b\" data-element_type=\"widget\" data-e-type=\"widget\" data-settings=\"{&quot;youtube_url&quot;:&quot;https:\\\/\\\/www.youtube.com\\\/watch?v=0o9vPGGjNmA&quot;,&quot;video_type&quot;:&quot;youtube&quot;,&quot;controls&quot;:&quot;yes&quot;}\" data-widget_type=\"video.default\">\n\t\t\t\t<div class=\"elementor-widget-container\">\n\t\t\t\t\t\t\t<div class=\"elementor-wrapper elementor-open-inline\">\n\t\t\t<div class=\"elementor-video\"><\/div>\t\t<\/div>\n\t\t\t\t\t\t<\/div>\n\t\t\t\t<\/div>\n\t\t\t\t<\/div>\n\t\t\t\t\t<\/div>\n\t\t\t\t<\/div>\n\t\t<div class=\"wd-negative-gap elementor-element elementor-element-badb2c7 e-flex e-con-boxed e-con e-parent\" data-id=\"badb2c7\" data-element_type=\"container\" data-e-type=\"container\">\n\t\t\t\t\t<div class=\"e-con-inner\">\n\t\t<div class=\"elementor-element elementor-element-ff5c83d e-con-full e-flex e-con e-child\" data-id=\"ff5c83d\" data-element_type=\"container\" data-e-type=\"container\">\n\t\t\t\t<div class=\"elementor-element elementor-element-fda05b7 elementor-widget elementor-widget-heading\" data-id=\"fda05b7\" data-element_type=\"widget\" data-e-type=\"widget\" data-widget_type=\"heading.default\">\n\t\t\t\t<div class=\"elementor-widget-container\">\n\t\t\t\t\t<h2 class=\"elementor-heading-title elementor-size-default\">\"Mazzei Poggio Badiola\"<\/h2>\t\t\t\t<\/div>\n\t\t\t\t<\/div>\n\t\t\t\t<div class=\"elementor-element elementor-element-fa99fff elementor-widget elementor-widget-wd_text_block\" data-id=\"fa99fff\" data-element_type=\"widget\" data-e-type=\"widget\" data-widget_type=\"wd_text_block.default\">\n\t\t\t\t<div class=\"elementor-widget-container\">\n\t\t\t\t\t\t\t<div class=\"wd-text-block reset-last-child text-center\">\n\t\t\t\n\t\t\t<p>Este martes, el podcast \"En\u00f3filos ABC del Vino\" se viste de gala con un episodio que promete seducir tus sentidos y enriquecer tu pasi\u00f3n por la enolog\u00eda. Nos adentraremos en los encantos del Mazzei Poggio Badiola, un vino toscano que encierra siglos de historia, elegancia y car\u00e1cter en cada copa.<\/p><p>Para esta cata y conversaci\u00f3n inolvidable, contaremos con la presencia especial de la sommelier Gabriela Guzm\u00e1n, quien nos guiar\u00e1 por las notas, secretos y emociones que despierta este excepcional vino italiano.<\/p><p>5 agosto 2025<\/p>\n\t\t\t\t\t<\/div>\n\t\t\t\t\t\t<\/div>\n\t\t\t\t<\/div>\n\t\t\t\t<\/div>\n\t\t<div class=\"elementor-element elementor-element-2d40605 e-con-full e-flex e-con e-child\" data-id=\"2d40605\" data-element_type=\"container\" data-e-type=\"container\">\n\t\t\t\t<div class=\"elementor-element elementor-element-354e49c elementor-widget elementor-widget-video\" data-id=\"354e49c\" data-element_type=\"widget\" data-e-type=\"widget\" data-settings=\"{&quot;youtube_url&quot;:&quot;https:\\\/\\\/www.youtube.com\\\/watch?v=IsVeI8vrltw&quot;,&quot;video_type&quot;:&quot;youtube&quot;,&quot;controls&quot;:&quot;yes&quot;}\" data-widget_type=\"video.default\">\n\t\t\t\t<div class=\"elementor-widget-container\">\n\t\t\t\t\t\t\t<div class=\"elementor-wrapper elementor-open-inline\">\n\t\t\t<div class=\"elementor-video\"><\/div>\t\t<\/div>\n\t\t\t\t\t\t<\/div>\n\t\t\t\t<\/div>\n\t\t\t\t<\/div>\n\t\t\t\t\t<\/div>\n\t\t\t\t<\/div>\n\t\t<div class=\"wd-negative-gap elementor-element elementor-element-01ddbd9 e-flex e-con-boxed e-con e-parent\" data-id=\"01ddbd9\" data-element_type=\"container\" data-e-type=\"container\">\n\t\t\t\t\t<div class=\"e-con-inner\">\n\t\t<div class=\"elementor-element elementor-element-e00c554 e-con-full e-flex e-con e-child\" data-id=\"e00c554\" data-element_type=\"container\" data-e-type=\"container\">\n\t\t\t\t<div class=\"elementor-element elementor-element-5d94557 elementor-widget elementor-widget-heading\" data-id=\"5d94557\" data-element_type=\"widget\" data-e-type=\"widget\" data-widget_type=\"heading.default\">\n\t\t\t\t<div class=\"elementor-widget-container\">\n\t\t\t\t\t<h2 class=\"elementor-heading-title elementor-size-default\">\"Portia\"<\/h2>\t\t\t\t<\/div>\n\t\t\t\t<\/div>\n\t\t\t\t<div class=\"elementor-element elementor-element-de8302c elementor-widget elementor-widget-wd_text_block\" data-id=\"de8302c\" data-element_type=\"widget\" data-e-type=\"widget\" data-widget_type=\"wd_text_block.default\">\n\t\t\t\t<div class=\"elementor-widget-container\">\n\t\t\t\t\t\t\t<div class=\"wd-text-block reset-last-child text-center\">\n\t\t\t\n\t\t\t<p>Edici\u00f3n Especial: Bodegas Portia y el arte del vino en Ribera del Duero. Este martes haremos un viaje sensorial por una de las bodegas m\u00e1s innovadoras y premiadas de Espa\u00f1a, donde tradici\u00f3n y modernidad se dan la mano. Vinos Portia \u2013 Vanguardia, arquitectura y terroir en una copa.<\/p><p>Invitado especial: Sommelier Luis Navarro.\u00a0<\/p><p>22 julio 2025<\/p>\n\t\t\t\t\t<\/div>\n\t\t\t\t\t\t<\/div>\n\t\t\t\t<\/div>\n\t\t\t\t<\/div>\n\t\t<div class=\"elementor-element elementor-element-523567a e-con-full e-flex e-con e-child\" data-id=\"523567a\" data-element_type=\"container\" data-e-type=\"container\">\n\t\t\t\t<div class=\"elementor-element elementor-element-df21e8a elementor-widget elementor-widget-video\" data-id=\"df21e8a\" data-element_type=\"widget\" data-e-type=\"widget\" data-settings=\"{&quot;youtube_url&quot;:&quot;https:\\\/\\\/www.youtube.com\\\/watch?v=Dd1feGccE24&quot;,&quot;video_type&quot;:&quot;youtube&quot;,&quot;controls&quot;:&quot;yes&quot;}\" data-widget_type=\"video.default\">\n\t\t\t\t<div class=\"elementor-widget-container\">\n\t\t\t\t\t\t\t<div class=\"elementor-wrapper elementor-open-inline\">\n\t\t\t<div class=\"elementor-video\"><\/div>\t\t<\/div>\n\t\t\t\t\t\t<\/div>\n\t\t\t\t<\/div>\n\t\t\t\t<\/div>\n\t\t\t\t\t<\/div>\n\t\t\t\t<\/div>\n\t\t<div class=\"wd-negative-gap elementor-element elementor-element-1e0c942 e-flex e-con-boxed e-con e-parent\" data-id=\"1e0c942\" data-element_type=\"container\" data-e-type=\"container\">\n\t\t\t\t\t<div class=\"e-con-inner\">\n\t\t<div class=\"elementor-element elementor-element-0c50da9 e-con-full e-flex e-con e-child\" data-id=\"0c50da9\" data-element_type=\"container\" data-e-type=\"container\">\n\t\t\t\t<div class=\"elementor-element elementor-element-4f8e68b elementor-widget elementor-widget-heading\" data-id=\"4f8e68b\" data-element_type=\"widget\" data-e-type=\"widget\" data-widget_type=\"heading.default\">\n\t\t\t\t<div class=\"elementor-widget-container\">\n\t\t\t\t\t<h2 class=\"elementor-heading-title elementor-size-default\">\"Purgatori\"<\/h2>\t\t\t\t<\/div>\n\t\t\t\t<\/div>\n\t\t\t\t<div class=\"elementor-element elementor-element-cfd23b1 elementor-widget elementor-widget-wd_text_block\" data-id=\"cfd23b1\" data-element_type=\"widget\" data-e-type=\"widget\" data-widget_type=\"wd_text_block.default\">\n\t\t\t\t<div class=\"elementor-widget-container\">\n\t\t\t\t\t\t\t<div class=\"wd-text-block reset-last-child text-center\">\n\t\t\t\n\t\t\t<p>Este martes 8 de julio a las 8 p.m., acomp\u00e1\u00f1anos en un episodio imperdible donde exploraremos los secretos del vino tinto Purgatori, una joya de la reconocida Bodega Torres.<\/p><p>Contaremos con la presencia especial de la Sommelier Aneth Hern\u00e1ndez, quien nos guiar\u00e1 en un recorrido sensorial por este vino lleno de historia, car\u00e1cter y elegancia.<\/p><p>8 julio 2025<\/p>\n\t\t\t\t\t<\/div>\n\t\t\t\t\t\t<\/div>\n\t\t\t\t<\/div>\n\t\t\t\t<\/div>\n\t\t<div class=\"elementor-element elementor-element-d146fca e-con-full e-flex e-con e-child\" data-id=\"d146fca\" data-element_type=\"container\" data-e-type=\"container\">\n\t\t\t\t<div class=\"elementor-element elementor-element-d95ce18 elementor-widget elementor-widget-video\" data-id=\"d95ce18\" data-element_type=\"widget\" data-e-type=\"widget\" data-settings=\"{&quot;youtube_url&quot;:&quot;https:\\\/\\\/www.youtube.com\\\/watch?v=jd7V6hrQzws&quot;,&quot;video_type&quot;:&quot;youtube&quot;,&quot;controls&quot;:&quot;yes&quot;}\" data-widget_type=\"video.default\">\n\t\t\t\t<div class=\"elementor-widget-container\">\n\t\t\t\t\t\t\t<div class=\"elementor-wrapper elementor-open-inline\">\n\t\t\t<div class=\"elementor-video\"><\/div>\t\t<\/div>\n\t\t\t\t\t\t<\/div>\n\t\t\t\t<\/div>\n\t\t\t\t<\/div>\n\t\t\t\t\t<\/div>\n\t\t\t\t<\/div>\n\t\t<div class=\"wd-negative-gap elementor-element elementor-element-41dce3e e-flex e-con-boxed e-con e-parent\" data-id=\"41dce3e\" data-element_type=\"container\" data-e-type=\"container\">\n\t\t\t\t\t<div class=\"e-con-inner\">\n\t\t<div class=\"elementor-element elementor-element-bf354be e-con-full e-flex e-con e-child\" data-id=\"bf354be\" data-element_type=\"container\" data-e-type=\"container\">\n\t\t\t\t<div class=\"elementor-element elementor-element-a2797ab elementor-widget elementor-widget-heading\" data-id=\"a2797ab\" data-element_type=\"widget\" data-e-type=\"widget\" data-widget_type=\"heading.default\">\n\t\t\t\t<div class=\"elementor-widget-container\">\n\t\t\t\t\t<h2 class=\"elementor-heading-title elementor-size-default\">\"Balb\u00e1s Reserva 2018\"<\/h2>\t\t\t\t<\/div>\n\t\t\t\t<\/div>\n\t\t\t\t<div class=\"elementor-element elementor-element-9c38e10 elementor-widget elementor-widget-wd_text_block\" data-id=\"9c38e10\" data-element_type=\"widget\" data-e-type=\"widget\" data-widget_type=\"wd_text_block.default\">\n\t\t\t\t<div class=\"elementor-widget-container\">\n\t\t\t\t\t\t\t<div class=\"wd-text-block reset-last-child text-center\">\n\t\t\t\n\t\t\t<p>En este nuevo cap\u00edtulo de \u201cEn\u00f3filos: ABC del Vino\u201d, nos adentramos en los matices, la historia y la elegancia de un vino que refleja lo mejor de la Ribera del Duero: Balb\u00e1s Reserva 2018. Acomp\u00e1\u00f1anos mientras descorchamos esta joya de Bodegas Balb\u00e1s, exploramos su proceso de elaboraci\u00f3n, analizamos su perfil sensorial y compartimos sugerencias para disfrutarlo al m\u00e1ximo. \u00a1S\u00edrvanse una copa y acomp\u00e1\u00f1enos!<\/p><p>Invitado especial: Sommelier Ricardo Barquero.<\/p><p>24 junio 2025<\/p>\n\t\t\t\t\t<\/div>\n\t\t\t\t\t\t<\/div>\n\t\t\t\t<\/div>\n\t\t\t\t<\/div>\n\t\t<div class=\"elementor-element elementor-element-6b5744a e-con-full e-flex e-con e-child\" data-id=\"6b5744a\" data-element_type=\"container\" data-e-type=\"container\">\n\t\t\t\t<div class=\"elementor-element elementor-element-62cce92 elementor-widget elementor-widget-video\" data-id=\"62cce92\" data-element_type=\"widget\" data-e-type=\"widget\" data-settings=\"{&quot;youtube_url&quot;:&quot;https:\\\/\\\/www.youtube.com\\\/watch?v=mJUx6wF9TWo&quot;,&quot;video_type&quot;:&quot;youtube&quot;,&quot;controls&quot;:&quot;yes&quot;}\" data-widget_type=\"video.default\">\n\t\t\t\t<div class=\"elementor-widget-container\">\n\t\t\t\t\t\t\t<div class=\"elementor-wrapper elementor-open-inline\">\n\t\t\t<div class=\"elementor-video\"><\/div>\t\t<\/div>\n\t\t\t\t\t\t<\/div>\n\t\t\t\t<\/div>\n\t\t\t\t<\/div>\n\t\t\t\t\t<\/div>\n\t\t\t\t<\/div>\n\t\t<div class=\"wd-negative-gap elementor-element elementor-element-7549552 e-flex e-con-boxed e-con e-parent\" data-id=\"7549552\" data-element_type=\"container\" data-e-type=\"container\">\n\t\t\t\t\t<div class=\"e-con-inner\">\n\t\t<div class=\"elementor-element elementor-element-fb41df6 e-con-full e-flex e-con e-child\" data-id=\"fb41df6\" data-element_type=\"container\" data-e-type=\"container\">\n\t\t\t\t<div class=\"elementor-element elementor-element-3839a56 elementor-widget elementor-widget-heading\" data-id=\"3839a56\" data-element_type=\"widget\" data-e-type=\"widget\" data-widget_type=\"heading.default\">\n\t\t\t\t<div class=\"elementor-widget-container\">\n\t\t\t\t\t<h2 class=\"elementor-heading-title elementor-size-default\">\"Padrillos Malbec\"<\/h2>\t\t\t\t<\/div>\n\t\t\t\t<\/div>\n\t\t\t\t<div class=\"elementor-element elementor-element-04c3bd8 elementor-widget elementor-widget-wd_text_block\" data-id=\"04c3bd8\" data-element_type=\"widget\" data-e-type=\"widget\" data-widget_type=\"wd_text_block.default\">\n\t\t\t\t<div class=\"elementor-widget-container\">\n\t\t\t\t\t\t\t<div class=\"wd-text-block reset-last-child text-center\">\n\t\t\t\n\t\t\t<p>La l\u00ednea Padrillos de Ernesto Catena es uno de los grandes descubrimientos del vino argentino. Este sorprendente Malbec est\u00e1 elaborado para resaltar el lado arom\u00e1tico y elegante de la variedad.<\/p><p>Invitada especial: Sommelier Jimena Sibaja.<\/p><p>10 junio 2025<\/p>\n\t\t\t\t\t<\/div>\n\t\t\t\t\t\t<\/div>\n\t\t\t\t<\/div>\n\t\t\t\t<\/div>\n\t\t<div class=\"elementor-element elementor-element-584498c e-con-full e-flex e-con e-child\" data-id=\"584498c\" data-element_type=\"container\" data-e-type=\"container\">\n\t\t\t\t<div class=\"elementor-element elementor-element-1af5648 elementor-widget elementor-widget-video\" data-id=\"1af5648\" data-element_type=\"widget\" data-e-type=\"widget\" data-settings=\"{&quot;youtube_url&quot;:&quot;https:\\\/\\\/www.youtube.com\\\/watch?v=Eyny_N5PScE&quot;,&quot;video_type&quot;:&quot;youtube&quot;,&quot;controls&quot;:&quot;yes&quot;}\" data-widget_type=\"video.default\">\n\t\t\t\t<div class=\"elementor-widget-container\">\n\t\t\t\t\t\t\t<div class=\"elementor-wrapper elementor-open-inline\">\n\t\t\t<div class=\"elementor-video\"><\/div>\t\t<\/div>\n\t\t\t\t\t\t<\/div>\n\t\t\t\t<\/div>\n\t\t\t\t<\/div>\n\t\t\t\t\t<\/div>\n\t\t\t\t<\/div>\n\t\t<div class=\"wd-negative-gap elementor-element elementor-element-a2e4e41 e-flex e-con-boxed e-con e-parent\" data-id=\"a2e4e41\" data-element_type=\"container\" data-e-type=\"container\">\n\t\t\t\t\t<div class=\"e-con-inner\">\n\t\t<div class=\"elementor-element elementor-element-89350ef e-con-full e-flex e-con e-child\" data-id=\"89350ef\" data-element_type=\"container\" data-e-type=\"container\">\n\t\t\t\t<div class=\"elementor-element elementor-element-23c65c1 elementor-widget elementor-widget-heading\" data-id=\"23c65c1\" data-element_type=\"widget\" data-e-type=\"widget\" data-widget_type=\"heading.default\">\n\t\t\t\t<div class=\"elementor-widget-container\">\n\t\t\t\t\t<h2 class=\"elementor-heading-title elementor-size-default\">\"Escondido Tempranillo\"<\/h2>\t\t\t\t<\/div>\n\t\t\t\t<\/div>\n\t\t\t\t<div class=\"elementor-element elementor-element-0731395 elementor-widget elementor-widget-wd_text_block\" data-id=\"0731395\" data-element_type=\"widget\" data-e-type=\"widget\" data-widget_type=\"wd_text_block.default\">\n\t\t\t\t<div class=\"elementor-widget-container\">\n\t\t\t\t\t\t\t<div class=\"wd-text-block reset-last-child text-center\">\n\t\t\t\n\t\t\t<p>Descubriremos este martes la majestuosidad de \u2018Escondido Ribera del Duero\u2019, un vino excepcional que captura la esencia de Espa\u00f1a en cada sorbo. Proveniente de la renombrada regi\u00f3n vin\u00edcola de Ribera del Duero y elaborado por la prestigiosa bodega \u2018Escondido\u2019, este Tempranillo es una verdadera joya que no puede dejar de probar.<\/p><p>Invitada especial: Sommelier Gabriela Guzm\u00e1n.<\/p><p>20 mayo 2025<\/p>\n\t\t\t\t\t<\/div>\n\t\t\t\t\t\t<\/div>\n\t\t\t\t<\/div>\n\t\t\t\t<\/div>\n\t\t<div class=\"elementor-element elementor-element-e85c819 e-con-full e-flex e-con e-child\" data-id=\"e85c819\" data-element_type=\"container\" data-e-type=\"container\">\n\t\t\t\t<div class=\"elementor-element elementor-element-a260c49 elementor-widget elementor-widget-video\" data-id=\"a260c49\" data-element_type=\"widget\" data-e-type=\"widget\" data-settings=\"{&quot;youtube_url&quot;:&quot;https:\\\/\\\/www.youtube.com\\\/watch?v=anqBGPjALK4&quot;,&quot;video_type&quot;:&quot;youtube&quot;,&quot;controls&quot;:&quot;yes&quot;}\" data-widget_type=\"video.default\">\n\t\t\t\t<div class=\"elementor-widget-container\">\n\t\t\t\t\t\t\t<div class=\"elementor-wrapper elementor-open-inline\">\n\t\t\t<div class=\"elementor-video\"><\/div>\t\t<\/div>\n\t\t\t\t\t\t<\/div>\n\t\t\t\t<\/div>\n\t\t\t\t<\/div>\n\t\t\t\t\t<\/div>\n\t\t\t\t<\/div>\n\t\t<div class=\"wd-negative-gap elementor-element elementor-element-64043f6 e-flex e-con-boxed e-con e-parent\" data-id=\"64043f6\" data-element_type=\"container\" data-e-type=\"container\">\n\t\t\t\t\t<div class=\"e-con-inner\">\n\t\t<div class=\"elementor-element elementor-element-8d75c03 e-con-full e-flex e-con e-child\" data-id=\"8d75c03\" data-element_type=\"container\" data-e-type=\"container\">\n\t\t\t\t<div class=\"elementor-element elementor-element-0d85c5c elementor-widget elementor-widget-heading\" data-id=\"0d85c5c\" data-element_type=\"widget\" data-e-type=\"widget\" data-widget_type=\"heading.default\">\n\t\t\t\t<div class=\"elementor-widget-container\">\n\t\t\t\t\t<h2 class=\"elementor-heading-title elementor-size-default\">\"Hito Tempranillo\"<\/h2>\t\t\t\t<\/div>\n\t\t\t\t<\/div>\n\t\t\t\t<div class=\"elementor-element elementor-element-a8a1125 elementor-widget elementor-widget-wd_text_block\" data-id=\"a8a1125\" data-element_type=\"widget\" data-e-type=\"widget\" data-widget_type=\"wd_text_block.default\">\n\t\t\t\t<div class=\"elementor-widget-container\">\n\t\t\t\t\t\t\t<div class=\"wd-text-block reset-last-child text-center\">\n\t\t\t\n\t\t\t<p>Este martes viajaremos a Ribera del Duero, para conocer la versatilidad hecha vino. Es la gama de tinto m\u00e1s joven de Bodegas Cepa 21, pero ya llega pisando fuerte, y eso se refleja en su combinaci\u00f3n de matices, su modernidad y en la elegancia que demuestra en cada copa.<\/p><p>Invitada especial: Sommelier Gabriela Guzm\u00e1n.<\/p><p>6 mayo 2025<\/p>\n\t\t\t\t\t<\/div>\n\t\t\t\t\t\t<\/div>\n\t\t\t\t<\/div>\n\t\t\t\t<\/div>\n\t\t<div class=\"elementor-element elementor-element-dbf076f e-con-full e-flex e-con e-child\" data-id=\"dbf076f\" data-element_type=\"container\" data-e-type=\"container\">\n\t\t\t\t<div class=\"elementor-element elementor-element-edf87b3 elementor-widget elementor-widget-video\" data-id=\"edf87b3\" data-element_type=\"widget\" data-e-type=\"widget\" data-settings=\"{&quot;youtube_url&quot;:&quot;https:\\\/\\\/www.youtube.com\\\/watch?v=94fcokOrFjE&quot;,&quot;video_type&quot;:&quot;youtube&quot;,&quot;controls&quot;:&quot;yes&quot;}\" data-widget_type=\"video.default\">\n\t\t\t\t<div class=\"elementor-widget-container\">\n\t\t\t\t\t\t\t<div class=\"elementor-wrapper elementor-open-inline\">\n\t\t\t<div class=\"elementor-video\"><\/div>\t\t<\/div>\n\t\t\t\t\t\t<\/div>\n\t\t\t\t<\/div>\n\t\t\t\t<\/div>\n\t\t\t\t\t<\/div>\n\t\t\t\t<\/div>\n\t\t<div class=\"wd-negative-gap elementor-element elementor-element-ffc159e e-flex e-con-boxed e-con e-parent\" data-id=\"ffc159e\" data-element_type=\"container\" data-e-type=\"container\">\n\t\t\t\t\t<div class=\"e-con-inner\">\n\t\t<div class=\"elementor-element elementor-element-7508525 e-con-full e-flex e-con e-child\" data-id=\"7508525\" data-element_type=\"container\" data-e-type=\"container\">\n\t\t\t\t<div class=\"elementor-element elementor-element-320a077 elementor-widget elementor-widget-heading\" data-id=\"320a077\" data-element_type=\"widget\" data-e-type=\"widget\" data-widget_type=\"heading.default\">\n\t\t\t\t<div class=\"elementor-widget-container\">\n\t\t\t\t\t<h2 class=\"elementor-heading-title elementor-size-default\">\"Del Autor\"<\/h2>\t\t\t\t<\/div>\n\t\t\t\t<\/div>\n\t\t\t\t<div class=\"elementor-element elementor-element-e1fceb4 elementor-widget elementor-widget-wd_text_block\" data-id=\"e1fceb4\" data-element_type=\"widget\" data-e-type=\"widget\" data-widget_type=\"wd_text_block.default\">\n\t\t\t\t<div class=\"elementor-widget-container\">\n\t\t\t\t\t\t\t<div class=\"wd-text-block reset-last-child text-center\">\n\t\t\t\n\t\t\t<p>Este martes conoceremos la l\u00ednea de vinos \u201cDel Autor\u201d. Es una marca nacional, con etiquetas dise\u00f1adas por artistas costarricenses, pero con vino producido y embotellado en Castilla, Espa\u00f1a.<\/p><p>Invitada especial: Sommelier Aneth Hern\u00e1ndez.\u00a0<\/p><p>22 abril 2025<\/p>\n\t\t\t\t\t<\/div>\n\t\t\t\t\t\t<\/div>\n\t\t\t\t<\/div>\n\t\t\t\t<\/div>\n\t\t<div class=\"elementor-element elementor-element-5e42731 e-con-full e-flex e-con e-child\" data-id=\"5e42731\" data-element_type=\"container\" data-e-type=\"container\">\n\t\t\t\t<div class=\"elementor-element elementor-element-0b9b856 elementor-widget elementor-widget-video\" data-id=\"0b9b856\" data-element_type=\"widget\" data-e-type=\"widget\" data-settings=\"{&quot;youtube_url&quot;:&quot;https:\\\/\\\/www.youtube.com\\\/watch?v=JRgdoJ4q1gk&quot;,&quot;video_type&quot;:&quot;youtube&quot;,&quot;controls&quot;:&quot;yes&quot;}\" data-widget_type=\"video.default\">\n\t\t\t\t<div class=\"elementor-widget-container\">\n\t\t\t\t\t\t\t<div class=\"elementor-wrapper elementor-open-inline\">\n\t\t\t<div class=\"elementor-video\"><\/div>\t\t<\/div>\n\t\t\t\t\t\t<\/div>\n\t\t\t\t<\/div>\n\t\t\t\t<\/div>\n\t\t\t\t\t<\/div>\n\t\t\t\t<\/div>\n\t\t<div class=\"wd-negative-gap elementor-element elementor-element-9ef9bc4 e-flex e-con-boxed e-con e-parent\" data-id=\"9ef9bc4\" data-element_type=\"container\" data-e-type=\"container\">\n\t\t\t\t\t<div class=\"e-con-inner\">\n\t\t<div class=\"elementor-element elementor-element-e2b3359 e-con-full e-flex e-con e-child\" data-id=\"e2b3359\" data-element_type=\"container\" data-e-type=\"container\">\n\t\t\t\t<div class=\"elementor-element elementor-element-8325dff elementor-widget elementor-widget-heading\" data-id=\"8325dff\" data-element_type=\"widget\" data-e-type=\"widget\" data-widget_type=\"heading.default\">\n\t\t\t\t<div class=\"elementor-widget-container\">\n\t\t\t\t\t<h2 class=\"elementor-heading-title elementor-size-default\">\"Meandro Do Vale Me\u00e3o\"<\/h2>\t\t\t\t<\/div>\n\t\t\t\t<\/div>\n\t\t\t\t<div class=\"elementor-element elementor-element-f32c912 elementor-widget elementor-widget-wd_text_block\" data-id=\"f32c912\" data-element_type=\"widget\" data-e-type=\"widget\" data-widget_type=\"wd_text_block.default\">\n\t\t\t\t<div class=\"elementor-widget-container\">\n\t\t\t\t\t\t\t<div class=\"wd-text-block reset-last-child text-center\">\n\t\t\t\n\t\t\t<p>Acomp\u00e1\u00f1enos este martes, para conocer un blend portugu\u00e9s fresco y complejo, que cuenta con variedades de uvas muy interesantes como: Touriga Nacional, Touriga Franca y Tinta Roriz que representan el 85% de la composici\u00f3n de este vino, al que tambi\u00e9n pertenecen Tinta Amarela, Tinta Barroca y Tinto C\u00e3o.<\/p><p>Invitada especial: Sommelier Jimena Sibaja.<\/p><p style=\"text-align: center;\">8 abril 2025.<\/p>\n\t\t\t\t\t<\/div>\n\t\t\t\t\t\t<\/div>\n\t\t\t\t<\/div>\n\t\t\t\t<\/div>\n\t\t<div class=\"elementor-element elementor-element-a0713fa e-con-full e-flex e-con e-child\" data-id=\"a0713fa\" data-element_type=\"container\" data-e-type=\"container\">\n\t\t\t\t<div class=\"elementor-element elementor-element-354b62c elementor-widget elementor-widget-video\" data-id=\"354b62c\" data-element_type=\"widget\" data-e-type=\"widget\" data-settings=\"{&quot;youtube_url&quot;:&quot;https:\\\/\\\/www.youtube.com\\\/watch?v=tO5zAuqD0PU&quot;,&quot;video_type&quot;:&quot;youtube&quot;,&quot;controls&quot;:&quot;yes&quot;}\" data-widget_type=\"video.default\">\n\t\t\t\t<div class=\"elementor-widget-container\">\n\t\t\t\t\t\t\t<div class=\"elementor-wrapper elementor-open-inline\">\n\t\t\t<div class=\"elementor-video\"><\/div>\t\t<\/div>\n\t\t\t\t\t\t<\/div>\n\t\t\t\t<\/div>\n\t\t\t\t<\/div>\n\t\t\t\t\t<\/div>\n\t\t\t\t<\/div>\n\t\t<div class=\"wd-negative-gap elementor-element elementor-element-7122f56 e-flex e-con-boxed e-con e-parent\" data-id=\"7122f56\" data-element_type=\"container\" data-e-type=\"container\">\n\t\t\t\t\t<div class=\"e-con-inner\">\n\t\t<div class=\"elementor-element elementor-element-62fa6d0 e-con-full e-flex e-con e-child\" data-id=\"62fa6d0\" data-element_type=\"container\" data-e-type=\"container\">\n\t\t\t\t<div class=\"elementor-element elementor-element-8539dd2 elementor-widget elementor-widget-heading\" data-id=\"8539dd2\" data-element_type=\"widget\" data-e-type=\"widget\" data-widget_type=\"heading.default\">\n\t\t\t\t<div class=\"elementor-widget-container\">\n\t\t\t\t\t<h2 class=\"elementor-heading-title elementor-size-default\">\"Coraz\u00f3n Loco Selecci\u00f3n y Verdejo\"<\/h2>\t\t\t\t<\/div>\n\t\t\t\t<\/div>\n\t\t\t\t<div class=\"elementor-element elementor-element-24aeeb8 elementor-widget elementor-widget-wd_text_block\" data-id=\"24aeeb8\" data-element_type=\"widget\" data-e-type=\"widget\" data-widget_type=\"wd_text_block.default\">\n\t\t\t\t<div class=\"elementor-widget-container\">\n\t\t\t\t\t\t\t<div class=\"wd-text-block reset-last-child text-center\">\n\t\t\t\n\t\t\t<p>Este martes nos trasladamos al encantador municipio de Fuentealbilla, cuna del talentoso futbolista Andr\u00e9s Iniesta. Con solo 1.800 habitantes, este lugar m\u00e1gico se nutre de sus manantiales y agua subterr\u00e1nea para cultivar vi\u00f1edos excepcionales. En cada etiqueta de la bodega de la familia Iniesta-Luj\u00e1n, descubrir\u00e1s la fusi\u00f3n de tradici\u00f3n, pasi\u00f3n y excelencia. \u00danete a nosotros en esta traves\u00eda sensorial y d\u00e9jate cautivar por sus secretos.<\/p><p>Invitada especial: Sommelier Luchy Hidalgo.<\/p><p style=\"text-align: center;\">25 marzo 2025.<\/p>\n\t\t\t\t\t<\/div>\n\t\t\t\t\t\t<\/div>\n\t\t\t\t<\/div>\n\t\t\t\t<\/div>\n\t\t<div class=\"elementor-element elementor-element-77e485a e-con-full e-flex e-con e-child\" data-id=\"77e485a\" data-element_type=\"container\" data-e-type=\"container\">\n\t\t\t\t<div class=\"elementor-element elementor-element-4ad7b83 elementor-widget elementor-widget-video\" data-id=\"4ad7b83\" data-element_type=\"widget\" data-e-type=\"widget\" data-settings=\"{&quot;youtube_url&quot;:&quot;https:\\\/\\\/www.youtube.com\\\/watch?v=xa1edtvUll0&amp;t=3263s&quot;,&quot;video_type&quot;:&quot;youtube&quot;,&quot;controls&quot;:&quot;yes&quot;}\" data-widget_type=\"video.default\">\n\t\t\t\t<div class=\"elementor-widget-container\">\n\t\t\t\t\t\t\t<div class=\"elementor-wrapper elementor-open-inline\">\n\t\t\t<div class=\"elementor-video\"><\/div>\t\t<\/div>\n\t\t\t\t\t\t<\/div>\n\t\t\t\t<\/div>\n\t\t\t\t<\/div>\n\t\t\t\t\t<\/div>\n\t\t\t\t<\/div>\n\t\t<div class=\"wd-negative-gap elementor-element elementor-element-67bd315 e-flex e-con-boxed e-con e-parent\" data-id=\"67bd315\" data-element_type=\"container\" data-e-type=\"container\">\n\t\t\t\t\t<div class=\"e-con-inner\">\n\t\t<div class=\"elementor-element elementor-element-661e6c9 e-con-full e-flex e-con e-child\" data-id=\"661e6c9\" data-element_type=\"container\" data-e-type=\"container\">\n\t\t\t\t<div class=\"elementor-element elementor-element-5c9840b elementor-widget elementor-widget-heading\" data-id=\"5c9840b\" data-element_type=\"widget\" data-e-type=\"widget\" data-widget_type=\"heading.default\">\n\t\t\t\t<div class=\"elementor-widget-container\">\n\t\t\t\t\t<h2 class=\"elementor-heading-title elementor-size-default\">\"Almanegra Misterio\"<\/h2>\t\t\t\t<\/div>\n\t\t\t\t<\/div>\n\t\t\t\t<div class=\"elementor-element elementor-element-7926208 elementor-widget elementor-widget-wd_text_block\" data-id=\"7926208\" data-element_type=\"widget\" data-e-type=\"widget\" data-widget_type=\"wd_text_block.default\">\n\t\t\t\t<div class=\"elementor-widget-container\">\n\t\t\t\t\t\t\t<div class=\"wd-text-block reset-last-child text-center\">\n\t\t\t\n\t\t\t<p>\u201cEn Domaine Almanegra no queremos analizar, evaluar o comparar vinos como si fueran cosas sin alma. Preferimos cerrar los ojos y perdernos en los aromas y sabores de las uvas, y dejar que nos lleven a volvernos vino. Somos un secreto que se descubre a trav\u00e9s de los sentidos\u201d.<\/p><p>Invitada especial: Sommelier Jimena Sibaja.<\/p><p style=\"text-align: center;\">11 marzo 2025.<\/p>\n\t\t\t\t\t<\/div>\n\t\t\t\t\t\t<\/div>\n\t\t\t\t<\/div>\n\t\t\t\t<\/div>\n\t\t<div class=\"elementor-element elementor-element-fd07c5b e-con-full e-flex e-con e-child\" data-id=\"fd07c5b\" data-element_type=\"container\" data-e-type=\"container\">\n\t\t\t\t<div class=\"elementor-element elementor-element-3f1eff7 elementor-widget elementor-widget-video\" data-id=\"3f1eff7\" data-element_type=\"widget\" data-e-type=\"widget\" data-settings=\"{&quot;youtube_url&quot;:&quot;https:\\\/\\\/www.youtube.com\\\/watch?v=9WZ6htN5KPo&quot;,&quot;video_type&quot;:&quot;youtube&quot;,&quot;controls&quot;:&quot;yes&quot;}\" data-widget_type=\"video.default\">\n\t\t\t\t<div class=\"elementor-widget-container\">\n\t\t\t\t\t\t\t<div class=\"elementor-wrapper elementor-open-inline\">\n\t\t\t<div class=\"elementor-video\"><\/div>\t\t<\/div>\n\t\t\t\t\t\t<\/div>\n\t\t\t\t<\/div>\n\t\t\t\t<\/div>\n\t\t\t\t\t<\/div>\n\t\t\t\t<\/div>\n\t\t<div class=\"wd-negative-gap elementor-element elementor-element-b405c1a e-flex e-con-boxed e-con e-parent\" data-id=\"b405c1a\" data-element_type=\"container\" data-e-type=\"container\">\n\t\t\t\t\t<div class=\"e-con-inner\">\n\t\t<div class=\"elementor-element elementor-element-6d842d8 e-con-full e-flex e-con e-child\" data-id=\"6d842d8\" data-element_type=\"container\" data-e-type=\"container\">\n\t\t\t\t<div class=\"elementor-element elementor-element-7707055 elementor-widget elementor-widget-heading\" data-id=\"7707055\" data-element_type=\"widget\" data-e-type=\"widget\" data-widget_type=\"heading.default\">\n\t\t\t\t<div class=\"elementor-widget-container\">\n\t\t\t\t\t<h2 class=\"elementor-heading-title elementor-size-default\">\"Abad\u00eda Retuerta\"<\/h2>\t\t\t\t<\/div>\n\t\t\t\t<\/div>\n\t\t\t\t<div class=\"elementor-element elementor-element-ec9041e elementor-widget elementor-widget-wd_text_block\" data-id=\"ec9041e\" data-element_type=\"widget\" data-e-type=\"widget\" data-widget_type=\"wd_text_block.default\">\n\t\t\t\t<div class=\"elementor-widget-container\">\n\t\t\t\t\t\t\t<div class=\"wd-text-block reset-last-child text-center\">\n\t\t\t\n\t\t\t<p>Este martes conoceremos el vino m\u00e1s reconocido en todo el mundo de su bodega, una perfecta radiograf\u00eda de Abad\u00eda Retuerta, con un estilo propio que se mantiene a\u00f1ada tras a\u00f1ada. Un tinto elaborado a partir de la selecci\u00f3n de las mejores uvas de cada uno de sus pagos, que combina la riqueza de la Tempranillo, la intensidad de la Syrah y la elegancia de la Cabernet Sauvignon; con la incorporaci\u00f3n en esta a\u00f1ada de la Petit Verdot y la Garnacha. El resultado es armonioso y placentero.<\/p><p>Invitada especial: Sommelier Jimena Sibaja.<\/p><p style=\"text-align: center;\">25 febrero 2025.<\/p>\n\t\t\t\t\t<\/div>\n\t\t\t\t\t\t<\/div>\n\t\t\t\t<\/div>\n\t\t\t\t<\/div>\n\t\t<div class=\"elementor-element elementor-element-f16ef0d e-con-full e-flex e-con e-child\" data-id=\"f16ef0d\" data-element_type=\"container\" data-e-type=\"container\">\n\t\t\t\t<div class=\"elementor-element elementor-element-4f0182a elementor-widget elementor-widget-video\" data-id=\"4f0182a\" data-element_type=\"widget\" data-e-type=\"widget\" data-settings=\"{&quot;youtube_url&quot;:&quot;https:\\\/\\\/www.youtube.com\\\/watch?v=tKV_LeAfoTQ&quot;,&quot;video_type&quot;:&quot;youtube&quot;,&quot;controls&quot;:&quot;yes&quot;}\" data-widget_type=\"video.default\">\n\t\t\t\t<div class=\"elementor-widget-container\">\n\t\t\t\t\t\t\t<div class=\"elementor-wrapper elementor-open-inline\">\n\t\t\t<div class=\"elementor-video\"><\/div>\t\t<\/div>\n\t\t\t\t\t\t<\/div>\n\t\t\t\t<\/div>\n\t\t\t\t<\/div>\n\t\t\t\t\t<\/div>\n\t\t\t\t<\/div>\n\t\t<div class=\"wd-negative-gap elementor-element elementor-element-119e785 e-flex e-con-boxed e-con e-parent\" data-id=\"119e785\" data-element_type=\"container\" data-e-type=\"container\">\n\t\t\t\t\t<div class=\"e-con-inner\">\n\t\t<div class=\"elementor-element elementor-element-7e1bcc3 e-con-full e-flex e-con e-child\" data-id=\"7e1bcc3\" data-element_type=\"container\" data-e-type=\"container\">\n\t\t\t\t<div class=\"elementor-element elementor-element-7378c23 elementor-widget elementor-widget-heading\" data-id=\"7378c23\" data-element_type=\"widget\" data-e-type=\"widget\" data-widget_type=\"heading.default\">\n\t\t\t\t<div class=\"elementor-widget-container\">\n\t\t\t\t\t<h2 class=\"elementor-heading-title elementor-size-default\">\"MAX de Err\u00e1zuriz\"<\/h2>\t\t\t\t<\/div>\n\t\t\t\t<\/div>\n\t\t\t\t<div class=\"elementor-element elementor-element-743b2cf elementor-widget elementor-widget-wd_text_block\" data-id=\"743b2cf\" data-element_type=\"widget\" data-e-type=\"widget\" data-widget_type=\"wd_text_block.default\">\n\t\t\t\t<div class=\"elementor-widget-container\">\n\t\t\t\t\t\t\t<div class=\"wd-text-block reset-last-child text-center\">\n\t\t\t\n\t\t\t<p>\u201cEn\u00f3filos ABC del Vino\u201d se viste de gala para recibir al renombrado en\u00f3logo Tom\u00e1s Mu\u00f1oz de la Bodega Err\u00e1zuriz, desde Chile. Nos sumergiremos en la historia de 150 a\u00f1os de tradici\u00f3n vin\u00edcola de la bodega y descubriremos la aclamada l\u00ednea de vinos Max.<\/p><p>Acomp\u00e1\u00f1anos en un viaje apasionante a trav\u00e9s de los hitos que han posicionado a Err\u00e1zuriz como una de las bodegas m\u00e1s reconocidas del mundo.<\/p><p>\u00a1No te lo pierdas!<\/p><p style=\"text-align: center;\">11 febrero 2025.<\/p>\n\t\t\t\t\t<\/div>\n\t\t\t\t\t\t<\/div>\n\t\t\t\t<\/div>\n\t\t\t\t<\/div>\n\t\t<div class=\"elementor-element elementor-element-6f4e70d e-con-full e-flex e-con e-child\" data-id=\"6f4e70d\" data-element_type=\"container\" data-e-type=\"container\">\n\t\t\t\t<div class=\"elementor-element elementor-element-56d9469 elementor-widget elementor-widget-video\" data-id=\"56d9469\" data-element_type=\"widget\" data-e-type=\"widget\" data-settings=\"{&quot;youtube_url&quot;:&quot;https:\\\/\\\/www.youtube.com\\\/watch?v=XnqBCUaYZYg&quot;,&quot;video_type&quot;:&quot;youtube&quot;,&quot;controls&quot;:&quot;yes&quot;}\" data-widget_type=\"video.default\">\n\t\t\t\t<div class=\"elementor-widget-container\">\n\t\t\t\t\t\t\t<div class=\"elementor-wrapper elementor-open-inline\">\n\t\t\t<div class=\"elementor-video\"><\/div>\t\t<\/div>\n\t\t\t\t\t\t<\/div>\n\t\t\t\t<\/div>\n\t\t\t\t<\/div>\n\t\t\t\t\t<\/div>\n\t\t\t\t<\/div>\n\t\t<div class=\"wd-negative-gap elementor-element elementor-element-2fc5cb9 e-flex e-con-boxed e-con e-parent\" data-id=\"2fc5cb9\" data-element_type=\"container\" data-e-type=\"container\">\n\t\t\t\t\t<div class=\"e-con-inner\">\n\t\t<div class=\"elementor-element elementor-element-4e2157f e-con-full e-flex e-con e-child\" data-id=\"4e2157f\" data-element_type=\"container\" data-e-type=\"container\">\n\t\t\t\t<div class=\"elementor-element elementor-element-7545042 elementor-widget elementor-widget-heading\" data-id=\"7545042\" data-element_type=\"widget\" data-e-type=\"widget\" data-widget_type=\"heading.default\">\n\t\t\t\t<div class=\"elementor-widget-container\">\n\t\t\t\t\t<h2 class=\"elementor-heading-title elementor-size-default\">\"Elixio\"<\/h2>\t\t\t\t<\/div>\n\t\t\t\t<\/div>\n\t\t\t\t<div class=\"elementor-element elementor-element-efe3bfa elementor-widget elementor-widget-wd_text_block\" data-id=\"efe3bfa\" data-element_type=\"widget\" data-e-type=\"widget\" data-widget_type=\"wd_text_block.default\">\n\t\t\t\t<div class=\"elementor-widget-container\">\n\t\t\t\t\t\t\t<div class=\"wd-text-block reset-last-child text-center\">\n\t\t\t\n\t\t\t<p>En esta edici\u00f3n del ABC del Vino, el en\u00f3logo y creador de la aclamada l\u00ednea de vinos argentinos, Elixio, nos honrar\u00e1 con su presencia. Descubriremos juntos los secretos detr\u00e1s de cada botella y los detalles de su elaboraci\u00f3n. Si amas el vino, \u00a1no puedes perderte el programa!<\/p><p>Invitado especial: Federico Colombo, en\u00f3logo y embajador de marca.<\/p><p style=\"text-align: center;\">21 enero 2025.<\/p>\n\t\t\t\t\t<\/div>\n\t\t\t\t\t\t<\/div>\n\t\t\t\t<\/div>\n\t\t\t\t<\/div>\n\t\t<div class=\"elementor-element elementor-element-b0c8225 e-con-full e-flex e-con e-child\" data-id=\"b0c8225\" data-element_type=\"container\" data-e-type=\"container\">\n\t\t\t\t<div class=\"elementor-element elementor-element-6fb1426 elementor-widget elementor-widget-video\" data-id=\"6fb1426\" data-element_type=\"widget\" data-e-type=\"widget\" data-settings=\"{&quot;youtube_url&quot;:&quot;https:\\\/\\\/www.youtube.com\\\/watch?v=NdSbfD1qLF0&quot;,&quot;video_type&quot;:&quot;youtube&quot;,&quot;controls&quot;:&quot;yes&quot;}\" data-widget_type=\"video.default\">\n\t\t\t\t<div class=\"elementor-widget-container\">\n\t\t\t\t\t\t\t<div class=\"elementor-wrapper elementor-open-inline\">\n\t\t\t<div class=\"elementor-video\"><\/div>\t\t<\/div>\n\t\t\t\t\t\t<\/div>\n\t\t\t\t<\/div>\n\t\t\t\t<\/div>\n\t\t\t\t\t<\/div>\n\t\t\t\t<\/div>\n\t\t<div class=\"wd-negative-gap elementor-element elementor-element-560ee97 e-flex e-con-boxed e-con e-parent\" data-id=\"560ee97\" data-element_type=\"container\" data-e-type=\"container\">\n\t\t\t\t\t<div class=\"e-con-inner\">\n\t\t<div class=\"elementor-element elementor-element-8775495 e-con-full e-flex e-con e-child\" data-id=\"8775495\" data-element_type=\"container\" data-e-type=\"container\">\n\t\t\t\t<div class=\"elementor-element elementor-element-d3201c0 elementor-widget elementor-widget-heading\" data-id=\"d3201c0\" data-element_type=\"widget\" data-e-type=\"widget\" data-widget_type=\"heading.default\">\n\t\t\t\t<div class=\"elementor-widget-container\">\n\t\t\t\t\t<h2 class=\"elementor-heading-title elementor-size-default\">\"\u00d1OK Crianza Rioja\"<\/h2>\t\t\t\t<\/div>\n\t\t\t\t<\/div>\n\t\t\t\t<div class=\"elementor-element elementor-element-1654708 elementor-widget elementor-widget-wd_text_block\" data-id=\"1654708\" data-element_type=\"widget\" data-e-type=\"widget\" data-widget_type=\"wd_text_block.default\">\n\t\t\t\t<div class=\"elementor-widget-container\">\n\t\t\t\t\t\t\t<div class=\"wd-text-block reset-last-child text-center\">\n\t\t\t\n\t\t\t<p>Comenzamos el 2025 con el fascinante ABC del Vino, destacando un excepcional Tempranillo Crianza. Procedente de un vi\u00f1edo con m\u00e1s de 50 a\u00f1os de historia, que garantiza, a\u00f1ada tras a\u00f1ada, la calidad sublime de este emblem\u00e1tico vino de Rioja. \u00a1Una experiencia cautivadora para los amantes del buen beber!<\/p><p>Invitada especial: Isabelle Malavasi.<\/p><p style=\"text-align: center;\">7 enero 2025.<\/p>\n\t\t\t\t\t<\/div>\n\t\t\t\t\t\t<\/div>\n\t\t\t\t<\/div>\n\t\t\t\t<\/div>\n\t\t<div class=\"elementor-element elementor-element-8930149 e-con-full e-flex e-con e-child\" data-id=\"8930149\" data-element_type=\"container\" data-e-type=\"container\">\n\t\t\t\t<div class=\"elementor-element elementor-element-3cd71f4 elementor-widget elementor-widget-video\" data-id=\"3cd71f4\" data-element_type=\"widget\" data-e-type=\"widget\" data-settings=\"{&quot;youtube_url&quot;:&quot;https:\\\/\\\/www.youtube.com\\\/watch?v=F6drWNegtOg&quot;,&quot;video_type&quot;:&quot;youtube&quot;,&quot;controls&quot;:&quot;yes&quot;}\" data-widget_type=\"video.default\">\n\t\t\t\t<div class=\"elementor-widget-container\">\n\t\t\t\t\t\t\t<div class=\"elementor-wrapper elementor-open-inline\">\n\t\t\t<div class=\"elementor-video\"><\/div>\t\t<\/div>\n\t\t\t\t\t\t<\/div>\n\t\t\t\t<\/div>\n\t\t\t\t<\/div>\n\t\t\t\t\t<\/div>\n\t\t\t\t<\/div>\n\t\t<div class=\"wd-negative-gap elementor-element elementor-element-2ffbc7a e-flex e-con-boxed e-con e-parent\" data-id=\"2ffbc7a\" data-element_type=\"container\" data-e-type=\"container\">\n\t\t\t\t\t<div class=\"e-con-inner\">\n\t\t<div class=\"elementor-element elementor-element-5801f1f e-con-full e-flex e-con e-child\" data-id=\"5801f1f\" data-element_type=\"container\" data-e-type=\"container\">\n\t\t\t\t<div class=\"elementor-element elementor-element-5510cc4 elementor-widget elementor-widget-heading\" data-id=\"5510cc4\" data-element_type=\"widget\" data-e-type=\"widget\" data-widget_type=\"heading.default\">\n\t\t\t\t<div class=\"elementor-widget-container\">\n\t\t\t\t\t<h2 class=\"elementor-heading-title elementor-size-default\">\"Partridge Las Perdices\"<\/h2>\t\t\t\t<\/div>\n\t\t\t\t<\/div>\n\t\t\t\t<div class=\"elementor-element elementor-element-b23c277 elementor-widget elementor-widget-wd_text_block\" data-id=\"b23c277\" data-element_type=\"widget\" data-e-type=\"widget\" data-widget_type=\"wd_text_block.default\">\n\t\t\t\t<div class=\"elementor-widget-container\">\n\t\t\t\t\t\t\t<div class=\"wd-text-block reset-last-child text-center\">\n\t\t\t\n\t\t\t<p>Este domingo, en el ABC del Vino, nos sumergiremos en la exquisita l\u00ednea Partridge de la Bodega Perdices. Originalmente concebido para un paladar anglosaj\u00f3n, su \u00e9xito ha traspasado fronteras, permitiendo que pa\u00edses como el nuestro disfruten de sus encantadoras notas frutales y golosas. Con 8 meses de crianza en barrica, este vino se presenta como un verdadero deleite: equilibrado y lleno de matices. \u00a1No te lo pierdas!<\/p><p>Invitada especial: Sommelier Andrea Sequeira.<\/p><p style=\"text-align: center;\">22 diciembre 2024.<\/p>\n\t\t\t\t\t<\/div>\n\t\t\t\t\t\t<\/div>\n\t\t\t\t<\/div>\n\t\t\t\t<\/div>\n\t\t<div class=\"elementor-element elementor-element-2a35a19 e-con-full e-flex e-con e-child\" data-id=\"2a35a19\" data-element_type=\"container\" data-e-type=\"container\">\n\t\t\t\t<div class=\"elementor-element elementor-element-140a611 elementor-widget elementor-widget-video\" data-id=\"140a611\" data-element_type=\"widget\" data-e-type=\"widget\" data-settings=\"{&quot;youtube_url&quot;:&quot;https:\\\/\\\/www.youtube.com\\\/watch?v=a9MztG97fBg&quot;,&quot;video_type&quot;:&quot;youtube&quot;,&quot;controls&quot;:&quot;yes&quot;}\" data-widget_type=\"video.default\">\n\t\t\t\t<div class=\"elementor-widget-container\">\n\t\t\t\t\t\t\t<div class=\"elementor-wrapper elementor-open-inline\">\n\t\t\t<div class=\"elementor-video\"><\/div>\t\t<\/div>\n\t\t\t\t\t\t<\/div>\n\t\t\t\t<\/div>\n\t\t\t\t<\/div>\n\t\t\t\t\t<\/div>\n\t\t\t\t<\/div>\n\t\t<div class=\"wd-negative-gap elementor-element elementor-element-1dd4933 e-flex e-con-boxed e-con e-parent\" data-id=\"1dd4933\" data-element_type=\"container\" data-e-type=\"container\">\n\t\t\t\t\t<div class=\"e-con-inner\">\n\t\t<div class=\"elementor-element elementor-element-0b62fda e-con-full e-flex e-con e-child\" data-id=\"0b62fda\" data-element_type=\"container\" data-e-type=\"container\">\n\t\t\t\t<div class=\"elementor-element elementor-element-61796ae elementor-widget elementor-widget-heading\" data-id=\"61796ae\" data-element_type=\"widget\" data-e-type=\"widget\" data-widget_type=\"heading.default\">\n\t\t\t\t<div class=\"elementor-widget-container\">\n\t\t\t\t\t<h2 class=\"elementor-heading-title elementor-size-default\">\"Coraz\u00f3n Loco Bobal\"<\/h2>\t\t\t\t<\/div>\n\t\t\t\t<\/div>\n\t\t\t\t<div class=\"elementor-element elementor-element-4d91844 elementor-widget elementor-widget-wd_text_block\" data-id=\"4d91844\" data-element_type=\"widget\" data-e-type=\"widget\" data-widget_type=\"wd_text_block.default\">\n\t\t\t\t<div class=\"elementor-widget-container\">\n\t\t\t\t\t\t\t<div class=\"wd-text-block reset-last-child text-center\">\n\t\t\t\n\t\t\t<p>En esta edici\u00f3n del ABC del Vino, conoceremos el \u00fanico mono varietal de la Bodega Andr\u00e9s Iniesta, es la esencia manchega hecha vino. Definitivamente un homenaje a una de las reinas tintas de la zona.<\/p><p>Invitada especial: Sommelier Luchy Hidalgo.<\/p><p style=\"text-align: center;\">10 diciembre 2024.<\/p>\n\t\t\t\t\t<\/div>\n\t\t\t\t\t\t<\/div>\n\t\t\t\t<\/div>\n\t\t\t\t<\/div>\n\t\t<div class=\"elementor-element elementor-element-638c509 e-con-full e-flex e-con e-child\" data-id=\"638c509\" data-element_type=\"container\" data-e-type=\"container\">\n\t\t\t\t<div class=\"elementor-element elementor-element-1f0a366 elementor-widget elementor-widget-video\" data-id=\"1f0a366\" data-element_type=\"widget\" data-e-type=\"widget\" data-settings=\"{&quot;youtube_url&quot;:&quot;https:\\\/\\\/www.youtube.com\\\/watch?v=ck2i0BGYbd4&quot;,&quot;video_type&quot;:&quot;youtube&quot;,&quot;controls&quot;:&quot;yes&quot;}\" data-widget_type=\"video.default\">\n\t\t\t\t<div class=\"elementor-widget-container\">\n\t\t\t\t\t\t\t<div class=\"elementor-wrapper elementor-open-inline\">\n\t\t\t<div class=\"elementor-video\"><\/div>\t\t<\/div>\n\t\t\t\t\t\t<\/div>\n\t\t\t\t<\/div>\n\t\t\t\t<\/div>\n\t\t\t\t\t<\/div>\n\t\t\t\t<\/div>\n\t\t<div class=\"wd-negative-gap elementor-element elementor-element-a85da75 e-flex e-con-boxed e-con e-parent\" data-id=\"a85da75\" data-element_type=\"container\" data-e-type=\"container\">\n\t\t\t\t\t<div class=\"e-con-inner\">\n\t\t<div class=\"elementor-element elementor-element-3bb26c4 e-con-full e-flex e-con e-child\" data-id=\"3bb26c4\" data-element_type=\"container\" data-e-type=\"container\">\n\t\t\t\t<div class=\"elementor-element elementor-element-c7c164a elementor-widget elementor-widget-heading\" data-id=\"c7c164a\" data-element_type=\"widget\" data-e-type=\"widget\" data-widget_type=\"heading.default\">\n\t\t\t\t<div class=\"elementor-widget-container\">\n\t\t\t\t\t<h2 class=\"elementor-heading-title elementor-size-default\">\"Casa Balseca Roble\"<\/h2>\t\t\t\t<\/div>\n\t\t\t\t<\/div>\n\t\t\t\t<div class=\"elementor-element elementor-element-0c5ecfe elementor-widget elementor-widget-wd_text_block\" data-id=\"0c5ecfe\" data-element_type=\"widget\" data-e-type=\"widget\" data-widget_type=\"wd_text_block.default\">\n\t\t\t\t<div class=\"elementor-widget-container\">\n\t\t\t\t\t\t\t<div class=\"wd-text-block reset-last-child text-center\">\n\t\t\t\n\t\t\t<p>Este martes presentaremos una joya vin\u00edcola. Esta etiqueta especial es el fruto de una amistad profunda entre un mexicano y un gallego, una fusi\u00f3n de culturas y pasiones. Proveniente de un vi\u00f1edo centenario en Ribera del Duero, este vino encarna la tradici\u00f3n y el legado de m\u00e1s de 100 a\u00f1os de historia vitivin\u00edcola.<\/p><p>Invitada especial: Isabelle Malavasi.<\/p><p style=\"text-align: center;\">19 noviembre 2024.<\/p>\n\t\t\t\t\t<\/div>\n\t\t\t\t\t\t<\/div>\n\t\t\t\t<\/div>\n\t\t\t\t<\/div>\n\t\t<div class=\"elementor-element elementor-element-4836e90 e-con-full e-flex e-con e-child\" data-id=\"4836e90\" data-element_type=\"container\" data-e-type=\"container\">\n\t\t\t\t<div class=\"elementor-element elementor-element-d331772 elementor-widget elementor-widget-video\" data-id=\"d331772\" data-element_type=\"widget\" data-e-type=\"widget\" data-settings=\"{&quot;youtube_url&quot;:&quot;https:\\\/\\\/www.youtube.com\\\/watch?v=CCLk2WCUuYg&quot;,&quot;video_type&quot;:&quot;youtube&quot;,&quot;controls&quot;:&quot;yes&quot;}\" data-widget_type=\"video.default\">\n\t\t\t\t<div class=\"elementor-widget-container\">\n\t\t\t\t\t\t\t<div class=\"elementor-wrapper elementor-open-inline\">\n\t\t\t<div class=\"elementor-video\"><\/div>\t\t<\/div>\n\t\t\t\t\t\t<\/div>\n\t\t\t\t<\/div>\n\t\t\t\t<\/div>\n\t\t\t\t\t<\/div>\n\t\t\t\t<\/div>\n\t\t<div class=\"wd-negative-gap elementor-element elementor-element-02ff28c e-flex e-con-boxed e-con e-parent\" data-id=\"02ff28c\" data-element_type=\"container\" data-e-type=\"container\">\n\t\t\t\t\t<div class=\"e-con-inner\">\n\t\t<div class=\"elementor-element elementor-element-12b4ea1 e-con-full e-flex e-con e-child\" data-id=\"12b4ea1\" data-element_type=\"container\" data-e-type=\"container\">\n\t\t\t\t<div class=\"elementor-element elementor-element-385d525 elementor-widget elementor-widget-heading\" data-id=\"385d525\" data-element_type=\"widget\" data-e-type=\"widget\" data-widget_type=\"heading.default\">\n\t\t\t\t<div class=\"elementor-widget-container\">\n\t\t\t\t\t<h2 class=\"elementor-heading-title elementor-size-default\">\"Yaya Riesling y Yaya Pinot Noir\"<\/h2>\t\t\t\t<\/div>\n\t\t\t\t<\/div>\n\t\t\t\t<div class=\"elementor-element elementor-element-7ca6eaa elementor-widget elementor-widget-wd_text_block\" data-id=\"7ca6eaa\" data-element_type=\"widget\" data-e-type=\"widget\" data-widget_type=\"wd_text_block.default\">\n\t\t\t\t<div class=\"elementor-widget-container\">\n\t\t\t\t\t\t\t<div class=\"wd-text-block reset-last-child text-center\">\n\t\t\t\n\t\t\t<p>En esta nueva edici\u00f3n del ABC del vino, conoceremos 2 cepas de la regi\u00f3n de Pfalz al suroeste de Alemania, justo al norte de Alsacia, Francia. Es una de las zonas vin\u00edcolas m\u00e1s antiguas del pa\u00eds, es c\u00e1lida y soleada, protegida por el bosque del Palatinado, lo que permite que las uvas maduren mejor que en otras partes de Alemania.<\/p><p>Invitados especiales: Isabelle Malavasi y Esteban Quesada.<\/p><p style=\"text-align: center;\">5 noviembre 2024.<\/p>\n\t\t\t\t\t<\/div>\n\t\t\t\t\t\t<\/div>\n\t\t\t\t<\/div>\n\t\t\t\t<\/div>\n\t\t<div class=\"elementor-element elementor-element-f7223f6 e-con-full e-flex e-con e-child\" data-id=\"f7223f6\" data-element_type=\"container\" data-e-type=\"container\">\n\t\t\t\t<div class=\"elementor-element elementor-element-c238389 elementor-widget elementor-widget-video\" data-id=\"c238389\" data-element_type=\"widget\" data-e-type=\"widget\" data-settings=\"{&quot;youtube_url&quot;:&quot;https:\\\/\\\/www.youtube.com\\\/watch?v=HFT1SZylzT0&quot;,&quot;video_type&quot;:&quot;youtube&quot;,&quot;controls&quot;:&quot;yes&quot;}\" data-widget_type=\"video.default\">\n\t\t\t\t<div class=\"elementor-widget-container\">\n\t\t\t\t\t\t\t<div class=\"elementor-wrapper elementor-open-inline\">\n\t\t\t<div class=\"elementor-video\"><\/div>\t\t<\/div>\n\t\t\t\t\t\t<\/div>\n\t\t\t\t<\/div>\n\t\t\t\t<\/div>\n\t\t\t\t\t<\/div>\n\t\t\t\t<\/div>\n\t\t<div class=\"wd-negative-gap elementor-element elementor-element-158e468 e-flex e-con-boxed e-con e-parent\" data-id=\"158e468\" data-element_type=\"container\" data-e-type=\"container\">\n\t\t\t\t\t<div class=\"e-con-inner\">\n\t\t<div class=\"elementor-element elementor-element-fd632bf e-con-full e-flex e-con e-child\" data-id=\"fd632bf\" data-element_type=\"container\" data-e-type=\"container\">\n\t\t\t\t<div class=\"elementor-element elementor-element-2e505b8 elementor-widget elementor-widget-heading\" data-id=\"2e505b8\" data-element_type=\"widget\" data-e-type=\"widget\" data-widget_type=\"heading.default\">\n\t\t\t\t<div class=\"elementor-widget-container\">\n\t\t\t\t\t<h2 class=\"elementor-heading-title elementor-size-default\">\"Morand\u00e9 Estate Reserve Carmen\u00e9re\"<\/h2>\t\t\t\t<\/div>\n\t\t\t\t<\/div>\n\t\t\t\t<div class=\"elementor-element elementor-element-9fc0e69 elementor-widget elementor-widget-wd_text_block\" data-id=\"9fc0e69\" data-element_type=\"widget\" data-e-type=\"widget\" data-widget_type=\"wd_text_block.default\">\n\t\t\t\t<div class=\"elementor-widget-container\">\n\t\t\t\t\t\t\t<div class=\"wd-text-block reset-last-child text-center\">\n\t\t\t\n\t\t\t<p>\u201cSelecci\u00f3n de Vi\u00f1edos representa nuestro compromiso por crear vinos con identidad de lugar, eligiendo cuidadosamente el mejor vi\u00f1edo para cada variedad. Este Carmenere proviene del vi\u00f1edo Romeral en el valle del Maipo, donde sus suelos franco-arcillosos de origen aluvial y clima mediterr\u00e1neo generan condiciones ideales para vinos tintos de buena estructura\u201d.<\/p><p>Invitada especial: Sommelier Andrea Sequeira.<\/p><p style=\"text-align: center;\">22 octubre 2024.<\/p>\n\t\t\t\t\t<\/div>\n\t\t\t\t\t\t<\/div>\n\t\t\t\t<\/div>\n\t\t\t\t<\/div>\n\t\t<div class=\"elementor-element elementor-element-a124ba2 e-con-full e-flex e-con e-child\" data-id=\"a124ba2\" data-element_type=\"container\" data-e-type=\"container\">\n\t\t\t\t<div class=\"elementor-element elementor-element-64a0ccb elementor-widget elementor-widget-video\" data-id=\"64a0ccb\" data-element_type=\"widget\" data-e-type=\"widget\" data-settings=\"{&quot;youtube_url&quot;:&quot;https:\\\/\\\/www.youtube.com\\\/watch?v=Caqw9bL5x_8&quot;,&quot;video_type&quot;:&quot;youtube&quot;,&quot;controls&quot;:&quot;yes&quot;}\" data-widget_type=\"video.default\">\n\t\t\t\t<div class=\"elementor-widget-container\">\n\t\t\t\t\t\t\t<div class=\"elementor-wrapper elementor-open-inline\">\n\t\t\t<div class=\"elementor-video\"><\/div>\t\t<\/div>\n\t\t\t\t\t\t<\/div>\n\t\t\t\t<\/div>\n\t\t\t\t<\/div>\n\t\t\t\t\t<\/div>\n\t\t\t\t<\/div>\n\t\t<div class=\"wd-negative-gap elementor-element elementor-element-f1bce91 e-flex e-con-boxed e-con e-parent\" data-id=\"f1bce91\" data-element_type=\"container\" data-e-type=\"container\">\n\t\t\t\t\t<div class=\"e-con-inner\">\n\t\t<div class=\"elementor-element elementor-element-0cc0b32 e-con-full e-flex e-con e-child\" data-id=\"0cc0b32\" data-element_type=\"container\" data-e-type=\"container\">\n\t\t\t\t<div class=\"elementor-element elementor-element-7ba2270 elementor-widget elementor-widget-heading\" data-id=\"7ba2270\" data-element_type=\"widget\" data-e-type=\"widget\" data-widget_type=\"heading.default\">\n\t\t\t\t<div class=\"elementor-widget-container\">\n\t\t\t\t\t<h2 class=\"elementor-heading-title elementor-size-default\">\"Dominio de la Abadesa\"<\/h2>\t\t\t\t<\/div>\n\t\t\t\t<\/div>\n\t\t\t\t<div class=\"elementor-element elementor-element-bb9e239 elementor-widget elementor-widget-wd_text_block\" data-id=\"bb9e239\" data-element_type=\"widget\" data-e-type=\"widget\" data-widget_type=\"wd_text_block.default\">\n\t\t\t\t<div class=\"elementor-widget-container\">\n\t\t\t\t\t\t\t<div class=\"wd-text-block reset-last-child text-center\">\n\t\t\t\n\t\t\t<p>Dominio de la Abadesa es la nueva aventura en Ribera del Duero de Bodegas Onta\u00f1\u00f3n, una de las mayores bodegas de La Rioja con m\u00e1s de 30 a\u00f1os de experiencia. Sus or\u00edgenes comienzan con la pasi\u00f3n de una familia por su tierra y su tradici\u00f3n viticultora. Dominio de la Abadesa no es s\u00f3lo una bodega, sino toda una filosof\u00eda.<\/p><p>Invitado especial: Sommelier Jeffrey Zamora.<\/p><p style=\"text-align: center;\">24 setiembre 2024.<\/p>\n\t\t\t\t\t<\/div>\n\t\t\t\t\t\t<\/div>\n\t\t\t\t<\/div>\n\t\t\t\t<\/div>\n\t\t<div class=\"elementor-element elementor-element-f7d1066 e-con-full e-flex e-con e-child\" data-id=\"f7d1066\" data-element_type=\"container\" data-e-type=\"container\">\n\t\t\t\t<div class=\"elementor-element elementor-element-3a40f6e elementor-widget elementor-widget-video\" data-id=\"3a40f6e\" data-element_type=\"widget\" data-e-type=\"widget\" data-settings=\"{&quot;youtube_url&quot;:&quot;https:\\\/\\\/www.youtube.com\\\/watch?v=1hAPTh4636c&quot;,&quot;video_type&quot;:&quot;youtube&quot;,&quot;controls&quot;:&quot;yes&quot;}\" data-widget_type=\"video.default\">\n\t\t\t\t<div class=\"elementor-widget-container\">\n\t\t\t\t\t\t\t<div class=\"elementor-wrapper elementor-open-inline\">\n\t\t\t<div class=\"elementor-video\"><\/div>\t\t<\/div>\n\t\t\t\t\t\t<\/div>\n\t\t\t\t<\/div>\n\t\t\t\t<\/div>\n\t\t\t\t\t<\/div>\n\t\t\t\t<\/div>\n\t\t<div class=\"wd-negative-gap elementor-element elementor-element-a3024a1 e-flex e-con-boxed e-con e-parent\" data-id=\"a3024a1\" data-element_type=\"container\" data-e-type=\"container\">\n\t\t\t\t\t<div class=\"e-con-inner\">\n\t\t<div class=\"elementor-element elementor-element-dfc0856 e-con-full e-flex e-con e-child\" data-id=\"dfc0856\" data-element_type=\"container\" data-e-type=\"container\">\n\t\t\t\t<div class=\"elementor-element elementor-element-a6aa6db elementor-widget elementor-widget-heading\" data-id=\"a6aa6db\" data-element_type=\"widget\" data-e-type=\"widget\" data-widget_type=\"heading.default\">\n\t\t\t\t<div class=\"elementor-widget-container\">\n\t\t\t\t\t<h2 class=\"elementor-heading-title elementor-size-default\">\"Las Perdices Malbec\"<\/h2>\t\t\t\t<\/div>\n\t\t\t\t<\/div>\n\t\t\t\t<div class=\"elementor-element elementor-element-500c745 elementor-widget elementor-widget-wd_text_block\" data-id=\"500c745\" data-element_type=\"widget\" data-e-type=\"widget\" data-widget_type=\"wd_text_block.default\">\n\t\t\t\t<div class=\"elementor-widget-container\">\n\t\t\t\t\t\t\t<div class=\"wd-text-block reset-last-child text-center\">\n\t\t\t\n\t\t\t<p>Este martes conoceremos un malbec argentino producido a 1.030 m.s.n.m. en la Vi\u00f1a Las Perdices, ubicada al pie de la Cordillera de Los Andes, en Agrelo, Luj\u00e1n de Cuyo. Desde los a\u00f1os setenta la familia se enamor\u00f3 de estas tierras y tom\u00f3 como desaf\u00edo el cultivo y la creaci\u00f3n de vinos de gran calidad\u2026<\/p><p>Invitada especial: Sommelier Andrea Sequeira.<\/p><p style=\"text-align: center;\">10 setiembre 2024.<\/p>\n\t\t\t\t\t<\/div>\n\t\t\t\t\t\t<\/div>\n\t\t\t\t<\/div>\n\t\t\t\t<\/div>\n\t\t<div class=\"elementor-element elementor-element-877338e e-con-full e-flex e-con e-child\" data-id=\"877338e\" data-element_type=\"container\" data-e-type=\"container\">\n\t\t\t\t<div class=\"elementor-element elementor-element-00c5b1a elementor-widget elementor-widget-video\" data-id=\"00c5b1a\" data-element_type=\"widget\" data-e-type=\"widget\" data-settings=\"{&quot;youtube_url&quot;:&quot;https:\\\/\\\/www.youtube.com\\\/watch?v=KfFUxAQj2MA&quot;,&quot;video_type&quot;:&quot;youtube&quot;,&quot;controls&quot;:&quot;yes&quot;}\" data-widget_type=\"video.default\">\n\t\t\t\t<div class=\"elementor-widget-container\">\n\t\t\t\t\t\t\t<div class=\"elementor-wrapper elementor-open-inline\">\n\t\t\t<div class=\"elementor-video\"><\/div>\t\t<\/div>\n\t\t\t\t\t\t<\/div>\n\t\t\t\t<\/div>\n\t\t\t\t<\/div>\n\t\t\t\t\t<\/div>\n\t\t\t\t<\/div>\n\t\t<div class=\"wd-negative-gap elementor-element elementor-element-2f116da e-flex e-con-boxed e-con e-parent\" data-id=\"2f116da\" data-element_type=\"container\" data-e-type=\"container\">\n\t\t\t\t\t<div class=\"e-con-inner\">\n\t\t<div class=\"elementor-element elementor-element-a5340e9 e-con-full e-flex e-con e-child\" data-id=\"a5340e9\" data-element_type=\"container\" data-e-type=\"container\">\n\t\t\t\t<div class=\"elementor-element elementor-element-e417fcd elementor-widget elementor-widget-heading\" data-id=\"e417fcd\" data-element_type=\"widget\" data-e-type=\"widget\" data-widget_type=\"heading.default\">\n\t\t\t\t<div class=\"elementor-widget-container\">\n\t\t\t\t\t<h2 class=\"elementor-heading-title elementor-size-default\">\"La Vieille Ferme\"<\/h2>\t\t\t\t<\/div>\n\t\t\t\t<\/div>\n\t\t\t\t<div class=\"elementor-element elementor-element-27ca70c elementor-widget elementor-widget-wd_text_block\" data-id=\"27ca70c\" data-element_type=\"widget\" data-e-type=\"widget\" data-widget_type=\"wd_text_block.default\">\n\t\t\t\t<div class=\"elementor-widget-container\">\n\t\t\t\t\t\t\t<div class=\"wd-text-block reset-last-child text-center\">\n\t\t\t\n\t\t\t<p>Desde 1970, La Vieille Ferme produce vinos aut\u00e9nticos, honestos y sabrosos en cada a\u00f1ada. Son producidos con gran cuidado e integridad al sur del R\u00f3dano, por la Familia Perrin propietarios del Ch\u00e2teau de Beaucastel. En algunos de los mejores restaurantes y bares del mundo, La Vieille Ferme ha sido reconocido como uno de los vinos con mejor relaci\u00f3n calidad-precio del mundo.<\/p><p>Invitado especial: Sommelier Jeffrey Zamora.<\/p><p style=\"text-align: center;\">20 agosto 2024.<\/p>\n\t\t\t\t\t<\/div>\n\t\t\t\t\t\t<\/div>\n\t\t\t\t<\/div>\n\t\t\t\t<\/div>\n\t\t<div class=\"elementor-element elementor-element-9caae6b e-con-full e-flex e-con e-child\" data-id=\"9caae6b\" data-element_type=\"container\" data-e-type=\"container\">\n\t\t\t\t<div class=\"elementor-element elementor-element-1fce474 elementor-widget elementor-widget-video\" data-id=\"1fce474\" data-element_type=\"widget\" data-e-type=\"widget\" data-settings=\"{&quot;youtube_url&quot;:&quot;https:\\\/\\\/www.youtube.com\\\/watch?v=MUvRVK7Z7WA&quot;,&quot;video_type&quot;:&quot;youtube&quot;,&quot;controls&quot;:&quot;yes&quot;}\" data-widget_type=\"video.default\">\n\t\t\t\t<div class=\"elementor-widget-container\">\n\t\t\t\t\t\t\t<div class=\"elementor-wrapper elementor-open-inline\">\n\t\t\t<div class=\"elementor-video\"><\/div>\t\t<\/div>\n\t\t\t\t\t\t<\/div>\n\t\t\t\t<\/div>\n\t\t\t\t<\/div>\n\t\t\t\t\t<\/div>\n\t\t\t\t<\/div>\n\t\t<div class=\"wd-negative-gap elementor-element elementor-element-9d042ce e-flex e-con-boxed e-con e-parent\" data-id=\"9d042ce\" data-element_type=\"container\" data-e-type=\"container\">\n\t\t\t\t\t<div class=\"e-con-inner\">\n\t\t<div class=\"elementor-element elementor-element-28c80a4 e-con-full e-flex e-con e-child\" data-id=\"28c80a4\" data-element_type=\"container\" data-e-type=\"container\">\n\t\t\t\t<div class=\"elementor-element elementor-element-afa53e3 elementor-widget elementor-widget-heading\" data-id=\"afa53e3\" data-element_type=\"widget\" data-e-type=\"widget\" data-widget_type=\"heading.default\">\n\t\t\t\t<div class=\"elementor-widget-container\">\n\t\t\t\t\t<h2 class=\"elementor-heading-title elementor-size-default\">\"Err\u00e1zuriz The Blend\"<\/h2>\t\t\t\t<\/div>\n\t\t\t\t<\/div>\n\t\t\t\t<div class=\"elementor-element elementor-element-c1aaa48 elementor-widget elementor-widget-wd_text_block\" data-id=\"c1aaa48\" data-element_type=\"widget\" data-e-type=\"widget\" data-widget_type=\"wd_text_block.default\">\n\t\t\t\t<div class=\"elementor-widget-container\">\n\t\t\t\t\t\t\t<div class=\"wd-text-block reset-last-child text-center\">\n\t\t\t\n\t\t\t<p>Este martes conoceremos el Valle de Aconcagua, a solo 100 km de Santiago, Chile; este lugar fue elegido en 1870 por Don Maximiano Err\u00e1zuriz para fundar Vi\u00f1a Err\u00e1zuriz. Coronado por el Monte Aconcagua, es hoy la cuna de algunos de los mejores vinos del mundo, caracteriz\u00e1ndose por las frescas brisas que provienen del oc\u00e9ano y que refrescan los vi\u00f1edos ah\u00ed plantados.<\/p><p>Invitada especial: Sommelier Laura Mora.<\/p><p style=\"text-align: center;\">6 agosto 2024.<\/p>\n\t\t\t\t\t<\/div>\n\t\t\t\t\t\t<\/div>\n\t\t\t\t<\/div>\n\t\t\t\t<\/div>\n\t\t<div class=\"elementor-element elementor-element-b79e8bb e-con-full e-flex e-con e-child\" data-id=\"b79e8bb\" data-element_type=\"container\" data-e-type=\"container\">\n\t\t\t\t<div class=\"elementor-element elementor-element-48a7b27 elementor-widget elementor-widget-video\" data-id=\"48a7b27\" data-element_type=\"widget\" data-e-type=\"widget\" data-settings=\"{&quot;youtube_url&quot;:&quot;https:\\\/\\\/www.youtube.com\\\/watch?v=0FllNX1naHY&quot;,&quot;video_type&quot;:&quot;youtube&quot;,&quot;controls&quot;:&quot;yes&quot;}\" data-widget_type=\"video.default\">\n\t\t\t\t<div class=\"elementor-widget-container\">\n\t\t\t\t\t\t\t<div class=\"elementor-wrapper elementor-open-inline\">\n\t\t\t<div class=\"elementor-video\"><\/div>\t\t<\/div>\n\t\t\t\t\t\t<\/div>\n\t\t\t\t<\/div>\n\t\t\t\t<\/div>\n\t\t\t\t\t<\/div>\n\t\t\t\t<\/div>\n\t\t<div class=\"wd-negative-gap elementor-element elementor-element-2ea4791 e-flex e-con-boxed e-con e-parent\" data-id=\"2ea4791\" data-element_type=\"container\" data-e-type=\"container\">\n\t\t\t\t\t<div class=\"e-con-inner\">\n\t\t<div class=\"elementor-element elementor-element-951463b e-con-full e-flex e-con e-child\" data-id=\"951463b\" data-element_type=\"container\" data-e-type=\"container\">\n\t\t\t\t<div class=\"elementor-element elementor-element-9492e65 elementor-widget elementor-widget-heading\" data-id=\"9492e65\" data-element_type=\"widget\" data-e-type=\"widget\" data-widget_type=\"heading.default\">\n\t\t\t\t<div class=\"elementor-widget-container\">\n\t\t\t\t\t<h2 class=\"elementor-heading-title elementor-size-default\"> \"Orot Crianza\"<\/h2>\t\t\t\t<\/div>\n\t\t\t\t<\/div>\n\t\t\t\t<div class=\"elementor-element elementor-element-42131c8 elementor-widget elementor-widget-wd_text_block\" data-id=\"42131c8\" data-element_type=\"widget\" data-e-type=\"widget\" data-widget_type=\"wd_text_block.default\">\n\t\t\t\t<div class=\"elementor-widget-container\">\n\t\t\t\t\t\t\t<div class=\"wd-text-block reset-last-child text-center\">\n\t\t\t\n\t\t\t<p>Este martes conoceremos un vino de la Denominaci\u00f3n de Origen Toro, que se encuentra ubicada en Castilla y Le\u00f3n, al sureste de la provincia de Zamora, Espa\u00f1a. Este vino nos brinda aromas elegantes y de gran intensidad, con sabores potentes y carnosos.<\/p><p>Invitado especial: Sommelier Jeffrey Zamora.<\/p><p style=\"text-align: center;\">23 julio 2024.<\/p>\n\t\t\t\t\t<\/div>\n\t\t\t\t\t\t<\/div>\n\t\t\t\t<\/div>\n\t\t\t\t<\/div>\n\t\t<div class=\"elementor-element elementor-element-ba04e8d e-con-full e-flex e-con e-child\" data-id=\"ba04e8d\" data-element_type=\"container\" data-e-type=\"container\">\n\t\t\t\t<div class=\"elementor-element elementor-element-4c4d6b6 elementor-widget elementor-widget-video\" data-id=\"4c4d6b6\" data-element_type=\"widget\" data-e-type=\"widget\" data-settings=\"{&quot;youtube_url&quot;:&quot;https:\\\/\\\/www.youtube.com\\\/watch?v=-KQgr1CFNuA&quot;,&quot;video_type&quot;:&quot;youtube&quot;,&quot;controls&quot;:&quot;yes&quot;}\" data-widget_type=\"video.default\">\n\t\t\t\t<div class=\"elementor-widget-container\">\n\t\t\t\t\t\t\t<div class=\"elementor-wrapper elementor-open-inline\">\n\t\t\t<div class=\"elementor-video\"><\/div>\t\t<\/div>\n\t\t\t\t\t\t<\/div>\n\t\t\t\t<\/div>\n\t\t\t\t<\/div>\n\t\t\t\t\t<\/div>\n\t\t\t\t<\/div>\n\t\t<div class=\"wd-negative-gap elementor-element elementor-element-1409a8f e-flex e-con-boxed e-con e-parent\" data-id=\"1409a8f\" data-element_type=\"container\" data-e-type=\"container\">\n\t\t\t\t\t<div class=\"e-con-inner\">\n\t\t<div class=\"elementor-element elementor-element-1315880 e-con-full e-flex e-con e-child\" data-id=\"1315880\" data-element_type=\"container\" data-e-type=\"container\">\n\t\t\t\t<div class=\"elementor-element elementor-element-78c866f elementor-widget elementor-widget-heading\" data-id=\"78c866f\" data-element_type=\"widget\" data-e-type=\"widget\" data-widget_type=\"heading.default\">\n\t\t\t\t<div class=\"elementor-widget-container\">\n\t\t\t\t\t<h2 class=\"elementor-heading-title elementor-size-default\">\"Saurus Pinot Noir\"<\/h2>\t\t\t\t<\/div>\n\t\t\t\t<\/div>\n\t\t\t\t<div class=\"elementor-element elementor-element-3756eab elementor-widget elementor-widget-wd_text_block\" data-id=\"3756eab\" data-element_type=\"widget\" data-e-type=\"widget\" data-widget_type=\"wd_text_block.default\">\n\t\t\t\t<div class=\"elementor-widget-container\">\n\t\t\t\t\t\t\t<div class=\"wd-text-block reset-last-child text-center\">\n\t\t\t\n\t\t\t<p>El enfoque de la Familia Schroeder es el de producir vinos f\u00e1ciles de beber, fieles a la variedad y con una frutosidad que encanta desde el primer sorbo. Pinot Noir es una cepa que se adapta muy bien en la Patagonia. Este vino es muy fiel a la tipicidad de la variedad. Su frutosidad y equilibrio enamoran.&nbsp;<\/p><p>Invitado especial: Sommelier Jeffrey Zamora.&nbsp;<\/p><p style=\"text-align: center;\">9 julio 2024.<span style=\"font-size: 14px; text-align: var(--text-align); background-color: var(--wd-main-bgcolor); color: var(--wd-text-color);\"><\/span><\/p>\n\t\t\t\t\t<\/div>\n\t\t\t\t\t\t<\/div>\n\t\t\t\t<\/div>\n\t\t\t\t<\/div>\n\t\t<div class=\"elementor-element elementor-element-bba2a3e e-con-full e-flex e-con e-child\" data-id=\"bba2a3e\" data-element_type=\"container\" data-e-type=\"container\">\n\t\t\t\t<div class=\"elementor-element elementor-element-6cfb23c elementor-widget elementor-widget-video\" data-id=\"6cfb23c\" data-element_type=\"widget\" data-e-type=\"widget\" data-settings=\"{&quot;youtube_url&quot;:&quot;https:\\\/\\\/www.youtube.com\\\/watch?v=NEnc6aZR2To&quot;,&quot;video_type&quot;:&quot;youtube&quot;,&quot;controls&quot;:&quot;yes&quot;}\" data-widget_type=\"video.default\">\n\t\t\t\t<div class=\"elementor-widget-container\">\n\t\t\t\t\t\t\t<div class=\"elementor-wrapper elementor-open-inline\">\n\t\t\t<div class=\"elementor-video\"><\/div>\t\t<\/div>\n\t\t\t\t\t\t<\/div>\n\t\t\t\t<\/div>\n\t\t\t\t<\/div>\n\t\t\t\t\t<\/div>\n\t\t\t\t<\/div>\n\t\t<div class=\"wd-negative-gap elementor-element elementor-element-0337124 e-flex e-con-boxed e-con e-parent\" data-id=\"0337124\" data-element_type=\"container\" data-e-type=\"container\">\n\t\t\t\t\t<div class=\"e-con-inner\">\n\t\t<div class=\"elementor-element elementor-element-cb42f2b e-con-full e-flex e-con e-child\" data-id=\"cb42f2b\" data-element_type=\"container\" data-e-type=\"container\">\n\t\t\t\t<div class=\"elementor-element elementor-element-bf5362e elementor-widget elementor-widget-heading\" data-id=\"bf5362e\" data-element_type=\"widget\" data-e-type=\"widget\" data-widget_type=\"heading.default\">\n\t\t\t\t<div class=\"elementor-widget-container\">\n\t\t\t\t\t<h2 class=\"elementor-heading-title elementor-size-default\">\"Trumpeter Malbec\".<\/h2>\t\t\t\t<\/div>\n\t\t\t\t<\/div>\n\t\t\t\t<div class=\"elementor-element elementor-element-708ea20 elementor-widget elementor-widget-wd_text_block\" data-id=\"708ea20\" data-element_type=\"widget\" data-e-type=\"widget\" data-widget_type=\"wd_text_block.default\">\n\t\t\t\t<div class=\"elementor-widget-container\">\n\t\t\t\t\t\t\t<div class=\"wd-text-block reset-last-child text-center\">\n\t\t\t\n\t\t\t<p>Este martes conoceremos un malbec de gran cuerpo y bien estructurado. Pertenece a Rutini Wines, que desde su fundaci\u00f3n en 1885, ha sido reconocida por la extraordinaria calidad de su bodega y sent\u00f3 las bases para un duradero legado de calidad y reconocimiento. Actualmente es reconocida como una de las marcas m\u00e1s exitosas y emblem\u00e1ticas.<\/p><p>Invitado especial: Sommelier Jeffrey Zamora.\u00a0<\/p><p style=\"text-align: center;\">25 junio 2024.<\/p>\n\t\t\t\t\t<\/div>\n\t\t\t\t\t\t<\/div>\n\t\t\t\t<\/div>\n\t\t\t\t<\/div>\n\t\t<div class=\"elementor-element elementor-element-e75e985 e-con-full e-flex e-con e-child\" data-id=\"e75e985\" data-element_type=\"container\" data-e-type=\"container\">\n\t\t\t\t<div class=\"elementor-element elementor-element-77f337c elementor-widget elementor-widget-video\" data-id=\"77f337c\" data-element_type=\"widget\" data-e-type=\"widget\" data-settings=\"{&quot;youtube_url&quot;:&quot;https:\\\/\\\/www.youtube.com\\\/watch?v=sc4H38z3IwM&quot;,&quot;video_type&quot;:&quot;youtube&quot;,&quot;controls&quot;:&quot;yes&quot;}\" data-widget_type=\"video.default\">\n\t\t\t\t<div class=\"elementor-widget-container\">\n\t\t\t\t\t\t\t<div class=\"elementor-wrapper elementor-open-inline\">\n\t\t\t<div class=\"elementor-video\"><\/div>\t\t<\/div>\n\t\t\t\t\t\t<\/div>\n\t\t\t\t<\/div>\n\t\t\t\t<\/div>\n\t\t\t\t\t<\/div>\n\t\t\t\t<\/div>\n\t\t<div class=\"wd-negative-gap elementor-element elementor-element-0e87f33 e-flex e-con-boxed e-con e-parent\" data-id=\"0e87f33\" data-element_type=\"container\" data-e-type=\"container\">\n\t\t\t\t\t<div class=\"e-con-inner\">\n\t\t<div class=\"elementor-element elementor-element-22c742f e-con-full e-flex e-con e-child\" data-id=\"22c742f\" data-element_type=\"container\" data-e-type=\"container\">\n\t\t\t\t<div class=\"elementor-element elementor-element-edc1e78 elementor-widget elementor-widget-heading\" data-id=\"edc1e78\" data-element_type=\"widget\" data-e-type=\"widget\" data-widget_type=\"heading.default\">\n\t\t\t\t<div class=\"elementor-widget-container\">\n\t\t\t\t\t<h2 class=\"elementor-heading-title elementor-size-default\">\"Marquis De Bordeaux\"<\/h2>\t\t\t\t<\/div>\n\t\t\t\t<\/div>\n\t\t\t\t<div class=\"elementor-element elementor-element-8ea2348 elementor-widget elementor-widget-wd_text_block\" data-id=\"8ea2348\" data-element_type=\"widget\" data-e-type=\"widget\" data-widget_type=\"wd_text_block.default\">\n\t\t\t\t<div class=\"elementor-widget-container\">\n\t\t\t\t\t\t\t<div class=\"wd-text-block reset-last-child text-center\">\n\t\t\t\n\t\t\t<p>Este martes conoceremos un vino procedente de Saint-\u00c9milion \/ Bordeaux, Francia; fue elaborado por el En\u00f3logo franc\u00e9s Alexandre Sirech, quien trabaj\u00f3 para varias bodegas fuera de Francia y quiso adoptar las t\u00e9cnicas y estilo del nuevo mundo, con la tradici\u00f3n y elegancia de su tierra natal, Bordeaux.<\/p><p>Invitado especial: Sommelier Jeffrey Zamora.\u00a0<\/p><p style=\"text-align: center;\">11 junio 2024.<\/p>\n\t\t\t\t\t<\/div>\n\t\t\t\t\t\t<\/div>\n\t\t\t\t<\/div>\n\t\t\t\t<\/div>\n\t\t<div class=\"elementor-element elementor-element-36f336a e-con-full e-flex e-con e-child\" data-id=\"36f336a\" data-element_type=\"container\" data-e-type=\"container\">\n\t\t\t\t<div class=\"elementor-element elementor-element-463319f elementor-widget elementor-widget-video\" data-id=\"463319f\" data-element_type=\"widget\" data-e-type=\"widget\" data-settings=\"{&quot;youtube_url&quot;:&quot;https:\\\/\\\/www.youtube.com\\\/watch?v=k4gIfmDRyxw&quot;,&quot;video_type&quot;:&quot;youtube&quot;,&quot;controls&quot;:&quot;yes&quot;}\" data-widget_type=\"video.default\">\n\t\t\t\t<div class=\"elementor-widget-container\">\n\t\t\t\t\t\t\t<div class=\"elementor-wrapper elementor-open-inline\">\n\t\t\t<div class=\"elementor-video\"><\/div>\t\t<\/div>\n\t\t\t\t\t\t<\/div>\n\t\t\t\t<\/div>\n\t\t\t\t<\/div>\n\t\t\t\t\t<\/div>\n\t\t\t\t<\/div>\n\t\t<div class=\"wd-negative-gap elementor-element elementor-element-6a5409b e-flex e-con-boxed e-con e-parent\" data-id=\"6a5409b\" data-element_type=\"container\" data-e-type=\"container\">\n\t\t\t\t\t<div class=\"e-con-inner\">\n\t\t<div class=\"elementor-element elementor-element-22883ae e-con-full e-flex e-con e-child\" data-id=\"22883ae\" data-element_type=\"container\" data-e-type=\"container\">\n\t\t\t\t<div class=\"elementor-element elementor-element-5b60022 elementor-widget elementor-widget-heading\" data-id=\"5b60022\" data-element_type=\"widget\" data-e-type=\"widget\" data-widget_type=\"heading.default\">\n\t\t\t\t<div class=\"elementor-widget-container\">\n\t\t\t\t\t<h2 class=\"elementor-heading-title elementor-size-default\">\"Montes Cherub Ros\u00e9\"<\/h2>\t\t\t\t<\/div>\n\t\t\t\t<\/div>\n\t\t\t\t<div class=\"elementor-element elementor-element-a1313db elementor-widget elementor-widget-wd_text_block\" data-id=\"a1313db\" data-element_type=\"widget\" data-e-type=\"widget\" data-widget_type=\"wd_text_block.default\">\n\t\t\t\t<div class=\"elementor-widget-container\">\n\t\t\t\t\t\t\t<div class=\"wd-text-block reset-last-child text-center\">\n\t\t\t\n\t\t\t<p>Montes Cherub de Vi\u00f1a Montes, es un vino Ros\u00e9 de predominancia Syrah, de delicado color rosa p\u00e1lido y cristalino. Seco, seductor y elegante, suave y de acidez fresca. Nace en nuestra finca \"El Arc\u00e1ngel\", del Valle de Marchig\u00fce en Colchagua. Invitado especial: Sommelier Jeffrey Zamora.<\/p><p style=\"text-align: center;\">21 de mayo 2024<\/p>\n\t\t\t\t\t<\/div>\n\t\t\t\t\t\t<\/div>\n\t\t\t\t<\/div>\n\t\t\t\t<\/div>\n\t\t<div class=\"elementor-element elementor-element-ecf6ac2 e-con-full e-flex e-con e-child\" data-id=\"ecf6ac2\" data-element_type=\"container\" data-e-type=\"container\">\n\t\t\t\t<div class=\"elementor-element elementor-element-39ec64e elementor-widget elementor-widget-video\" data-id=\"39ec64e\" data-element_type=\"widget\" data-e-type=\"widget\" data-settings=\"{&quot;youtube_url&quot;:&quot;https:\\\/\\\/www.youtube.com\\\/watch?v=vdjgPy0zulk&quot;,&quot;video_type&quot;:&quot;youtube&quot;,&quot;controls&quot;:&quot;yes&quot;}\" data-widget_type=\"video.default\">\n\t\t\t\t<div class=\"elementor-widget-container\">\n\t\t\t\t\t\t\t<div class=\"elementor-wrapper elementor-open-inline\">\n\t\t\t<div class=\"elementor-video\"><\/div>\t\t<\/div>\n\t\t\t\t\t\t<\/div>\n\t\t\t\t<\/div>\n\t\t\t\t<\/div>\n\t\t\t\t\t<\/div>\n\t\t\t\t<\/div>\n\t\t<div class=\"wd-negative-gap elementor-element elementor-element-ce362b4 e-flex e-con-boxed e-con e-parent\" data-id=\"ce362b4\" data-element_type=\"container\" data-e-type=\"container\">\n\t\t\t\t\t<div class=\"e-con-inner\">\n\t\t<div class=\"elementor-element elementor-element-e477a24 e-con-full e-flex e-con e-child\" data-id=\"e477a24\" data-element_type=\"container\" data-e-type=\"container\">\n\t\t\t\t<div class=\"elementor-element elementor-element-8de1474 elementor-widget elementor-widget-heading\" data-id=\"8de1474\" data-element_type=\"widget\" data-e-type=\"widget\" data-widget_type=\"heading.default\">\n\t\t\t\t<div class=\"elementor-widget-container\">\n\t\t\t\t\t<h2 class=\"elementor-heading-title elementor-size-default\">\"Valtravieso Crianza\".<\/h2>\t\t\t\t<\/div>\n\t\t\t\t<\/div>\n\t\t\t\t<div class=\"elementor-element elementor-element-fbb77f2 elementor-widget elementor-widget-wd_text_block\" data-id=\"fbb77f2\" data-element_type=\"widget\" data-e-type=\"widget\" data-widget_type=\"wd_text_block.default\">\n\t\t\t\t<div class=\"elementor-widget-container\">\n\t\t\t\t\t\t\t<div class=\"wd-text-block reset-last-child text-center\">\n\t\t\t\n\t\t\t<p>Esta semana en el ABC del Vino, conoceremos el Valtravieso Crianza, un vino de ensamblaje elaborado con uvas de los vi\u00f1edos de la finca \u201cLa Revilla\u201d ubicada a una altura de 915 metros. Es un vino tinto con cuerpo, serio, elegante, profundo y largo. Con\u00f3zcalo junto al Sommelier Jeffrey Zamora.<\/p><p style=\"text-align: center;\">7 de mayo 2024<\/p>\n\t\t\t\t\t<\/div>\n\t\t\t\t\t\t<\/div>\n\t\t\t\t<\/div>\n\t\t\t\t<\/div>\n\t\t<div class=\"elementor-element elementor-element-2abc46b e-con-full e-flex e-con e-child\" data-id=\"2abc46b\" data-element_type=\"container\" data-e-type=\"container\">\n\t\t\t\t<div class=\"elementor-element elementor-element-e558b66 elementor-widget elementor-widget-video\" data-id=\"e558b66\" data-element_type=\"widget\" data-e-type=\"widget\" data-settings=\"{&quot;youtube_url&quot;:&quot;https:\\\/\\\/www.youtube.com\\\/watch?v=7lCWgfU7M_8&quot;,&quot;video_type&quot;:&quot;youtube&quot;,&quot;controls&quot;:&quot;yes&quot;}\" data-widget_type=\"video.default\">\n\t\t\t\t<div class=\"elementor-widget-container\">\n\t\t\t\t\t\t\t<div class=\"elementor-wrapper elementor-open-inline\">\n\t\t\t<div class=\"elementor-video\"><\/div>\t\t<\/div>\n\t\t\t\t\t\t<\/div>\n\t\t\t\t<\/div>\n\t\t\t\t<\/div>\n\t\t\t\t\t<\/div>\n\t\t\t\t<\/div>\n\t\t<div class=\"wd-negative-gap elementor-element elementor-element-4ab2976 e-flex e-con-boxed e-con e-parent\" data-id=\"4ab2976\" data-element_type=\"container\" data-e-type=\"container\">\n\t\t\t\t\t<div class=\"e-con-inner\">\n\t\t<div class=\"elementor-element elementor-element-684697a e-con-full e-flex e-con e-child\" data-id=\"684697a\" data-element_type=\"container\" data-e-type=\"container\">\n\t\t\t\t<div class=\"elementor-element elementor-element-7b3692b elementor-widget elementor-widget-heading\" data-id=\"7b3692b\" data-element_type=\"widget\" data-e-type=\"widget\" data-widget_type=\"heading.default\">\n\t\t\t\t<div class=\"elementor-widget-container\">\n\t\t\t\t\t<h2 class=\"elementor-heading-title elementor-size-default\">\"Montes Twins Red Blend\"<\/h2>\t\t\t\t<\/div>\n\t\t\t\t<\/div>\n\t\t\t\t<div class=\"elementor-element elementor-element-4444e8a elementor-widget elementor-widget-wd_text_block\" data-id=\"4444e8a\" data-element_type=\"widget\" data-e-type=\"widget\" data-widget_type=\"wd_text_block.default\">\n\t\t\t\t<div class=\"elementor-widget-container\">\n\t\t\t\t\t\t\t<div class=\"wd-text-block reset-last-child text-center\">\n\t\t\t\n\t\t\t<p>Twins Red Blend, de Vi\u00f1a Montes, combina cuatro variedades: la complejidad del Cabernet Sauvignon mezclado con la frescura del Tempranillo, el volumen y sedosidad en boca del Syrah y la textura e intensidad crom\u00e1tica del Carmen\u00e8re. Una mezcla encantadora de dos terroir, Apalta y Marchig\u00fce del Valle de Colchagua. Acomp\u00e1\u00f1enos a conocerlo junto al Sommelier Jeffrey Zamora.<\/p><p style=\"text-align: center;\">23 de abril 2024<\/p>\n\t\t\t\t\t<\/div>\n\t\t\t\t\t\t<\/div>\n\t\t\t\t<\/div>\n\t\t\t\t<\/div>\n\t\t<div class=\"elementor-element elementor-element-53ba32d e-con-full e-flex e-con e-child\" data-id=\"53ba32d\" data-element_type=\"container\" data-e-type=\"container\">\n\t\t\t\t<div class=\"elementor-element elementor-element-c6b543a elementor-widget elementor-widget-video\" data-id=\"c6b543a\" data-element_type=\"widget\" data-e-type=\"widget\" data-settings=\"{&quot;youtube_url&quot;:&quot;https:\\\/\\\/www.youtube.com\\\/watch?v=iYcmeVN_LqI&quot;,&quot;video_type&quot;:&quot;youtube&quot;,&quot;controls&quot;:&quot;yes&quot;}\" data-widget_type=\"video.default\">\n\t\t\t\t<div class=\"elementor-widget-container\">\n\t\t\t\t\t\t\t<div class=\"elementor-wrapper elementor-open-inline\">\n\t\t\t<div class=\"elementor-video\"><\/div>\t\t<\/div>\n\t\t\t\t\t\t<\/div>\n\t\t\t\t<\/div>\n\t\t\t\t<\/div>\n\t\t\t\t\t<\/div>\n\t\t\t\t<\/div>\n\t\t<div class=\"wd-negative-gap elementor-element elementor-element-4a30dac e-flex e-con-boxed e-con e-parent\" data-id=\"4a30dac\" data-element_type=\"container\" data-e-type=\"container\">\n\t\t\t\t\t<div class=\"e-con-inner\">\n\t\t<div class=\"elementor-element elementor-element-b6d8715 e-con-full e-flex e-con e-child\" data-id=\"b6d8715\" data-element_type=\"container\" data-e-type=\"container\">\n\t\t\t\t<div class=\"elementor-element elementor-element-02a7d1f elementor-widget elementor-widget-heading\" data-id=\"02a7d1f\" data-element_type=\"widget\" data-e-type=\"widget\" data-widget_type=\"heading.default\">\n\t\t\t\t<div class=\"elementor-widget-container\">\n\t\t\t\t\t<h2 class=\"elementor-heading-title elementor-size-default\">Vinos Santa Digna<\/h2>\t\t\t\t<\/div>\n\t\t\t\t<\/div>\n\t\t\t\t<div class=\"elementor-element elementor-element-a80c3c3 elementor-widget elementor-widget-wd_text_block\" data-id=\"a80c3c3\" data-element_type=\"widget\" data-e-type=\"widget\" data-widget_type=\"wd_text_block.default\">\n\t\t\t\t<div class=\"elementor-widget-container\">\n\t\t\t\t\t\t\t<div class=\"wd-text-block reset-last-child text-left\">\n\t\t\t\n\t\t\t<p>Con el respaldo de una historia en la cultura vitivin\u00edcola en Espa\u00f1a, Miguel Torres llega en 1979 al Valle de Curic\u00f3, Chile; tras la b\u00fasqueda de un nuevo destino. En este viaje, adem\u00e1s de encontrar excelentes condiciones clim\u00e1ticas, la familia apuesta por innovar en la elaboraci\u00f3n del vino incorporando cubas de acero inoxidable y roble franc\u00e9s.\u00a0<\/p><p style=\"text-align: center;\">9 de abril 2024<\/p>\n\t\t\t\t\t<\/div>\n\t\t\t\t\t\t<\/div>\n\t\t\t\t<\/div>\n\t\t\t\t<\/div>\n\t\t<div class=\"elementor-element elementor-element-0c93534 e-con-full e-flex e-con e-child\" data-id=\"0c93534\" data-element_type=\"container\" data-e-type=\"container\">\n\t\t\t\t<div class=\"elementor-element elementor-element-a121740 elementor-widget elementor-widget-video\" data-id=\"a121740\" data-element_type=\"widget\" data-e-type=\"widget\" data-settings=\"{&quot;youtube_url&quot;:&quot;https:\\\/\\\/www.youtube.com\\\/watch?v=iMA4D7xAJRM&quot;,&quot;video_type&quot;:&quot;youtube&quot;,&quot;controls&quot;:&quot;yes&quot;}\" data-widget_type=\"video.default\">\n\t\t\t\t<div class=\"elementor-widget-container\">\n\t\t\t\t\t\t\t<div class=\"elementor-wrapper elementor-open-inline\">\n\t\t\t<div class=\"elementor-video\"><\/div>\t\t<\/div>\n\t\t\t\t\t\t<\/div>\n\t\t\t\t<\/div>\n\t\t\t\t<\/div>\n\t\t\t\t\t<\/div>\n\t\t\t\t<\/div>\n\t\t<div class=\"wd-negative-gap elementor-element elementor-element-028b0a3 e-flex e-con-boxed e-con e-parent\" data-id=\"028b0a3\" data-element_type=\"container\" data-e-type=\"container\">\n\t\t\t\t\t<div class=\"e-con-inner\">\n\t\t<div class=\"elementor-element elementor-element-e4f4c22 e-con-full e-flex e-con e-child\" data-id=\"e4f4c22\" data-element_type=\"container\" data-e-type=\"container\">\n\t\t\t\t<div class=\"elementor-element elementor-element-17b319e elementor-widget elementor-widget-heading\" data-id=\"17b319e\" data-element_type=\"widget\" data-e-type=\"widget\" data-widget_type=\"heading.default\">\n\t\t\t\t<div class=\"elementor-widget-container\">\n\t\t\t\t\t<h2 class=\"elementor-heading-title elementor-size-default\">\"Vinos Dulces Santa Helena\"<\/h2>\t\t\t\t<\/div>\n\t\t\t\t<\/div>\n\t\t\t\t<div class=\"elementor-element elementor-element-726e330 elementor-widget elementor-widget-wd_text_block\" data-id=\"726e330\" data-element_type=\"widget\" data-e-type=\"widget\" data-widget_type=\"wd_text_block.default\">\n\t\t\t\t<div class=\"elementor-widget-container\">\n\t\t\t\t\t\t\t<div class=\"wd-text-block reset-last-child text-center\">\n\t\t\t\n\t\t\t<p>Vi\u00f1a Santa Helena se destaca por sus vinos de excelente calidad, elaborados con dedicaci\u00f3n y fruto de m\u00e1s de 75 a\u00f1os de trayectoria vitivin\u00edcola. En esta ocasi\u00f3n, conoceremos junto a la experimentada sommelier Laura Mora, 3 vinos dulces de esta famosa bodega chilena, que reci\u00e9n llegan al pa\u00eds.<\/p><p>Martes 26 de marzo 2024.<\/p>\n\t\t\t\t\t<\/div>\n\t\t\t\t\t\t<\/div>\n\t\t\t\t<\/div>\n\t\t\t\t<\/div>\n\t\t<div class=\"elementor-element elementor-element-ecda291 e-con-full e-flex e-con e-child\" data-id=\"ecda291\" data-element_type=\"container\" data-e-type=\"container\">\n\t\t\t\t<div class=\"elementor-element elementor-element-a98fec6 elementor-widget elementor-widget-video\" data-id=\"a98fec6\" data-element_type=\"widget\" data-e-type=\"widget\" data-settings=\"{&quot;youtube_url&quot;:&quot;https:\\\/\\\/www.youtube.com\\\/watch?v=hblnuanAaEk&amp;t=4615s&quot;,&quot;video_type&quot;:&quot;youtube&quot;,&quot;controls&quot;:&quot;yes&quot;}\" data-widget_type=\"video.default\">\n\t\t\t\t<div class=\"elementor-widget-container\">\n\t\t\t\t\t\t\t<div class=\"elementor-wrapper elementor-open-inline\">\n\t\t\t<div class=\"elementor-video\"><\/div>\t\t<\/div>\n\t\t\t\t\t\t<\/div>\n\t\t\t\t<\/div>\n\t\t\t\t<\/div>\n\t\t\t\t\t<\/div>\n\t\t\t\t<\/div>\n\t\t<div class=\"wd-negative-gap elementor-element elementor-element-a5ac88a e-flex e-con-boxed e-con e-parent\" data-id=\"a5ac88a\" data-element_type=\"container\" data-e-type=\"container\">\n\t\t\t\t\t<div class=\"e-con-inner\">\n\t\t<div class=\"elementor-element elementor-element-a8be645 e-con-full e-flex e-con e-child\" data-id=\"a8be645\" data-element_type=\"container\" data-e-type=\"container\">\n\t\t\t\t<div class=\"elementor-element elementor-element-e15f33d elementor-widget elementor-widget-heading\" data-id=\"e15f33d\" data-element_type=\"widget\" data-e-type=\"widget\" data-widget_type=\"heading.default\">\n\t\t\t\t<div class=\"elementor-widget-container\">\n\t\t\t\t\t<h2 class=\"elementor-heading-title elementor-size-default\">\"Bertani Valpolicella Ripasso\"<\/h2>\t\t\t\t<\/div>\n\t\t\t\t<\/div>\n\t\t\t\t<div class=\"elementor-element elementor-element-4031c21 elementor-widget elementor-widget-wd_text_block\" data-id=\"4031c21\" data-element_type=\"widget\" data-e-type=\"widget\" data-widget_type=\"wd_text_block.default\">\n\t\t\t\t<div class=\"elementor-widget-container\">\n\t\t\t\t\t\t\t<div class=\"wd-text-block reset-last-child text-center\">\n\t\t\t\n\t\t\t<p>Este martes presentaremos un espl\u00e9ndido Ripasso procedente de los mejores vi\u00f1edos que Casa Bertani posee en la Valpolicella Cl\u00e1sica y Valpantena, en suelos ricos en calizas y margas. Conozc\u00e1moslo junto al somelier Jeffrey Zamora.<\/p><p>Martes 12 de marzo 2024.<\/p>\n\t\t\t\t\t<\/div>\n\t\t\t\t\t\t<\/div>\n\t\t\t\t<\/div>\n\t\t\t\t<\/div>\n\t\t<div class=\"elementor-element elementor-element-d13c6ae e-con-full e-flex e-con e-child\" data-id=\"d13c6ae\" data-element_type=\"container\" data-e-type=\"container\">\n\t\t\t\t<div class=\"elementor-element elementor-element-469547a elementor-widget elementor-widget-video\" data-id=\"469547a\" data-element_type=\"widget\" data-e-type=\"widget\" data-settings=\"{&quot;youtube_url&quot;:&quot;https:\\\/\\\/www.youtube.com\\\/watch?v=qMhi95bKsDc&amp;t=221s&quot;,&quot;video_type&quot;:&quot;youtube&quot;,&quot;controls&quot;:&quot;yes&quot;}\" data-widget_type=\"video.default\">\n\t\t\t\t<div class=\"elementor-widget-container\">\n\t\t\t\t\t\t\t<div class=\"elementor-wrapper elementor-open-inline\">\n\t\t\t<div class=\"elementor-video\"><\/div>\t\t<\/div>\n\t\t\t\t\t\t<\/div>\n\t\t\t\t<\/div>\n\t\t\t\t<\/div>\n\t\t\t\t\t<\/div>\n\t\t\t\t<\/div>\n\t\t<div class=\"wd-negative-gap elementor-element elementor-element-be6efef e-flex e-con-boxed e-con e-parent\" data-id=\"be6efef\" data-element_type=\"container\" data-e-type=\"container\">\n\t\t\t\t\t<div class=\"e-con-inner\">\n\t\t<div class=\"elementor-element elementor-element-4eff943 e-con-full e-flex e-con e-child\" data-id=\"4eff943\" data-element_type=\"container\" data-e-type=\"container\">\n\t\t\t\t<div class=\"elementor-element elementor-element-0e6c2df elementor-widget elementor-widget-heading\" data-id=\"0e6c2df\" data-element_type=\"widget\" data-e-type=\"widget\" data-widget_type=\"heading.default\">\n\t\t\t\t<div class=\"elementor-widget-container\">\n\t\t\t\t\t<h2 class=\"elementor-heading-title elementor-size-default\"> \"Ch\u00e2teau Haut-Maginet AOC Bordeaux\"<\/h2>\t\t\t\t<\/div>\n\t\t\t\t<\/div>\n\t\t\t\t<div class=\"elementor-element elementor-element-d902fb3 elementor-widget elementor-widget-wd_text_block\" data-id=\"d902fb3\" data-element_type=\"widget\" data-e-type=\"widget\" data-widget_type=\"wd_text_block.default\">\n\t\t\t\t<div class=\"elementor-widget-container\">\n\t\t\t\t\t\t\t<div class=\"wd-text-block reset-last-child text-center\">\n\t\t\t\n\t\t\t<p>Este martes conoceremos un tinto franc\u00e9s de la familia Jolivet, con denominaci\u00f3n de origen de Bourdeaux. Fresco y frutal, este blend joven es muy f\u00e1cil de tomar y sumamente agradable, de gran calidad y buen precio. Conozc\u00e1moslo junto a la Sommelier Gaby Guzm\u00e1n.<\/p><p>Martes 20 de febrero 2024.<\/p>\n\t\t\t\t\t<\/div>\n\t\t\t\t\t\t<\/div>\n\t\t\t\t<\/div>\n\t\t\t\t<\/div>\n\t\t<div class=\"elementor-element elementor-element-d718ac0 e-con-full e-flex e-con e-child\" data-id=\"d718ac0\" data-element_type=\"container\" data-e-type=\"container\">\n\t\t\t\t<div class=\"elementor-element elementor-element-537574b elementor-widget elementor-widget-video\" data-id=\"537574b\" data-element_type=\"widget\" data-e-type=\"widget\" data-settings=\"{&quot;youtube_url&quot;:&quot;https:\\\/\\\/www.youtube.com\\\/watch?v=8NNJzXCI1Yk&quot;,&quot;video_type&quot;:&quot;youtube&quot;,&quot;controls&quot;:&quot;yes&quot;}\" data-widget_type=\"video.default\">\n\t\t\t\t<div class=\"elementor-widget-container\">\n\t\t\t\t\t\t\t<div class=\"elementor-wrapper elementor-open-inline\">\n\t\t\t<div class=\"elementor-video\"><\/div>\t\t<\/div>\n\t\t\t\t\t\t<\/div>\n\t\t\t\t<\/div>\n\t\t\t\t<\/div>\n\t\t\t\t\t<\/div>\n\t\t\t\t<\/div>\n\t\t<div class=\"wd-negative-gap elementor-element elementor-element-c69da81 e-flex e-con-boxed e-con e-parent\" data-id=\"c69da81\" data-element_type=\"container\" data-e-type=\"container\">\n\t\t\t\t\t<div class=\"e-con-inner\">\n\t\t<div class=\"elementor-element elementor-element-d7a8e90 e-con-full e-flex e-con e-child\" data-id=\"d7a8e90\" data-element_type=\"container\" data-e-type=\"container\">\n\t\t\t\t<div class=\"elementor-element elementor-element-005d622 elementor-widget elementor-widget-heading\" data-id=\"005d622\" data-element_type=\"widget\" data-e-type=\"widget\" data-widget_type=\"heading.default\">\n\t\t\t\t<div class=\"elementor-widget-container\">\n\t\t\t\t\t<h2 class=\"elementor-heading-title elementor-size-default\">\"Saurus Select Pinot Noir Familia Schroeder\"<\/h2>\t\t\t\t<\/div>\n\t\t\t\t<\/div>\n\t\t\t\t<div class=\"elementor-element elementor-element-9e7aea9 elementor-widget elementor-widget-wd_text_block\" data-id=\"9e7aea9\" data-element_type=\"widget\" data-e-type=\"widget\" data-widget_type=\"wd_text_block.default\">\n\t\t\t\t<div class=\"elementor-widget-container\">\n\t\t\t\t\t\t\t<div class=\"wd-text-block reset-last-child text-center\">\n\t\t\t\n\t\t\t<p>Bodega Familia Schroeder se distingue y especializa en la elaboraci\u00f3n de Pinot Noir con 8 etiquetas de su porfolio en base a la variedad. De las 140 hect\u00e1reas de vi\u00f1edos, 30 ha son de esta cepa y reciben especial cuidado ya que el suelo es sembrado con abonos org\u00e1nicos y naturales \u2013compost- y verdeos como centeno. Saurus Select Pinot Noir es un vino elaborado con uvas provenientes de fincas propias en el valle de San Patricio del Cha\u00f1ar, a 39\u00ba de Latitud Sur, una de las zonas vitivin\u00edcolas m\u00e1s australes del mundo, en la provincia de Neuqu\u00e9n.<\/p><p>Martes 23 enero 2024.<\/p>\n\t\t\t\t\t<\/div>\n\t\t\t\t\t\t<\/div>\n\t\t\t\t<\/div>\n\t\t\t\t<\/div>\n\t\t<div class=\"elementor-element elementor-element-af761a6 e-con-full e-flex e-con e-child\" data-id=\"af761a6\" data-element_type=\"container\" data-e-type=\"container\">\n\t\t\t\t<div class=\"elementor-element elementor-element-e92febb elementor-widget elementor-widget-video\" data-id=\"e92febb\" data-element_type=\"widget\" data-e-type=\"widget\" data-settings=\"{&quot;youtube_url&quot;:&quot;https:\\\/\\\/www.youtube.com\\\/watch?v=FgsfNyb1B7g&amp;t=2099s&quot;,&quot;video_type&quot;:&quot;youtube&quot;,&quot;controls&quot;:&quot;yes&quot;}\" data-widget_type=\"video.default\">\n\t\t\t\t<div class=\"elementor-widget-container\">\n\t\t\t\t\t\t\t<div class=\"elementor-wrapper elementor-open-inline\">\n\t\t\t<div class=\"elementor-video\"><\/div>\t\t<\/div>\n\t\t\t\t\t\t<\/div>\n\t\t\t\t<\/div>\n\t\t\t\t<\/div>\n\t\t\t\t\t<\/div>\n\t\t\t\t<\/div>\n\t\t<div class=\"wd-negative-gap elementor-element elementor-element-209f837 e-flex e-con-boxed e-con e-parent\" data-id=\"209f837\" data-element_type=\"container\" data-e-type=\"container\">\n\t\t\t\t\t<div class=\"e-con-inner\">\n\t\t<div class=\"elementor-element elementor-element-1a4e086 e-con-full e-flex e-con e-child\" data-id=\"1a4e086\" data-element_type=\"container\" data-e-type=\"container\">\n\t\t\t\t<div class=\"elementor-element elementor-element-7c56016 elementor-widget elementor-widget-heading\" data-id=\"7c56016\" data-element_type=\"widget\" data-e-type=\"widget\" data-widget_type=\"heading.default\">\n\t\t\t\t<div class=\"elementor-widget-container\">\n\t\t\t\t\t<h2 class=\"elementor-heading-title elementor-size-default\">\"Emilio Moro Finca Resalso\"<\/h2>\t\t\t\t<\/div>\n\t\t\t\t<\/div>\n\t\t\t\t<div class=\"elementor-element elementor-element-5e23a67 elementor-widget elementor-widget-wd_text_block\" data-id=\"5e23a67\" data-element_type=\"widget\" data-e-type=\"widget\" data-widget_type=\"wd_text_block.default\">\n\t\t\t\t<div class=\"elementor-widget-container\">\n\t\t\t\t\t\t\t<div class=\"wd-text-block reset-last-child text-center\">\n\t\t\t\n\t\t\t<p>\u201cLa versi\u00f3n m\u00e1s fresca y joven de nuestro Tempranillo\u201d. Finca Resalso es un vino joven de Ribera del Duero, elaborado con nuestros vi\u00f1edos de menor edad. Su nombre procede de un vi\u00f1edo hist\u00f3rico que se plant\u00f3 en 1932, a\u00f1o en que naci\u00f3 Emilio Moro. Con el sommelier Jeffrey Zamora.<\/p><p>Martes 9 de enero 2024.<\/p>\n\t\t\t\t\t<\/div>\n\t\t\t\t\t\t<\/div>\n\t\t\t\t<\/div>\n\t\t\t\t<\/div>\n\t\t<div class=\"elementor-element elementor-element-842db94 e-con-full e-flex e-con e-child\" data-id=\"842db94\" data-element_type=\"container\" data-e-type=\"container\">\n\t\t\t\t<div class=\"elementor-element elementor-element-93e8509 elementor-widget elementor-widget-video\" data-id=\"93e8509\" data-element_type=\"widget\" data-e-type=\"widget\" data-settings=\"{&quot;youtube_url&quot;:&quot;https:\\\/\\\/www.youtube.com\\\/watch?v=XfxwH1cu-Y8&amp;t=1097s&quot;,&quot;video_type&quot;:&quot;youtube&quot;,&quot;controls&quot;:&quot;yes&quot;}\" data-widget_type=\"video.default\">\n\t\t\t\t<div class=\"elementor-widget-container\">\n\t\t\t\t\t\t\t<div class=\"elementor-wrapper elementor-open-inline\">\n\t\t\t<div class=\"elementor-video\"><\/div>\t\t<\/div>\n\t\t\t\t\t\t<\/div>\n\t\t\t\t<\/div>\n\t\t\t\t<\/div>\n\t\t\t\t\t<\/div>\n\t\t\t\t<\/div>\n\t\t<div class=\"wd-negative-gap elementor-element elementor-element-45cc42a e-flex e-con-boxed e-con e-parent\" data-id=\"45cc42a\" data-element_type=\"container\" data-e-type=\"container\">\n\t\t\t\t\t<div class=\"e-con-inner\">\n\t\t<div class=\"elementor-element elementor-element-39e59cd e-con-full e-flex e-con e-child\" data-id=\"39e59cd\" data-element_type=\"container\" data-e-type=\"container\">\n\t\t\t\t<div class=\"elementor-element elementor-element-eafb692 elementor-widget elementor-widget-heading\" data-id=\"eafb692\" data-element_type=\"widget\" data-e-type=\"widget\" data-widget_type=\"heading.default\">\n\t\t\t\t<div class=\"elementor-widget-container\">\n\t\t\t\t\t<h2 class=\"elementor-heading-title elementor-size-default\">\"Vinos Espumosos\"<\/h2>\t\t\t\t<\/div>\n\t\t\t\t<\/div>\n\t\t\t\t<div class=\"elementor-element elementor-element-56f4250 elementor-widget elementor-widget-wd_text_block\" data-id=\"56f4250\" data-element_type=\"widget\" data-e-type=\"widget\" data-widget_type=\"wd_text_block.default\">\n\t\t\t\t<div class=\"elementor-widget-container\">\n\t\t\t\t\t\t\t<div class=\"wd-text-block reset-last-child text-center\">\n\t\t\t\n\t\t\t<p>Este martes 26 de diciembre a las 7 pm, hablaremos de estos vinos, sus variedades, procesos, tipos, y dem\u00e1s datos, que el sommelier Jeffrey Zamora nos compartir\u00e1. Tendremos promociones super especiales para que puedan brindar con sabor y elegancia este fin de a\u00f1o.\u00a0<\/p><p>Martes 26 diciembre 2023.<\/p>\n\t\t\t\t\t<\/div>\n\t\t\t\t\t\t<\/div>\n\t\t\t\t<\/div>\n\t\t\t\t<\/div>\n\t\t<div class=\"elementor-element elementor-element-7f91ab8 e-con-full e-flex e-con e-child\" data-id=\"7f91ab8\" data-element_type=\"container\" data-e-type=\"container\">\n\t\t\t\t<div class=\"elementor-element elementor-element-c716e7d elementor-widget elementor-widget-video\" data-id=\"c716e7d\" data-element_type=\"widget\" data-e-type=\"widget\" data-settings=\"{&quot;youtube_url&quot;:&quot;https:\\\/\\\/www.youtube.com\\\/watch?v=rf_SDag9pe0&amp;t=888s&quot;,&quot;video_type&quot;:&quot;youtube&quot;,&quot;controls&quot;:&quot;yes&quot;}\" data-widget_type=\"video.default\">\n\t\t\t\t<div class=\"elementor-widget-container\">\n\t\t\t\t\t\t\t<div class=\"elementor-wrapper elementor-open-inline\">\n\t\t\t<div class=\"elementor-video\"><\/div>\t\t<\/div>\n\t\t\t\t\t\t<\/div>\n\t\t\t\t<\/div>\n\t\t\t\t<\/div>\n\t\t\t\t\t<\/div>\n\t\t\t\t<\/div>\n\t\t<div class=\"wd-negative-gap elementor-element elementor-element-4fe8c08 e-flex e-con-boxed e-con e-parent\" data-id=\"4fe8c08\" data-element_type=\"container\" data-e-type=\"container\">\n\t\t\t\t\t<div class=\"e-con-inner\">\n\t\t<div class=\"elementor-element elementor-element-beadf8c e-con-full e-flex e-con e-child\" data-id=\"beadf8c\" data-element_type=\"container\" data-e-type=\"container\">\n\t\t\t\t<div class=\"elementor-element elementor-element-0aad8df elementor-widget elementor-widget-heading\" data-id=\"0aad8df\" data-element_type=\"widget\" data-e-type=\"widget\" data-widget_type=\"heading.default\">\n\t\t\t\t<div class=\"elementor-widget-container\">\n\t\t\t\t\t<h2 class=\"elementor-heading-title elementor-size-default\"> \"Pepe Yllera\"<\/h2>\t\t\t\t<\/div>\n\t\t\t\t<\/div>\n\t\t\t\t<div class=\"elementor-element elementor-element-8b45d27 elementor-widget elementor-widget-wd_text_block\" data-id=\"8b45d27\" data-element_type=\"widget\" data-e-type=\"widget\" data-widget_type=\"wd_text_block.default\">\n\t\t\t\t<div class=\"elementor-widget-container\">\n\t\t\t\t\t\t\t<div class=\"wd-text-block reset-last-child text-center\">\n\t\t\t\n\t\t\t<p>Las Bodegas Yllera se fundaron a principios de los 70\u2019s por los hermanos Jes\u00fas y Pepe Yllera, quinta generaci\u00f3n de una familia de viticultores conocidos como \u201cLos Curros\u201d, quienes comenzaron con la elaboraci\u00f3n de los primeros verdejos \u201cmodernos\u201d de Rueda. Desde Espa\u00f1a, Andrea Garc\u00eda Yllera, Brand Ambassador para Latinoam\u00e9rica, nos contar\u00e1 sobre los 3 vinos de su bodega que recientemente llegaron al pa\u00eds.<\/p><p>Martes 19 diciembre 2023.<\/p>\n\t\t\t\t\t<\/div>\n\t\t\t\t\t\t<\/div>\n\t\t\t\t<\/div>\n\t\t\t\t<\/div>\n\t\t<div class=\"elementor-element elementor-element-c5c1028 e-con-full e-flex e-con e-child\" data-id=\"c5c1028\" data-element_type=\"container\" data-e-type=\"container\">\n\t\t\t\t<div class=\"elementor-element elementor-element-57ffd63 elementor-widget elementor-widget-video\" data-id=\"57ffd63\" data-element_type=\"widget\" data-e-type=\"widget\" data-settings=\"{&quot;youtube_url&quot;:&quot;https:\\\/\\\/www.youtube.com\\\/watch?v=vn5_uZPlKlk&amp;t=71s&quot;,&quot;video_type&quot;:&quot;youtube&quot;,&quot;controls&quot;:&quot;yes&quot;}\" data-widget_type=\"video.default\">\n\t\t\t\t<div class=\"elementor-widget-container\">\n\t\t\t\t\t\t\t<div class=\"elementor-wrapper elementor-open-inline\">\n\t\t\t<div class=\"elementor-video\"><\/div>\t\t<\/div>\n\t\t\t\t\t\t<\/div>\n\t\t\t\t<\/div>\n\t\t\t\t<\/div>\n\t\t\t\t\t<\/div>\n\t\t\t\t<\/div>\n\t\t<div class=\"wd-negative-gap elementor-element elementor-element-f48a371 e-flex e-con-boxed e-con e-parent\" data-id=\"f48a371\" data-element_type=\"container\" data-e-type=\"container\">\n\t\t\t\t\t<div class=\"e-con-inner\">\n\t\t<div class=\"elementor-element elementor-element-f84feba e-con-full e-flex e-con e-child\" data-id=\"f84feba\" data-element_type=\"container\" data-e-type=\"container\">\n\t\t\t\t<div class=\"elementor-element elementor-element-57dd08b elementor-widget elementor-widget-heading\" data-id=\"57dd08b\" data-element_type=\"widget\" data-e-type=\"widget\" data-widget_type=\"heading.default\">\n\t\t\t\t<div class=\"elementor-widget-container\">\n\t\t\t\t\t<h2 class=\"elementor-heading-title elementor-size-default\">\"Santa Helena Gran Reserva Carmenere\"<\/h2>\t\t\t\t<\/div>\n\t\t\t\t<\/div>\n\t\t\t\t<div class=\"elementor-element elementor-element-0d18f74 elementor-widget elementor-widget-wd_text_block\" data-id=\"0d18f74\" data-element_type=\"widget\" data-e-type=\"widget\" data-widget_type=\"wd_text_block.default\">\n\t\t\t\t<div class=\"elementor-widget-container\">\n\t\t\t\t\t\t\t<div class=\"wd-text-block reset-last-child text-center\">\n\t\t\t\n\t\t\t<p>A inicios del siglo XX en Chile, un querido vi\u00f1atero cay\u00f3 gravemente enfermo. Su familia y trabajadores se dedicaron a cuidarlo, lo que produjo que su campo sufriera un notable deterioro. Helena, su hija, al ver como el campo perd\u00eda su encanto, se propuso revivir cada parra del valle. Con determinaci\u00f3n y dedicaci\u00f3n logr\u00f3 retornar la calidad; y su padre, una vez recuperado, decidi\u00f3 bautizar sus vinos con el nombre \u201cSanta Helena\u201d. Juntos perfeccionaron y completaron el trabajo enol\u00f3gico, cuyo legado ha perdurado hasta el d\u00eda de hoy. Conozca junto a nuestra invitada, la sommelier Laura Mora, esta particular vi\u00f1a que produce vinos de excelente calidad desde hace 75 a\u00f1os.<\/p><p>Martes 5 de diciembre 2023.<\/p>\n\t\t\t\t\t<\/div>\n\t\t\t\t\t\t<\/div>\n\t\t\t\t<\/div>\n\t\t\t\t<\/div>\n\t\t<div class=\"elementor-element elementor-element-dcf1390 e-con-full e-flex e-con e-child\" data-id=\"dcf1390\" data-element_type=\"container\" data-e-type=\"container\">\n\t\t\t\t<div class=\"elementor-element elementor-element-5e28cb1 elementor-widget elementor-widget-video\" data-id=\"5e28cb1\" data-element_type=\"widget\" data-e-type=\"widget\" data-settings=\"{&quot;youtube_url&quot;:&quot;https:\\\/\\\/www.youtube.com\\\/watch?v=-OM47iaxmHQ&amp;t=3526s&quot;,&quot;video_type&quot;:&quot;youtube&quot;,&quot;controls&quot;:&quot;yes&quot;}\" data-widget_type=\"video.default\">\n\t\t\t\t<div class=\"elementor-widget-container\">\n\t\t\t\t\t\t\t<div class=\"elementor-wrapper elementor-open-inline\">\n\t\t\t<div class=\"elementor-video\"><\/div>\t\t<\/div>\n\t\t\t\t\t\t<\/div>\n\t\t\t\t<\/div>\n\t\t\t\t<\/div>\n\t\t\t\t\t<\/div>\n\t\t\t\t<\/div>\n\t\t<div class=\"wd-negative-gap elementor-element elementor-element-6e43249 e-flex e-con-boxed e-con e-parent\" data-id=\"6e43249\" data-element_type=\"container\" data-e-type=\"container\">\n\t\t\t\t\t<div class=\"e-con-inner\">\n\t\t<div class=\"elementor-element elementor-element-93a9a65 e-con-full e-flex e-con e-child\" data-id=\"93a9a65\" data-element_type=\"container\" data-e-type=\"container\">\n\t\t\t\t<div class=\"elementor-element elementor-element-ddef404 elementor-widget elementor-widget-heading\" data-id=\"ddef404\" data-element_type=\"widget\" data-e-type=\"widget\" data-widget_type=\"heading.default\">\n\t\t\t\t<div class=\"elementor-widget-container\">\n\t\t\t\t\t<h2 class=\"elementor-heading-title elementor-size-default\">\"Escorihuela Gasc\u00f3n - Cabernet Sauvignon\"<\/h2>\t\t\t\t<\/div>\n\t\t\t\t<\/div>\n\t\t\t\t<div class=\"elementor-element elementor-element-56901c3 elementor-widget elementor-widget-wd_text_block\" data-id=\"56901c3\" data-element_type=\"widget\" data-e-type=\"widget\" data-widget_type=\"wd_text_block.default\">\n\t\t\t\t<div class=\"elementor-widget-container\">\n\t\t\t\t\t\t\t<div class=\"wd-text-block reset-last-child text-center\">\n\t\t\t\n\t\t\t<p>Este es el segundo vino que presentaremos de la bodega Escorihuela Gasc\u00f3n, una de las m\u00e1s antiguas de Mendoza, reconocida por expertos como una de las mejores del vino argentino. Conoceremos un Cabernet moderno que refleja las caracter\u00edsticas del terru\u00f1o de Agrelo, uno de los mejores en todo Mendoza. Es sabroso, balanceado, muy placentero y complaciente. Con el sommelier Jeffrey Zamora.<\/p><p>Martes 21 de noviembre 2023.<\/p>\n\t\t\t\t\t<\/div>\n\t\t\t\t\t\t<\/div>\n\t\t\t\t<\/div>\n\t\t\t\t<\/div>\n\t\t<div class=\"elementor-element elementor-element-6497cdd e-con-full e-flex e-con e-child\" data-id=\"6497cdd\" data-element_type=\"container\" data-e-type=\"container\">\n\t\t\t\t<div class=\"elementor-element elementor-element-9864055 elementor-widget elementor-widget-video\" data-id=\"9864055\" data-element_type=\"widget\" data-e-type=\"widget\" data-settings=\"{&quot;youtube_url&quot;:&quot;https:\\\/\\\/www.youtube.com\\\/watch?v=22n7JU4Nl5w&amp;t=4173s&quot;,&quot;video_type&quot;:&quot;youtube&quot;,&quot;controls&quot;:&quot;yes&quot;}\" data-widget_type=\"video.default\">\n\t\t\t\t<div class=\"elementor-widget-container\">\n\t\t\t\t\t\t\t<div class=\"elementor-wrapper elementor-open-inline\">\n\t\t\t<div class=\"elementor-video\"><\/div>\t\t<\/div>\n\t\t\t\t\t\t<\/div>\n\t\t\t\t<\/div>\n\t\t\t\t<\/div>\n\t\t\t\t\t<\/div>\n\t\t\t\t<\/div>\n\t\t<div class=\"wd-negative-gap elementor-element elementor-element-520cb18 e-flex e-con-boxed e-con e-parent\" data-id=\"520cb18\" data-element_type=\"container\" data-e-type=\"container\">\n\t\t\t\t\t<div class=\"e-con-inner\">\n\t\t<div class=\"elementor-element elementor-element-d725e39 e-con-full e-flex e-con e-child\" data-id=\"d725e39\" data-element_type=\"container\" data-e-type=\"container\">\n\t\t\t\t<div class=\"elementor-element elementor-element-8516520 elementor-widget elementor-widget-heading\" data-id=\"8516520\" data-element_type=\"widget\" data-e-type=\"widget\" data-widget_type=\"heading.default\">\n\t\t\t\t<div class=\"elementor-widget-container\">\n\t\t\t\t\t<h2 class=\"elementor-heading-title elementor-size-default\">\"Montes Alpha Syrah\"<\/h2>\t\t\t\t<\/div>\n\t\t\t\t<\/div>\n\t\t\t\t<div class=\"elementor-element elementor-element-b7fb69c elementor-widget elementor-widget-wd_text_block\" data-id=\"b7fb69c\" data-element_type=\"widget\" data-e-type=\"widget\" data-widget_type=\"wd_text_block.default\">\n\t\t\t\t<div class=\"elementor-widget-container\">\n\t\t\t\t\t\t\t<div class=\"wd-text-block reset-last-child text-center\">\n\t\t\t\n\t\t\t<p>Este martes presentaremos el vino pionero que abri\u00f3 el camino a todos los dem\u00e1s vinos premium chilenos, el cual sigue siendo hasta hoy el n\u00famero uno en este nicho. Ha demostrado desde el inicio su credibilidad como productores de vinos premium de clase mundial. Todos los vinos Alpha han recibido 'Top Scoring' y 'Best Value' de la influyente revista Wine Spectator: todo un logro para los vinos chilenos de este nivel de precio. Con el sommelier Jeffrey Zamora.<\/p><p>Martes 7 de noviembre 2023.<\/p>\n\t\t\t\t\t<\/div>\n\t\t\t\t\t\t<\/div>\n\t\t\t\t<\/div>\n\t\t\t\t<\/div>\n\t\t<div class=\"elementor-element elementor-element-1e9a585 e-con-full e-flex e-con e-child\" data-id=\"1e9a585\" data-element_type=\"container\" data-e-type=\"container\">\n\t\t\t\t<div class=\"elementor-element elementor-element-e23aec9 elementor-widget elementor-widget-video\" data-id=\"e23aec9\" data-element_type=\"widget\" data-e-type=\"widget\" data-settings=\"{&quot;youtube_url&quot;:&quot;https:\\\/\\\/www.youtube.com\\\/watch?v=zfqS7-B1h3o&amp;t=987s&quot;,&quot;video_type&quot;:&quot;youtube&quot;,&quot;controls&quot;:&quot;yes&quot;}\" data-widget_type=\"video.default\">\n\t\t\t\t<div class=\"elementor-widget-container\">\n\t\t\t\t\t\t\t<div class=\"elementor-wrapper elementor-open-inline\">\n\t\t\t<div class=\"elementor-video\"><\/div>\t\t<\/div>\n\t\t\t\t\t\t<\/div>\n\t\t\t\t<\/div>\n\t\t\t\t<\/div>\n\t\t\t\t\t<\/div>\n\t\t\t\t<\/div>\n\t\t<div class=\"wd-negative-gap elementor-element elementor-element-825da07 e-flex e-con-boxed e-con e-parent\" data-id=\"825da07\" data-element_type=\"container\" data-e-type=\"container\">\n\t\t\t\t\t<div class=\"e-con-inner\">\n\t\t<div class=\"elementor-element elementor-element-e7ab127 e-con-full e-flex e-con e-child\" data-id=\"e7ab127\" data-element_type=\"container\" data-e-type=\"container\">\n\t\t\t\t<div class=\"elementor-element elementor-element-21a8088 elementor-widget elementor-widget-heading\" data-id=\"21a8088\" data-element_type=\"widget\" data-e-type=\"widget\" data-widget_type=\"heading.default\">\n\t\t\t\t<div class=\"elementor-widget-container\">\n\t\t\t\t\t<h2 class=\"elementor-heading-title elementor-size-default\">\"Vivanco Crianza\"<\/h2>\t\t\t\t<\/div>\n\t\t\t\t<\/div>\n\t\t\t\t<div class=\"elementor-element elementor-element-f4bee46 elementor-widget elementor-widget-wd_text_block\" data-id=\"f4bee46\" data-element_type=\"widget\" data-e-type=\"widget\" data-widget_type=\"wd_text_block.default\">\n\t\t\t\t<div class=\"elementor-widget-container\">\n\t\t\t\t\t\t\t<div class=\"wd-text-block reset-last-child text-center\">\n\t\t\t\n\t\t\t<p>En este nuevo cap\u00edtulo del \u201cABC del Vino\u201d conoceremos un tempranillo de la Bodega Vivanco, la cual est\u00e1 situada en Briones, enclave privilegiado de La Rioja Alta, en las estribaciones de la Sierra de Cantabria y a orillas del r\u00edo Ebro. Una zona de suave microclima y extraordinarios suelos arcillo-calc\u00e1reos, perfectos para crear vinos modernos, atrevidos y con personalidad, que resumen el car\u00e1cter emprendedor e innovador de Bodegas Vivanco. Nuestra sommelier invitada, Laura Mora, nos dar\u00e1 todos los detalles de este interesante vino de crianza.<\/p><p>Martes 24 de octubre 2023.<\/p>\n\t\t\t\t\t<\/div>\n\t\t\t\t\t\t<\/div>\n\t\t\t\t<\/div>\n\t\t\t\t<\/div>\n\t\t<div class=\"elementor-element elementor-element-227059e e-con-full e-flex e-con e-child\" data-id=\"227059e\" data-element_type=\"container\" data-e-type=\"container\">\n\t\t\t\t<div class=\"elementor-element elementor-element-a398a6e elementor-widget elementor-widget-video\" data-id=\"a398a6e\" data-element_type=\"widget\" data-e-type=\"widget\" data-settings=\"{&quot;youtube_url&quot;:&quot;https:\\\/\\\/www.youtube.com\\\/watch?v=jZkCwKWJj8M&amp;t=65s&quot;,&quot;video_type&quot;:&quot;youtube&quot;,&quot;controls&quot;:&quot;yes&quot;}\" data-widget_type=\"video.default\">\n\t\t\t\t<div class=\"elementor-widget-container\">\n\t\t\t\t\t\t\t<div class=\"elementor-wrapper elementor-open-inline\">\n\t\t\t<div class=\"elementor-video\"><\/div>\t\t<\/div>\n\t\t\t\t\t\t<\/div>\n\t\t\t\t<\/div>\n\t\t\t\t<\/div>\n\t\t\t\t\t<\/div>\n\t\t\t\t<\/div>\n\t\t<div class=\"wd-negative-gap elementor-element elementor-element-dae4939 e-flex e-con-boxed e-con e-parent\" data-id=\"dae4939\" data-element_type=\"container\" data-e-type=\"container\">\n\t\t\t\t\t<div class=\"e-con-inner\">\n\t\t<div class=\"elementor-element elementor-element-03ef97d e-con-full e-flex e-con e-child\" data-id=\"03ef97d\" data-element_type=\"container\" data-e-type=\"container\">\n\t\t\t\t<div class=\"elementor-element elementor-element-8f8a16b elementor-widget elementor-widget-heading\" data-id=\"8f8a16b\" data-element_type=\"widget\" data-e-type=\"widget\" data-widget_type=\"heading.default\">\n\t\t\t\t<div class=\"elementor-widget-container\">\n\t\t\t\t\t<h2 class=\"elementor-heading-title elementor-size-default\">\"Familia Gasc\u00f3n \u2013 Torront\u00e9s\"<\/h2>\t\t\t\t<\/div>\n\t\t\t\t<\/div>\n\t\t\t\t<div class=\"elementor-element elementor-element-bd86670 elementor-widget elementor-widget-wd_text_block\" data-id=\"bd86670\" data-element_type=\"widget\" data-e-type=\"widget\" data-widget_type=\"wd_text_block.default\">\n\t\t\t\t<div class=\"elementor-widget-container\">\n\t\t\t\t\t\t\t<div class=\"wd-text-block reset-last-child text-center\">\n\t\t\t\n\t\t\t<p>Don Miguel Escorihuela Gasc\u00f3n, hombre visionario y de gran pasi\u00f3n, dio origen en 1884 a una de las empresas vitivin\u00edcolas de mayor prestigio de la Rep\u00fablica Argentina, adquiriendo el compromiso de elaborar vinos que representen al pa\u00eds mundialmente por su elegancia y calidad. Con sommelier Jeffrey Zamora<\/p><p>Martes 10 de octubre 2023.<\/p>\n\t\t\t\t\t<\/div>\n\t\t\t\t\t\t<\/div>\n\t\t\t\t<\/div>\n\t\t\t\t<\/div>\n\t\t<div class=\"elementor-element elementor-element-ebbe63b e-con-full e-flex e-con e-child\" data-id=\"ebbe63b\" data-element_type=\"container\" data-e-type=\"container\">\n\t\t\t\t<div class=\"elementor-element elementor-element-16c90e8 elementor-widget elementor-widget-video\" data-id=\"16c90e8\" data-element_type=\"widget\" data-e-type=\"widget\" data-settings=\"{&quot;youtube_url&quot;:&quot;https:\\\/\\\/www.youtube.com\\\/watch?v=ekh1RtZDDng&amp;t=1793s&quot;,&quot;video_type&quot;:&quot;youtube&quot;,&quot;controls&quot;:&quot;yes&quot;}\" data-widget_type=\"video.default\">\n\t\t\t\t<div class=\"elementor-widget-container\">\n\t\t\t\t\t\t\t<div class=\"elementor-wrapper elementor-open-inline\">\n\t\t\t<div class=\"elementor-video\"><\/div>\t\t<\/div>\n\t\t\t\t\t\t<\/div>\n\t\t\t\t<\/div>\n\t\t\t\t<\/div>\n\t\t\t\t\t<\/div>\n\t\t\t\t<\/div>\n\t\t<div class=\"wd-negative-gap elementor-element elementor-element-20bad3f e-flex e-con-boxed e-con e-parent\" data-id=\"20bad3f\" data-element_type=\"container\" data-e-type=\"container\">\n\t\t\t\t\t<div class=\"e-con-inner\">\n\t\t<div class=\"elementor-element elementor-element-15b3c9f e-con-full e-flex e-con e-child\" data-id=\"15b3c9f\" data-element_type=\"container\" data-e-type=\"container\">\n\t\t\t\t<div class=\"elementor-element elementor-element-2b69503 elementor-widget elementor-widget-heading\" data-id=\"2b69503\" data-element_type=\"widget\" data-e-type=\"widget\" data-widget_type=\"heading.default\">\n\t\t\t\t<div class=\"elementor-widget-container\">\n\t\t\t\t\t<h2 class=\"elementor-heading-title elementor-size-default\">\"Rutini Cabernet Sauvignon Merlot\"<\/h2>\t\t\t\t<\/div>\n\t\t\t\t<\/div>\n\t\t\t\t<div class=\"elementor-element elementor-element-b40b1f1 elementor-widget elementor-widget-wd_text_block\" data-id=\"b40b1f1\" data-element_type=\"widget\" data-e-type=\"widget\" data-widget_type=\"wd_text_block.default\">\n\t\t\t\t<div class=\"elementor-widget-container\">\n\t\t\t\t\t\t\t<div class=\"wd-text-block reset-last-child text-center\">\n\t\t\t\n\t\t\t<p>Este tinto nace de una mezcla cl\u00e1sica, de dos de las variedades Bordelesas m\u00e1s famosas del mundo. Es un cl\u00e1sico de estas dos nobles variedades. Rutini es una de las marcas de vinos m\u00e1s famosas y antiguas en Argentina, conozca esta presentaci\u00f3n, este martes 26 de setiembre junto al sommelier Jeffrey Zamora.<\/p><p>Martes 26 de setiembre 2023.<\/p>\n\t\t\t\t\t<\/div>\n\t\t\t\t\t\t<\/div>\n\t\t\t\t<\/div>\n\t\t\t\t<\/div>\n\t\t<div class=\"elementor-element elementor-element-1884870 e-con-full e-flex e-con e-child\" data-id=\"1884870\" data-element_type=\"container\" data-e-type=\"container\">\n\t\t\t\t<div class=\"elementor-element elementor-element-8746165 elementor-widget elementor-widget-video\" data-id=\"8746165\" data-element_type=\"widget\" data-e-type=\"widget\" data-settings=\"{&quot;youtube_url&quot;:&quot;https:\\\/\\\/www.youtube.com\\\/watch?v=UNErRZTuQVs&amp;t=4112s&quot;,&quot;video_type&quot;:&quot;youtube&quot;,&quot;controls&quot;:&quot;yes&quot;}\" data-widget_type=\"video.default\">\n\t\t\t\t<div class=\"elementor-widget-container\">\n\t\t\t\t\t\t\t<div class=\"elementor-wrapper elementor-open-inline\">\n\t\t\t<div class=\"elementor-video\"><\/div>\t\t<\/div>\n\t\t\t\t\t\t<\/div>\n\t\t\t\t<\/div>\n\t\t\t\t<\/div>\n\t\t\t\t\t<\/div>\n\t\t\t\t<\/div>\n\t\t<div class=\"wd-negative-gap elementor-element elementor-element-161d0d7 e-flex e-con-boxed e-con e-parent\" data-id=\"161d0d7\" data-element_type=\"container\" data-e-type=\"container\">\n\t\t\t\t\t<div class=\"e-con-inner\">\n\t\t<div class=\"elementor-element elementor-element-94d2587 e-con-full e-flex e-con e-child\" data-id=\"94d2587\" data-element_type=\"container\" data-e-type=\"container\">\n\t\t\t\t<div class=\"elementor-element elementor-element-0a861d1 elementor-widget elementor-widget-heading\" data-id=\"0a861d1\" data-element_type=\"widget\" data-e-type=\"widget\" data-widget_type=\"heading.default\">\n\t\t\t\t<div class=\"elementor-widget-container\">\n\t\t\t\t\t<h2 class=\"elementor-heading-title elementor-size-default\"> \"Altos Las Hormigas\"<\/h2>\t\t\t\t<\/div>\n\t\t\t\t<\/div>\n\t\t\t\t<div class=\"elementor-element elementor-element-aaa4e46 elementor-widget elementor-widget-wd_text_block\" data-id=\"aaa4e46\" data-element_type=\"widget\" data-e-type=\"widget\" data-widget_type=\"wd_text_block.default\">\n\t\t\t\t<div class=\"elementor-widget-container\">\n\t\t\t\t\t\t\t<div class=\"wd-text-block reset-last-child text-center\">\n\t\t\t\n\t\t\t<p>Bienvenid@s al primer programa creado especialmente para los en\u00f3filos de Costa Rica. El ABC del vino, iniciar\u00e1 este martes 12 de setiembre a las 7 pm, estar\u00e1 a cargo del sommelier Jeffrey Zamora. Nuestro primer cap\u00edtulo estar\u00e1 dedicado a un vino de Mendoza, Argentina \u201cAltos Las Hormigas\u201d, conoceremos todos los detalles de este, su elaboraci\u00f3n, crianza, etc.<\/p><p>Martes 12 de setiembre 2023.<\/p>\n\t\t\t\t\t<\/div>\n\t\t\t\t\t\t<\/div>\n\t\t\t\t<\/div>\n\t\t\t\t<\/div>\n\t\t<div class=\"elementor-element elementor-element-adbd421 e-con-full e-flex e-con e-child\" data-id=\"adbd421\" data-element_type=\"container\" data-e-type=\"container\">\n\t\t\t\t<div class=\"elementor-element elementor-element-d9cb7db elementor-widget elementor-widget-video\" data-id=\"d9cb7db\" data-element_type=\"widget\" data-e-type=\"widget\" data-settings=\"{&quot;youtube_url&quot;:&quot;https:\\\/\\\/www.youtube.com\\\/watch?v=KH-3KkF_Qvc&amp;t=57s&quot;,&quot;video_type&quot;:&quot;youtube&quot;,&quot;controls&quot;:&quot;yes&quot;}\" data-widget_type=\"video.default\">\n\t\t\t\t<div class=\"elementor-widget-container\">\n\t\t\t\t\t\t\t<div class=\"elementor-wrapper elementor-open-inline\">\n\t\t\t<div class=\"elementor-video\"><\/div>\t\t<\/div>\n\t\t\t\t\t\t<\/div>\n\t\t\t\t<\/div>\n\t\t\t\t<\/div>\n\t\t\t\t\t<\/div>\n\t\t\t\t<\/div>\n\t\t<div class=\"wd-negative-gap elementor-element elementor-element-158543e e-flex e-con-boxed e-con e-parent\" data-id=\"158543e\" data-element_type=\"container\" data-e-type=\"container\">\n\t\t\t\t\t<div class=\"e-con-inner\">\n\t\t<div class=\"elementor-element elementor-element-64dce61 e-con-full e-flex e-con e-child\" data-id=\"64dce61\" data-element_type=\"container\" data-e-type=\"container\">\n\t\t\t\t<div class=\"elementor-element elementor-element-58a2565 elementor-widget elementor-widget-heading\" data-id=\"58a2565\" data-element_type=\"widget\" data-e-type=\"widget\" data-widget_type=\"heading.default\">\n\t\t\t\t<div class=\"elementor-widget-container\">\n\t\t\t\t\t<h2 class=\"elementor-heading-title elementor-size-default\">\"Los Intocables Black Cabernet - Bourbon Barrel\"<\/h2>\t\t\t\t<\/div>\n\t\t\t\t<\/div>\n\t\t\t\t<div class=\"elementor-element elementor-element-3137f01 elementor-widget elementor-widget-wd_text_block\" data-id=\"3137f01\" data-element_type=\"widget\" data-e-type=\"widget\" data-widget_type=\"wd_text_block.default\">\n\t\t\t\t<div class=\"elementor-widget-container\">\n\t\t\t\t\t\t\t<div class=\"wd-text-block reset-last-child text-center\">\n\t\t\t\n\t\t\t<p>Este vino es inspirado en la Ley Seca, una \u00e9poca donde muchas cosas estaban prohibidas, pero para nosotros ahora, lo \u00fanico que est\u00e1 prohibido es madurar vino en barricas tradicionales. \u201cLos Intocables\u201d es un vino diferente, anejado en barricas de bourbon. Conozca el efecto que estas barricas causan en este vino argentino, junto al sommelier y representante de la marca, Gabriel Palma.<\/p><p>Martes 22 de agosto 2023.<\/p>\n\t\t\t\t\t<\/div>\n\t\t\t\t\t\t<\/div>\n\t\t\t\t<\/div>\n\t\t\t\t<\/div>\n\t\t<div class=\"elementor-element elementor-element-62311a1 e-con-full e-flex e-con e-child\" data-id=\"62311a1\" data-element_type=\"container\" data-e-type=\"container\">\n\t\t\t\t<div class=\"elementor-element elementor-element-8ec453b elementor-widget elementor-widget-video\" data-id=\"8ec453b\" data-element_type=\"widget\" data-e-type=\"widget\" data-settings=\"{&quot;youtube_url&quot;:&quot;https:\\\/\\\/www.youtube.com\\\/watch?v=XXMS41O0qnA&quot;,&quot;video_type&quot;:&quot;youtube&quot;,&quot;controls&quot;:&quot;yes&quot;}\" data-widget_type=\"video.default\">\n\t\t\t\t<div class=\"elementor-widget-container\">\n\t\t\t\t\t\t\t<div class=\"elementor-wrapper elementor-open-inline\">\n\t\t\t<div class=\"elementor-video\"><\/div>\t\t<\/div>\n\t\t\t\t\t\t<\/div>\n\t\t\t\t<\/div>\n\t\t\t\t<\/div>\n\t\t\t\t\t<\/div>\n\t\t\t\t<\/div>\n\t\t\t\t<\/div>\n\t\t","protected":false},"excerpt":{"rendered":"<p>&#8220;Convento Oreja Memoria&#8221; Te invitamos a un nuevo episodio de nuestro podcast del vino, donde exploraremos el Convento Oreja Memoria<\/p>\n","protected":false},"author":1,"featured_media":0,"parent":0,"menu_order":0,"comment_status":"closed","ping_status":"closed","template":"","meta":{"footnotes":""},"class_list":["post-16590","page","type-page","status-publish","hentry"],"_links":{"self":[{"href":"https:\/\/lawhiskeria.cr\/index.php?rest_route=\/wp\/v2\/pages\/16590","targetHints":{"allow":["GET"]}}],"collection":[{"href":"https:\/\/lawhiskeria.cr\/index.php?rest_route=\/wp\/v2\/pages"}],"about":[{"href":"https:\/\/lawhiskeria.cr\/index.php?rest_route=\/wp\/v2\/types\/page"}],"author":[{"embeddable":true,"href":"https:\/\/lawhiskeria.cr\/index.php?rest_route=\/wp\/v2\/users\/1"}],"replies":[{"embeddable":true,"href":"https:\/\/lawhiskeria.cr\/index.php?rest_route=%2Fwp%2Fv2%2Fcomments&post=16590"}],"version-history":[{"count":208,"href":"https:\/\/lawhiskeria.cr\/index.php?rest_route=\/wp\/v2\/pages\/16590\/revisions"}],"predecessor-version":[{"id":19932,"href":"https:\/\/lawhiskeria.cr\/index.php?rest_route=\/wp\/v2\/pages\/16590\/revisions\/19932"}],"wp:attachment":[{"href":"https:\/\/lawhiskeria.cr\/index.php?rest_route=%2Fwp%2Fv2%2Fmedia&parent=16590"}],"curies":[{"name":"wp","href":"https:\/\/api.w.org\/{rel}","templated":true}]}}